{"id":4898,"date":"2026-01-21T11:04:39","date_gmt":"2026-01-21T10:04:39","guid":{"rendered":"https:\/\/entetedemo02.fr\/tid\/?page_id=4898"},"modified":"2026-01-27T16:59:32","modified_gmt":"2026-01-27T15:59:32","slug":"infos-pratiques","status":"publish","type":"page","link":"https:\/\/entetedemo02.fr\/tid\/infos-pratiques\/","title":{"rendered":"Infos pratiques"},"content":{"rendered":"\t\t<div data-elementor-type=\"wp-page\" data-elementor-id=\"4898\" class=\"elementor elementor-4898\">\n\t\t\t\t<div class=\"elementor-element elementor-element-22e53a1 e-flex e-con-boxed e-con e-parent\" data-id=\"22e53a1\" data-element_type=\"container\" data-settings=\"{&quot;background_background&quot;:&quot;classic&quot;}\">\n\t\t\t\t\t<div class=\"e-con-inner\">\n\t\t\t\t<div class=\"elementor-element elementor-element-c30a860 elementor-widget elementor-widget-wcf--title\" data-id=\"c30a860\" data-element_type=\"widget\" data-widget_type=\"wcf--title.default\">\n\t\t\t\t<div class=\"elementor-widget-container\">\n\t\t\t\t\t<h1 class=\"wcf--title\">INFOS PRATIQUES<\/h1>\t\t\t\t<\/div>\n\t\t\t\t<\/div>\n\t\t<div class=\"elementor-element elementor-element-73b8001 e-con-full e-flex e-con e-child\" data-id=\"73b8001\" data-element_type=\"container\">\n\t\t\t\t<div class=\"elementor-element elementor-element-486d633 elementor-widget elementor-widget-wcf--button\" data-id=\"486d633\" data-element_type=\"widget\" data-widget_type=\"wcf--button.default\">\n\t\t\t\t<div class=\"elementor-widget-container\">\n\t\t\t\t\t\t\t<div class=\"wcf__btn\">\r\n\t\t\t\t\t\t\t<a href=\"#lebus\" class=\"wcf-btn-default btn-rollover-top\">\r\n\t\t\t\t\t\t\t\t\t\tLe bus du TID\t\t\t\t<\/a>\r\n\t\t\t\t\t\t<\/div>\r\n\t\t\t\t\t\t<\/div>\n\t\t\t\t<\/div>\n\t\t\t\t<div class=\"elementor-element elementor-element-ce0b2d9 elementor-widget elementor-widget-wcf--button\" data-id=\"ce0b2d9\" data-element_type=\"widget\" data-widget_type=\"wcf--button.default\">\n\t\t\t\t<div class=\"elementor-widget-container\">\n\t\t\t\t\t\t\t<div class=\"wcf__btn\">\r\n\t\t\t\t\t\t\t<a href=\"#venir\" class=\"wcf-btn-default btn-rollover-top\">\r\n\t\t\t\t\t\t\t\t\t\tVenir \u00e0 Dirinon\t\t\t\t<\/a>\r\n\t\t\t\t\t\t<\/div>\r\n\t\t\t\t\t\t<\/div>\n\t\t\t\t<\/div>\n\t\t\t\t<div class=\"elementor-element elementor-element-fe37d05 elementor-widget elementor-widget-wcf--button\" data-id=\"fe37d05\" data-element_type=\"widget\" data-widget_type=\"wcf--button.default\">\n\t\t\t\t<div class=\"elementor-widget-container\">\n\t\t\t\t\t\t\t<div class=\"wcf__btn\">\r\n\t\t\t\t\t\t\t<a href=\"#seloger\" class=\"wcf-btn-default btn-rollover-top\">\r\n\t\t\t\t\t\t\t\t\t\tSe loger pr\u00e8s de Dirinon\t\t\t\t<\/a>\r\n\t\t\t\t\t\t<\/div>\r\n\t\t\t\t\t\t<\/div>\n\t\t\t\t<\/div>\n\t\t\t\t<div class=\"elementor-element elementor-element-cebb2c2 elementor-widget elementor-widget-wcf--button\" data-id=\"cebb2c2\" data-element_type=\"widget\" data-widget_type=\"wcf--button.default\">\n\t\t\t\t<div class=\"elementor-widget-container\">\n\t\t\t\t\t\t\t<div class=\"wcf__btn\">\r\n\t\t\t\t\t\t\t<a href=\"#complexe\" class=\"wcf-btn-default btn-rollover-top\">\r\n\t\t\t\t\t\t\t\t\t\tLe complexe sportif\t\t\t\t<\/a>\r\n\t\t\t\t\t\t<\/div>\r\n\t\t\t\t\t\t<\/div>\n\t\t\t\t<\/div>\n\t\t\t\t<\/div>\n\t\t\t\t\t<\/div>\n\t\t\t\t<\/div>\n\t\t<div class=\"elementor-element elementor-element-bd5ad91 e-flex e-con-boxed e-con e-parent\" data-id=\"bd5ad91\" data-element_type=\"container\" data-settings=\"{&quot;background_background&quot;:&quot;classic&quot;}\">\n\t\t\t\t\t<div class=\"e-con-inner\">\n\t\t\t\t<div class=\"elementor-element elementor-element-07dd0da elementor-widget elementor-widget-menu-anchor\" data-id=\"07dd0da\" data-element_type=\"widget\" data-widget_type=\"menu-anchor.default\">\n\t\t\t\t<div class=\"elementor-widget-container\">\n\t\t\t\t\t\t\t<div class=\"elementor-menu-anchor\" id=\"lebus\"><\/div>\n\t\t\t\t\t\t<\/div>\n\t\t\t\t<\/div>\n\t\t<div class=\"elementor-element elementor-element-49bd79c e-con-full e-flex e-con e-child\" data-id=\"49bd79c\" data-element_type=\"container\" data-settings=\"{&quot;background_background&quot;:&quot;classic&quot;}\">\n\t\t\t\t<div class=\"elementor-element elementor-element-67bf155 elementor-widget elementor-widget-wcf--title\" data-id=\"67bf155\" data-element_type=\"widget\" data-widget_type=\"wcf--title.default\">\n\t\t\t\t<div class=\"elementor-widget-container\">\n\t\t\t\t\t<h3 class=\"prefix_on_normal wcf--title\">Le bus du TID<\/h3>\t\t\t\t<\/div>\n\t\t\t\t<\/div>\n\t\t<div class=\"elementor-element elementor-element-cfdeffc e-con-full e-flex e-con e-child\" data-id=\"cfdeffc\" data-element_type=\"container\">\n\t\t\t\t<div class=\"elementor-element elementor-element-40c4e5d elementor-widget__width-initial elementor-widget-mobile_extra__width-initial elementor-widget elementor-widget-image\" data-id=\"40c4e5d\" data-element_type=\"widget\" data-widget_type=\"image.default\">\n\t\t\t\t<div class=\"elementor-widget-container\">\n\t\t\t\t\t\t\t\t\t\t\t\t\t\t\t<img fetchpriority=\"high\" decoding=\"async\" width=\"768\" height=\"644\" src=\"https:\/\/entetedemo02.fr\/tid\/wp-content\/uploads\/2026\/01\/1-768x644-1.png\" class=\"attachment-large size-large wp-image-4900\" alt=\"\" srcset=\"https:\/\/entetedemo02.fr\/tid\/wp-content\/uploads\/2026\/01\/1-768x644-1.png 768w, https:\/\/entetedemo02.fr\/tid\/wp-content\/uploads\/2026\/01\/1-768x644-1-300x252.png 300w\" sizes=\"(max-width: 768px) 100vw, 768px\" \/>\t\t\t\t\t\t\t\t\t\t\t\t\t\t\t<\/div>\n\t\t\t\t<\/div>\n\t\t\t\t<div class=\"elementor-element elementor-element-8d640db elementor-widget__width-initial elementor-widget-mobile_extra__width-initial elementor-widget elementor-widget-text-editor\" data-id=\"8d640db\" data-element_type=\"widget\" data-widget_type=\"text-editor.default\">\n\t\t\t\t<div class=\"elementor-widget-container\">\n\t\t\t\t\t\t\t\t\t<p>Et si on faisait plus pour la plan\u00e8te ?\u00a0<br \/>Le Tournoi International de Dirinon s\u2019engage depuis des ann\u00e9es pour un \u00e9v\u00e9nement plus responsable !<br \/>Cette ann\u00e9e encore, des navettes GRATUITES desservent les communes voisines pour vous emmener au tournoi en toute simplicit\u00e9 :<br \/>Saint-Divy, La Forest-Landerneau, Landerneau, Pencran, Saint-Urbain, Daoulas, Loperhet\u2026<br \/>Pas besoin de voiture, on vient vous chercher !<br \/>Moins de CO\u2082, plus de foot et de convivialit\u00e9.<br \/>Un petit geste pour vous, un grand pas pour l\u2019environnement !<br \/>Retrouvez les horaires et points de passage ici\u00a0<br \/><br \/>Faites passer le mot, covoiturez, et venez nombreux soutenir votre \u00e9quipe !<\/p>\t\t\t\t\t\t\t\t<\/div>\n\t\t\t\t<\/div>\n\t\t\t\t<\/div>\n\t\t<div class=\"elementor-element elementor-element-9749c67 e-con-full e-flex e-con e-child\" data-id=\"9749c67\" data-element_type=\"container\">\n\t\t\t\t<div class=\"elementor-element elementor-element-83410a1 elementor-widget__width-initial elementor-widget elementor-widget-text-editor\" data-id=\"83410a1\" data-element_type=\"widget\" data-widget_type=\"text-editor.default\">\n\t\t\t\t<div class=\"elementor-widget-container\">\n\t\t\t\t\t\t\t\t\t<p>D\u00e9tails et horraires du BUS du tournoi<\/p><p>\u00e0 venir<\/p>\t\t\t\t\t\t\t\t<\/div>\n\t\t\t\t<\/div>\n\t\t\t\t<div class=\"elementor-element elementor-element-5791f7f elementor-widget__width-initial elementor-widget-mobile_extra__width-initial elementor-widget elementor-widget-image\" data-id=\"5791f7f\" data-element_type=\"widget\" data-widget_type=\"image.default\">\n\t\t\t\t<div class=\"elementor-widget-container\">\n\t\t\t\t\t\t\t\t\t\t\t\t\t\t\t<img decoding=\"async\" width=\"800\" height=\"671\" src=\"https:\/\/entetedemo02.fr\/tid\/wp-content\/uploads\/2026\/01\/3.png\" class=\"attachment-large size-large wp-image-4902\" alt=\"\" srcset=\"https:\/\/entetedemo02.fr\/tid\/wp-content\/uploads\/2026\/01\/3.png 940w, https:\/\/entetedemo02.fr\/tid\/wp-content\/uploads\/2026\/01\/3-300x251.png 300w, https:\/\/entetedemo02.fr\/tid\/wp-content\/uploads\/2026\/01\/3-768x644.png 768w\" sizes=\"(max-width: 800px) 100vw, 800px\" \/>\t\t\t\t\t\t\t\t\t\t\t\t\t\t\t<\/div>\n\t\t\t\t<\/div>\n\t\t\t\t<\/div>\n\t\t\t\t<\/div>\n\t\t\t\t\t<\/div>\n\t\t\t\t<\/div>\n\t\t<div class=\"elementor-element elementor-element-e858c6c e-flex e-con-boxed e-con e-parent\" data-id=\"e858c6c\" data-element_type=\"container\" data-settings=\"{&quot;background_background&quot;:&quot;classic&quot;}\">\n\t\t\t\t\t<div class=\"e-con-inner\">\n\t\t\t\t<div class=\"elementor-element elementor-element-dc1e805 elementor-widget elementor-widget-menu-anchor\" data-id=\"dc1e805\" data-element_type=\"widget\" data-widget_type=\"menu-anchor.default\">\n\t\t\t\t<div class=\"elementor-widget-container\">\n\t\t\t\t\t\t\t<div class=\"elementor-menu-anchor\" id=\"venir\"><\/div>\n\t\t\t\t\t\t<\/div>\n\t\t\t\t<\/div>\n\t\t\t\t<div class=\"elementor-element elementor-element-2b0f706 elementor-widget elementor-widget-wcf--title\" data-id=\"2b0f706\" data-element_type=\"widget\" data-widget_type=\"wcf--title.default\">\n\t\t\t\t<div class=\"elementor-widget-container\">\n\t\t\t\t\t<h3 class=\"prefix_on_normal wcf--title\">Venir \u00e0 Dirinon<\/h3>\t\t\t\t<\/div>\n\t\t\t\t<\/div>\n\t\t\t\t<div class=\"elementor-element elementor-element-611f7f5 elementor-widget__width-initial elementor-widget-mobile_extra__width-initial elementor-widget elementor-widget-text-editor\" data-id=\"611f7f5\" data-element_type=\"widget\" data-widget_type=\"text-editor.default\">\n\t\t\t\t<div class=\"elementor-widget-container\">\n\t\t\t\t\t\t\t\t\t<p>En train, en avion, en voiture\u2026 Les moyens de locomotion sont vari\u00e9s pour rejoindre la pointe du Finist\u00e8re ! Retrouvez ici les transports \u00e0 votre disposition pour Dirinon<\/p>\t\t\t\t\t\t\t\t<\/div>\n\t\t\t\t<\/div>\n\t\t<div class=\"elementor-element elementor-element-f7c59b8 e-con-full e-flex e-con e-child\" data-id=\"f7c59b8\" data-element_type=\"container\" data-settings=\"{&quot;background_background&quot;:&quot;classic&quot;}\">\n\t\t<div class=\"elementor-element elementor-element-7fcff54 e-con-full e-flex e-con e-child\" data-id=\"7fcff54\" data-element_type=\"container\">\n\t\t<div class=\"elementor-element elementor-element-e4b7d25 e-con-full cardteam e-flex e-con e-child\" data-id=\"e4b7d25\" data-element_type=\"container\" data-settings=\"{&quot;background_background&quot;:&quot;classic&quot;}\">\n\t\t\t\t<div class=\"elementor-element elementor-element-7d28f2d elementor-widget elementor-widget-heading\" data-id=\"7d28f2d\" data-element_type=\"widget\" data-widget_type=\"heading.default\">\n\t\t\t\t<div class=\"elementor-widget-container\">\n\t\t\t\t\t<p class=\"elementor-heading-title elementor-size-default\">En voiture<\/p>\t\t\t\t<\/div>\n\t\t\t\t<\/div>\n\t\t\t\t<div class=\"elementor-element elementor-element-e0b9dbb directiondn elementor-widget elementor-widget-text-editor\" data-id=\"e0b9dbb\" data-element_type=\"widget\" data-widget_type=\"text-editor.default\">\n\t\t\t\t<div class=\"elementor-widget-container\">\n\t\t\t\t\t\t\t\t\t<p><strong>Par la N12 de Rennes \u00e0 Dirinon<\/strong><\/p><ul><li>Paris 586 km<\/li><li>Rennes 237 km<\/li><li>Saint Brieuc 138 km<\/li><li>Morlaix 46 km<\/li><\/ul><p><strong>Par la N165 de Nantes \u00e0 Brest<\/strong><\/p><ul><li>Nantes 281 km<\/li><li>Lorient 120 km<\/li><li>Quimper 56 km<\/li><\/ul>\t\t\t\t\t\t\t\t<\/div>\n\t\t\t\t<\/div>\n\t\t\t\t<\/div>\n\t\t<div class=\"elementor-element elementor-element-1f7b8f4 e-con-full cardteam e-flex e-con e-child\" data-id=\"1f7b8f4\" data-element_type=\"container\" data-settings=\"{&quot;background_background&quot;:&quot;classic&quot;}\">\n\t\t\t\t<div class=\"elementor-element elementor-element-15a860b elementor-widget elementor-widget-heading\" data-id=\"15a860b\" data-element_type=\"widget\" data-widget_type=\"heading.default\">\n\t\t\t\t<div class=\"elementor-widget-container\">\n\t\t\t\t\t<p class=\"elementor-heading-title elementor-size-default\">En train<\/p>\t\t\t\t<\/div>\n\t\t\t\t<\/div>\n\t\t\t\t<div class=\"elementor-element elementor-element-55f702b directiondn elementor-widget elementor-widget-text-editor\" data-id=\"55f702b\" data-element_type=\"widget\" data-widget_type=\"text-editor.default\">\n\t\t\t\t<div class=\"elementor-widget-container\">\n\t\t\t\t\t\t\t\t\t<p><strong>Gare de DIRINON-LOPERHET<\/strong><\/p><p>rue dela Gare<br \/>29470 LOPERHET<\/p><p><strong>Gare SNCF LANDERNEAU<\/strong><\/p><p>situ\u00e9 \u00e0 8km de Dirinon<br \/>Place de la gare<br \/>29800 LANDERNEAU<\/p>\t\t\t\t\t\t\t\t<\/div>\n\t\t\t\t<\/div>\n\t\t\t\t<div class=\"elementor-element elementor-element-0278f3b elementor-widget elementor-widget-wcf--button\" data-id=\"0278f3b\" data-element_type=\"widget\" data-widget_type=\"wcf--button.default\">\n\t\t\t\t<div class=\"elementor-widget-container\">\n\t\t\t\t\t\t\t<div class=\"wcf__btn\">\r\n\t\t\t\t\t\t\t<a href=\"https:\/\/www.oui.sncf\/\" target=\"_blank\" class=\"wcf-btn-default btn-rollover-top\">\r\n\t\t\t\t\t\t\t\t\t\t SNCF-VOYAGE\t\t\t\t<\/a>\r\n\t\t\t\t\t\t<\/div>\r\n\t\t\t\t\t\t<\/div>\n\t\t\t\t<\/div>\n\t\t\t\t<div class=\"elementor-element elementor-element-7aba626 elementor-widget elementor-widget-wcf--button\" data-id=\"7aba626\" data-element_type=\"widget\" data-widget_type=\"wcf--button.default\">\n\t\t\t\t<div class=\"elementor-widget-container\">\n\t\t\t\t\t\t\t<div class=\"wcf__btn\">\r\n\t\t\t\t\t\t\t<a href=\"https:\/\/www.ter.sncf.com\/\" target=\"_blank\" class=\"wcf-btn-default btn-rollover-top\">\r\n\t\t\t\t\t\t\t\t\t\t TER-SNCF\t\t\t\t<\/a>\r\n\t\t\t\t\t\t<\/div>\r\n\t\t\t\t\t\t<\/div>\n\t\t\t\t<\/div>\n\t\t\t\t<\/div>\n\t\t<div class=\"elementor-element elementor-element-c1cbb2c e-con-full cardteam e-flex e-con e-child\" data-id=\"c1cbb2c\" data-element_type=\"container\" data-settings=\"{&quot;background_background&quot;:&quot;classic&quot;}\">\n\t\t\t\t<div class=\"elementor-element elementor-element-d566dab elementor-widget elementor-widget-heading\" data-id=\"d566dab\" data-element_type=\"widget\" data-widget_type=\"heading.default\">\n\t\t\t\t<div class=\"elementor-widget-container\">\n\t\t\t\t\t<p class=\"elementor-heading-title elementor-size-default\">En avion<\/p>\t\t\t\t<\/div>\n\t\t\t\t<\/div>\n\t\t\t\t<div class=\"elementor-element elementor-element-3094ea4 directiondn elementor-widget elementor-widget-text-editor\" data-id=\"3094ea4\" data-element_type=\"widget\" data-widget_type=\"text-editor.default\">\n\t\t\t\t<div class=\"elementor-widget-container\">\n\t\t\t\t\t\t\t\t\t<p><strong>A\u00e9roport Brest Bretagne<\/strong><\/p><p>Situ\u00e9 \u00e0 17km de Dirinon<br \/>A\u00e9roport \u2013 29470 GUIPAVAS<br \/>02 98 32 86 00<\/p>\t\t\t\t\t\t\t\t<\/div>\n\t\t\t\t<\/div>\n\t\t\t\t<div class=\"elementor-element elementor-element-763c212 elementor-widget elementor-widget-wcf--button\" data-id=\"763c212\" data-element_type=\"widget\" data-widget_type=\"wcf--button.default\">\n\t\t\t\t<div class=\"elementor-widget-container\">\n\t\t\t\t\t\t\t<div class=\"wcf__btn\">\r\n\t\t\t\t\t\t\t<a href=\"https:\/\/www.brest.aeroport.bzh\/\" target=\"_blank\" class=\"wcf-btn-default btn-rollover-top\">\r\n\t\t\t\t\t\t\t\t\t\tA\u00e9roport de Brest\t\t\t\t<\/a>\r\n\t\t\t\t\t\t<\/div>\r\n\t\t\t\t\t\t<\/div>\n\t\t\t\t<\/div>\n\t\t\t\t<\/div>\n\t\t<div class=\"elementor-element elementor-element-062122a e-con-full cardteam e-flex e-con e-child\" data-id=\"062122a\" data-element_type=\"container\" data-settings=\"{&quot;background_background&quot;:&quot;classic&quot;}\">\n\t\t\t\t<div class=\"elementor-element elementor-element-c178f35 elementor-widget elementor-widget-heading\" data-id=\"c178f35\" data-element_type=\"widget\" data-widget_type=\"heading.default\">\n\t\t\t\t<div class=\"elementor-widget-container\">\n\t\t\t\t\t<p class=\"elementor-heading-title elementor-size-default\">En bateau<\/p>\t\t\t\t<\/div>\n\t\t\t\t<\/div>\n\t\t\t\t<div class=\"elementor-element elementor-element-8e8ed89 directiondn elementor-widget elementor-widget-text-editor\" data-id=\"8e8ed89\" data-element_type=\"widget\" data-widget_type=\"text-editor.default\">\n\t\t\t\t<div class=\"elementor-widget-container\">\n\t\t\t\t\t\t\t\t\t<p><strong>GARE MARITIME<\/strong><\/p><p>Situ\u00e9 \u00e0 51 km de Dirinon<br \/>Port de BLOSCON<br \/>29680 ROSCOFF<\/p><p>Provenance<\/p><ul><li>Plymoutth<\/li><li>Cork<\/li><li>Bilbao<\/li><\/ul>\t\t\t\t\t\t\t\t<\/div>\n\t\t\t\t<\/div>\n\t\t\t\t<div class=\"elementor-element elementor-element-31425af elementor-widget elementor-widget-wcf--button\" data-id=\"31425af\" data-element_type=\"widget\" data-widget_type=\"wcf--button.default\">\n\t\t\t\t<div class=\"elementor-widget-container\">\n\t\t\t\t\t\t\t<div class=\"wcf__btn\">\r\n\t\t\t\t\t\t\t<a href=\"https:\/\/www.brittany-ferries.fr\/\" target=\"_blank\" class=\"wcf-btn-default btn-rollover-top\">\r\n\t\t\t\t\t\t\t\t\t\tBrittany-Ferries\t\t\t\t<\/a>\r\n\t\t\t\t\t\t<\/div>\r\n\t\t\t\t\t\t<\/div>\n\t\t\t\t<\/div>\n\t\t\t\t<\/div>\n\t\t\t\t<\/div>\n\t\t\t\t<\/div>\n\t\t<div class=\"elementor-element elementor-element-c4f6197 e-con-full e-flex e-con e-child\" data-id=\"c4f6197\" data-element_type=\"container\">\n\t\t\t\t<div class=\"elementor-element elementor-element-178dc9f elementor-widget__width-initial elementor-widget elementor-widget-html\" data-id=\"178dc9f\" data-element_type=\"widget\" data-widget_type=\"html.default\">\n\t\t\t\t<div class=\"elementor-widget-container\">\n\t\t\t\t\t<iframe src=\"https:\/\/www.google.com\/maps\/embed?pb=!1m18!1m12!1m3!1d3221.66730904974!2d-4.2835346230220015!3d48.39740997127322!2m3!1f0!2f0!3f0!3m2!1i1024!2i768!4f13.1!3m3!1m2!1s0x4816b5006bdfd83d%3A0x7df0a9db3845a96e!2sComplexe%20Sportif%20DIRINON!5e1!3m2!1sfr!2sfr!4v1768991909007!5m2!1sfr!2sfr\" width=\"600\" height=\"450\" style=\"border:0; border-radius:15px;\" allowfullscreen=\"\" loading=\"lazy\" referrerpolicy=\"no-referrer-when-downgrade\"><\/iframe>\t\t\t\t<\/div>\n\t\t\t\t<\/div>\n\t\t\t\t<div class=\"elementor-element elementor-element-a9458ff elementor-widget__width-initial elementor-widget elementor-widget-text-editor\" data-id=\"a9458ff\" data-element_type=\"widget\" data-widget_type=\"text-editor.default\">\n\t\t\t\t<div class=\"elementor-widget-container\">\n\t\t\t\t\t\t\t\t\t<p><strong>Le complexe sportif<\/strong><\/p><p><strong>Olivier KERDRAON<\/strong><\/p><p>14 Route du stade<\/p><p>29460 DIRINON<\/p>\t\t\t\t\t\t\t\t<\/div>\n\t\t\t\t<\/div>\n\t\t\t\t<\/div>\n\t\t\t\t\t<\/div>\n\t\t\t\t<\/div>\n\t\t<div class=\"elementor-element elementor-element-40b2990 e-flex e-con-boxed e-con e-parent\" data-id=\"40b2990\" data-element_type=\"container\" data-settings=\"{&quot;background_background&quot;:&quot;classic&quot;}\">\n\t\t\t\t\t<div class=\"e-con-inner\">\n\t\t\t\t<div class=\"elementor-element elementor-element-7d0df64 elementor-widget elementor-widget-menu-anchor\" data-id=\"7d0df64\" data-element_type=\"widget\" data-widget_type=\"menu-anchor.default\">\n\t\t\t\t<div class=\"elementor-widget-container\">\n\t\t\t\t\t\t\t<div class=\"elementor-menu-anchor\" id=\"seloger\"><\/div>\n\t\t\t\t\t\t<\/div>\n\t\t\t\t<\/div>\n\t\t\t\t<div class=\"elementor-element elementor-element-edb1e40 elementor-widget elementor-widget-wcf--title\" data-id=\"edb1e40\" data-element_type=\"widget\" data-widget_type=\"wcf--title.default\">\n\t\t\t\t<div class=\"elementor-widget-container\">\n\t\t\t\t\t<h3 class=\"prefix_on_normal wcf--title\">Se loger pr\u00e8s de dirinon<\/h3>\t\t\t\t<\/div>\n\t\t\t\t<\/div>\n\t\t\t\t<div class=\"elementor-element elementor-element-afccb20 elementor-widget__width-initial elementor-widget-mobile_extra__width-initial elementor-widget elementor-widget-text-editor\" data-id=\"afccb20\" data-element_type=\"widget\" data-widget_type=\"text-editor.default\">\n\t\t\t\t<div class=\"elementor-widget-container\">\n\t\t\t\t\t\t\t\t\t<p>Pour une nuit\u00e9e ou le week-end nos h\u00f4teliers partenaires vous accueillent et vous proposent des chambres tout confort. Posez vos valises et profitez pleinement de notre TID !<\/p>\t\t\t\t\t\t\t\t<\/div>\n\t\t\t\t<\/div>\n\t\t\t\t<div class=\"elementor-element elementor-element-d3e43bb elementor-widget elementor-widget-wcf--title\" data-id=\"d3e43bb\" data-element_type=\"widget\" data-widget_type=\"wcf--title.default\">\n\t\t\t\t<div class=\"elementor-widget-container\">\n\t\t\t\t\t<h4 class=\"prefix_on_normal wcf--title\">Hotels pays de Landerneau-Daoulas<\/h4>\t\t\t\t<\/div>\n\t\t\t\t<\/div>\n\t\t<div class=\"elementor-element elementor-element-1783f0a e-con-full e-flex e-con e-child\" data-id=\"1783f0a\" data-element_type=\"container\" data-settings=\"{&quot;background_background&quot;:&quot;classic&quot;}\">\n\t\t<div class=\"elementor-element elementor-element-767c9d9 e-con-full e-flex e-con e-child\" data-id=\"767c9d9\" data-element_type=\"container\">\n\t\t<div class=\"elementor-element elementor-element-b738ffa e-con-full e-flex e-con e-child\" data-id=\"b738ffa\" data-element_type=\"container\" data-settings=\"{&quot;background_background&quot;:&quot;classic&quot;}\">\n\t\t\t\t<div class=\"elementor-element elementor-element-438fc56 elementor-widget__width-inherit hoteldn elementor-widget elementor-widget-image\" data-id=\"438fc56\" data-element_type=\"widget\" data-widget_type=\"image.default\">\n\t\t\t\t<div class=\"elementor-widget-container\">\n\t\t\t\t\t\t\t\t\t\t\t\t\t\t\t<img decoding=\"async\" width=\"680\" height=\"459\" src=\"https:\/\/entetedemo02.fr\/tid\/wp-content\/uploads\/2026\/01\/cithotel-le-clos-du-pontic-facade-landerneau-054031.jpg\" class=\"attachment-full size-full wp-image-4918\" alt=\"\" srcset=\"https:\/\/entetedemo02.fr\/tid\/wp-content\/uploads\/2026\/01\/cithotel-le-clos-du-pontic-facade-landerneau-054031.jpg 680w, https:\/\/entetedemo02.fr\/tid\/wp-content\/uploads\/2026\/01\/cithotel-le-clos-du-pontic-facade-landerneau-054031-300x203.jpg 300w\" sizes=\"(max-width: 680px) 100vw, 680px\" \/>\t\t\t\t\t\t\t\t\t\t\t\t\t\t\t<\/div>\n\t\t\t\t<\/div>\n\t\t\t\t<div class=\"elementor-element elementor-element-1a134b6 elementor-widget elementor-widget-wcf--button\" data-id=\"1a134b6\" data-element_type=\"widget\" data-widget_type=\"wcf--button.default\">\n\t\t\t\t<div class=\"elementor-widget-container\">\n\t\t\t\t\t\t\t<div class=\"wcf__btn icon-position-after\">\r\n\t\t\t\t\t\t\t<a href=\"https:\/\/clos-pontic.com\/\" target=\"_blank\" class=\"wcf-btn-underline\">\r\n\t\t\t\t\t\t\t\t\t\tLE CLOS DU PONTIC\t\t\t\t<\/a>\r\n\t\t\t\t\t\t<\/div>\r\n\t\t\t\t\t\t<\/div>\n\t\t\t\t<\/div>\n\t\t\t\t<div class=\"elementor-element elementor-element-e9e2e29 directiondn elementor-widget elementor-widget-text-editor\" data-id=\"e9e2e29\" data-element_type=\"widget\" data-widget_type=\"text-editor.default\">\n\t\t\t\t<div class=\"elementor-widget-container\">\n\t\t\t\t\t\t\t\t\tAccueil chaleureux dans cet h\u00f4tel situ\u00e9 dans un grand parc, au calme, \u00e0 quelques minutes \u00e0 pied du centre historique de Landerneau et \u00e0 10mn de Dirinon. Cette h\u00f4tel restaurant propose : 32 chambres, 1 restaurant, 2 salles de s\u00e9minaires et 1 parking priv\u00e9 gratuit.\t\t\t\t\t\t\t\t<\/div>\n\t\t\t\t<\/div>\n\t\t\t\t<\/div>\n\t\t<div class=\"elementor-element elementor-element-c5ac4f8 e-con-full e-flex e-con e-child\" data-id=\"c5ac4f8\" data-element_type=\"container\" data-settings=\"{&quot;background_background&quot;:&quot;classic&quot;}\">\n\t\t\t\t<div class=\"elementor-element elementor-element-a7b23a2 elementor-widget__width-inherit hoteldn elementor-widget elementor-widget-image\" data-id=\"a7b23a2\" data-element_type=\"widget\" data-widget_type=\"image.default\">\n\t\t\t\t<div class=\"elementor-widget-container\">\n\t\t\t\t\t\t\t\t\t\t\t\t\t\t\t<img loading=\"lazy\" decoding=\"async\" width=\"680\" height=\"459\" src=\"https:\/\/entetedemo02.fr\/tid\/wp-content\/uploads\/2026\/01\/2025-10-03.webp\" class=\"attachment-full size-full wp-image-4919\" alt=\"\" srcset=\"https:\/\/entetedemo02.fr\/tid\/wp-content\/uploads\/2026\/01\/2025-10-03.webp 680w, https:\/\/entetedemo02.fr\/tid\/wp-content\/uploads\/2026\/01\/2025-10-03-300x203.webp 300w\" sizes=\"(max-width: 680px) 100vw, 680px\" \/>\t\t\t\t\t\t\t\t\t\t\t\t\t\t\t<\/div>\n\t\t\t\t<\/div>\n\t\t\t\t<div class=\"elementor-element elementor-element-aa67a79 elementor-widget elementor-widget-wcf--button\" data-id=\"aa67a79\" data-element_type=\"widget\" data-widget_type=\"wcf--button.default\">\n\t\t\t\t<div class=\"elementor-widget-container\">\n\t\t\t\t\t\t\t<div class=\"wcf__btn icon-position-after\">\r\n\t\t\t\t\t\t\t<a href=\"https:\/\/www.arahotel.fr\/\" target=\"_blank\" class=\"wcf-btn-underline\">\r\n\t\t\t\t\t\t\t\t\t\tARA HOTEL(Landerneau)\t\t\t\t<\/a>\r\n\t\t\t\t\t\t<\/div>\r\n\t\t\t\t\t\t<\/div>\n\t\t\t\t<\/div>\n\t\t\t\t<div class=\"elementor-element elementor-element-8032f31 directiondn elementor-widget elementor-widget-text-editor\" data-id=\"8032f31\" data-element_type=\"widget\" data-widget_type=\"text-editor.default\">\n\t\t\t\t<div class=\"elementor-widget-container\">\n\t\t\t\t\t\t\t\t\t<p>Au premier regard, rien ne distingue particuli\u00e8rement l&rsquo;Ara H\u00f4tel de Landerneau. \u00ab Notre diff\u00e9rence vient de l\u2019int\u00e9rieur. Nous sommes le premier \u00e9tablissement h\u00f4telier de France exploit\u00e9 sous forme d\u2019entreprise adapt\u00e9e, o\u00f9 80 % de nos salari\u00e9s sont en situation de handicap. \u00bb<\/p>\t\t\t\t\t\t\t\t<\/div>\n\t\t\t\t<\/div>\n\t\t\t\t<\/div>\n\t\t<div class=\"elementor-element elementor-element-b36d5ec e-con-full e-flex e-con e-child\" data-id=\"b36d5ec\" data-element_type=\"container\" data-settings=\"{&quot;background_background&quot;:&quot;classic&quot;}\">\n\t\t\t\t<div class=\"elementor-element elementor-element-dbb9cc7 elementor-widget__width-inherit hoteldn elementor-widget elementor-widget-image\" data-id=\"dbb9cc7\" data-element_type=\"widget\" data-widget_type=\"image.default\">\n\t\t\t\t<div class=\"elementor-widget-container\">\n\t\t\t\t\t\t\t\t\t\t\t\t\t\t\t<img loading=\"lazy\" decoding=\"async\" width=\"680\" height=\"459\" src=\"https:\/\/entetedemo02.fr\/tid\/wp-content\/uploads\/2026\/01\/hotel-landerneau-bois-noir_4684_exterior-19301_0.jpg\" class=\"attachment-full size-full wp-image-4917\" alt=\"\" srcset=\"https:\/\/entetedemo02.fr\/tid\/wp-content\/uploads\/2026\/01\/hotel-landerneau-bois-noir_4684_exterior-19301_0.jpg 680w, https:\/\/entetedemo02.fr\/tid\/wp-content\/uploads\/2026\/01\/hotel-landerneau-bois-noir_4684_exterior-19301_0-300x203.jpg 300w\" sizes=\"(max-width: 680px) 100vw, 680px\" \/>\t\t\t\t\t\t\t\t\t\t\t\t\t\t\t<\/div>\n\t\t\t\t<\/div>\n\t\t\t\t<div class=\"elementor-element elementor-element-d753c37 elementor-widget elementor-widget-wcf--button\" data-id=\"d753c37\" data-element_type=\"widget\" data-widget_type=\"wcf--button.default\">\n\t\t\t\t<div class=\"elementor-widget-container\">\n\t\t\t\t\t\t\t<div class=\"wcf__btn icon-position-after\">\r\n\t\t\t\t\t\t\t<a href=\"https:\/\/www.hotel-bb.com\/fr\/hotel\/landerneau-bois-noir?utm_source=googlemaps&#038;utm_medium=fichehotel&#038;utm_campaign=yext\" target=\"_blank\" class=\"wcf-btn-underline\">\r\n\t\t\t\t\t\t\t\t\t\tB&B Hotel\t\t\t\t<\/a>\r\n\t\t\t\t\t\t<\/div>\r\n\t\t\t\t\t\t<\/div>\n\t\t\t\t<\/div>\n\t\t\t\t<div class=\"elementor-element elementor-element-746010f directiondn elementor-widget elementor-widget-text-editor\" data-id=\"746010f\" data-element_type=\"widget\" data-widget_type=\"text-editor.default\">\n\t\t\t\t<div class=\"elementor-widget-container\">\n\t\t\t\t\t\t\t\t\tProfitez d&rsquo;un maximum de confort au meilleur prix . Couettes et oreillers moelleux.Wi-fi Haut d\u00e9bit ,&#8230; sans oublier un bon petit d\u00e9jeuner sucr\u00e9-sal\u00e9 \u00e0 volont\u00e9.L&rsquo;hotel est non-fumeur et acc\u00e9ssible 24\/24.Les ch\u00e9ques Vacances sont accept\u00e9s et les animaux bienvenus!\t\t\t\t\t\t\t\t<\/div>\n\t\t\t\t<\/div>\n\t\t\t\t<\/div>\n\t\t\t\t<\/div>\n\t\t\t\t<div class=\"elementor-element elementor-element-0bc8163 elementor-widget elementor-widget-wcf--title\" data-id=\"0bc8163\" data-element_type=\"widget\" data-widget_type=\"wcf--title.default\">\n\t\t\t\t<div class=\"elementor-widget-container\">\n\t\t\t\t\t<h4 class=\"prefix_on_normal wcf--title\">Hotels BREST METROPOLE\n<\/h4>\t\t\t\t<\/div>\n\t\t\t\t<\/div>\n\t\t<div class=\"elementor-element elementor-element-a1f3d71 e-con-full e-flex e-con e-child\" data-id=\"a1f3d71\" data-element_type=\"container\">\n\t\t<div class=\"elementor-element elementor-element-7b12be3 e-con-full e-flex e-con e-child\" data-id=\"7b12be3\" data-element_type=\"container\" data-settings=\"{&quot;background_background&quot;:&quot;classic&quot;}\">\n\t\t\t\t<div class=\"elementor-element elementor-element-93db709 elementor-widget__width-inherit hoteldn elementor-widget elementor-widget-image\" data-id=\"93db709\" data-element_type=\"widget\" data-widget_type=\"image.default\">\n\t\t\t\t<div class=\"elementor-widget-container\">\n\t\t\t\t\t\t\t\t\t\t\t\t\t\t\t<img loading=\"lazy\" decoding=\"async\" width=\"680\" height=\"459\" src=\"https:\/\/entetedemo02.fr\/tid\/wp-content\/uploads\/2026\/01\/hotel-iroise-brest.jpeg\" class=\"attachment-full size-full wp-image-4920\" alt=\"\" srcset=\"https:\/\/entetedemo02.fr\/tid\/wp-content\/uploads\/2026\/01\/hotel-iroise-brest.jpeg 680w, https:\/\/entetedemo02.fr\/tid\/wp-content\/uploads\/2026\/01\/hotel-iroise-brest-300x203.jpeg 300w\" sizes=\"(max-width: 680px) 100vw, 680px\" \/>\t\t\t\t\t\t\t\t\t\t\t\t\t\t\t<\/div>\n\t\t\t\t<\/div>\n\t\t\t\t<div class=\"elementor-element elementor-element-05f5a3d elementor-widget elementor-widget-wcf--button\" data-id=\"05f5a3d\" data-element_type=\"widget\" data-widget_type=\"wcf--button.default\">\n\t\t\t\t<div class=\"elementor-widget-container\">\n\t\t\t\t\t\t\t<div class=\"wcf__btn icon-position-after\">\r\n\t\t\t\t\t\t\t<a href=\"https:\/\/www.brithotel.fr\/\" target=\"_blank\" class=\"wcf-btn-underline\">\r\n\t\t\t\t\t\t\t\t\t\tBRIT HOTEL<br>(Plougastel-Daoulas)\t\t\t\t<\/a>\r\n\t\t\t\t\t\t<\/div>\r\n\t\t\t\t\t\t<\/div>\n\t\t\t\t<\/div>\n\t\t\t\t<div class=\"elementor-element elementor-element-b015964 directiondn elementor-widget elementor-widget-text-editor\" data-id=\"b015964\" data-element_type=\"widget\" data-widget_type=\"text-editor.default\">\n\t\t\t\t<div class=\"elementor-widget-container\">\n\t\t\t\t\t\t\t\t\tSitu\u00e9 \u00e0 c\u00f4t\u00e9 de champs, cet h\u00f4tel rural \u00e0 l&rsquo;ambiance d\u00e9tendue se trouve \u00e0 10 km de la gare de Brest et de Dirinon.\t\t\t\t\t\t\t\t<\/div>\n\t\t\t\t<\/div>\n\t\t\t\t<\/div>\n\t\t<div class=\"elementor-element elementor-element-a1cd982 e-con-full e-flex e-con e-child\" data-id=\"a1cd982\" data-element_type=\"container\" data-settings=\"{&quot;background_background&quot;:&quot;classic&quot;}\">\n\t\t\t\t<div class=\"elementor-element elementor-element-70dda4c elementor-widget__width-inherit hoteldn elementor-widget elementor-widget-image\" data-id=\"70dda4c\" data-element_type=\"widget\" data-widget_type=\"image.default\">\n\t\t\t\t<div class=\"elementor-widget-container\">\n\t\t\t\t\t\t\t\t\t\t\t\t\t\t\t<img loading=\"lazy\" decoding=\"async\" width=\"680\" height=\"459\" src=\"https:\/\/entetedemo02.fr\/tid\/wp-content\/uploads\/2026\/01\/2ed3d0cf.png\" class=\"attachment-full size-full wp-image-4921\" alt=\"\" srcset=\"https:\/\/entetedemo02.fr\/tid\/wp-content\/uploads\/2026\/01\/2ed3d0cf.png 680w, https:\/\/entetedemo02.fr\/tid\/wp-content\/uploads\/2026\/01\/2ed3d0cf-300x203.png 300w\" sizes=\"(max-width: 680px) 100vw, 680px\" \/>\t\t\t\t\t\t\t\t\t\t\t\t\t\t\t<\/div>\n\t\t\t\t<\/div>\n\t\t\t\t<div class=\"elementor-element elementor-element-ebb16a7 elementor-widget elementor-widget-wcf--button\" data-id=\"ebb16a7\" data-element_type=\"widget\" data-widget_type=\"wcf--button.default\">\n\t\t\t\t<div class=\"elementor-widget-container\">\n\t\t\t\t\t\t\t<div class=\"wcf__btn icon-position-after\">\r\n\t\t\t\t\t\t\t<a href=\"https:\/\/all.accor.com\/hotel\/2491\/index.fr.shtml?dateIn=&#038;nights=&#038;compositions=1&#038;stayplus=false#origin=hotelf1\" target=\"_blank\" class=\"wcf-btn-underline\">\r\n\t\t\t\t\t\t\t\t\t\tHotel F1<br> (Plougastel-Daoulas)\t\t\t\t<\/a>\r\n\t\t\t\t\t\t<\/div>\r\n\t\t\t\t\t\t<\/div>\n\t\t\t\t<\/div>\n\t\t\t\t<\/div>\n\t\t<div class=\"elementor-element elementor-element-2e71425 e-con-full e-flex e-con e-child\" data-id=\"2e71425\" data-element_type=\"container\" data-settings=\"{&quot;background_background&quot;:&quot;classic&quot;}\">\n\t\t\t\t<div class=\"elementor-element elementor-element-0e5dc39 elementor-widget__width-inherit hoteldn elementor-widget elementor-widget-image\" data-id=\"0e5dc39\" data-element_type=\"widget\" data-widget_type=\"image.default\">\n\t\t\t\t<div class=\"elementor-widget-container\">\n\t\t\t\t\t\t\t\t\t\t\t\t\t\t\t<img loading=\"lazy\" decoding=\"async\" width=\"680\" height=\"459\" src=\"https:\/\/entetedemo02.fr\/tid\/wp-content\/uploads\/2026\/01\/250529912.jpg\" class=\"attachment-full size-full wp-image-4922\" alt=\"\" srcset=\"https:\/\/entetedemo02.fr\/tid\/wp-content\/uploads\/2026\/01\/250529912.jpg 680w, https:\/\/entetedemo02.fr\/tid\/wp-content\/uploads\/2026\/01\/250529912-300x203.jpg 300w\" sizes=\"(max-width: 680px) 100vw, 680px\" \/>\t\t\t\t\t\t\t\t\t\t\t\t\t\t\t<\/div>\n\t\t\t\t<\/div>\n\t\t\t\t<div class=\"elementor-element elementor-element-ad43d51 elementor-widget elementor-widget-wcf--button\" data-id=\"ad43d51\" data-element_type=\"widget\" data-widget_type=\"wcf--button.default\">\n\t\t\t\t<div class=\"elementor-widget-container\">\n\t\t\t\t\t\t\t<div class=\"wcf__btn icon-position-after\">\r\n\t\t\t\t\t\t\t<a href=\"https:\/\/all.accor.com\/lien_externe.svlt?goto=fiche_hotel&#038;code_hotel=5042&#038;merchantid=seo-maps-FR-5042&#038;sourceid=aw-cen&#038;utm_medium=seo%20maps&#038;utm_source=google%20Maps&#038;utm_campaign=seo%20maps\" target=\"_blank\" class=\"wcf-btn-underline\">\r\n\t\t\t\t\t\t\t\t\t\tHotel ibis budget<br>(Plougastel-Daoulas)\t\t\t\t<\/a>\r\n\t\t\t\t\t\t<\/div>\r\n\t\t\t\t\t\t<\/div>\n\t\t\t\t<\/div>\n\t\t\t\t<div class=\"elementor-element elementor-element-d6262ce directiondn elementor-widget elementor-widget-text-editor\" data-id=\"d6262ce\" data-element_type=\"widget\" data-widget_type=\"text-editor.default\">\n\t\t\t\t<div class=\"elementor-widget-container\">\n\t\t\t\t\t\t\t\t\tProfitez d&rsquo;un maximum de confort au meilleur prix . Couettes et oreillers moelleux.Wi-fi Haut d\u00e9bit ,&#8230; sans oublier un bon petit d\u00e9jeuner sucr\u00e9-sal\u00e9 \u00e0 volont\u00e9.L&rsquo;hotel est non-fumeur et acc\u00e9ssible 24\/24.Les ch\u00e9ques Vacances sont accept\u00e9s et les animaux bienvenus!\t\t\t\t\t\t\t\t<\/div>\n\t\t\t\t<\/div>\n\t\t\t\t<\/div>\n\t\t<div class=\"elementor-element elementor-element-be8acf1 e-con-full e-flex e-con e-child\" data-id=\"be8acf1\" data-element_type=\"container\" data-settings=\"{&quot;background_background&quot;:&quot;classic&quot;}\">\n\t\t\t\t<div class=\"elementor-element elementor-element-45a5887 elementor-widget__width-inherit hoteldn elementor-widget elementor-widget-image\" data-id=\"45a5887\" data-element_type=\"widget\" data-widget_type=\"image.default\">\n\t\t\t\t<div class=\"elementor-widget-container\">\n\t\t\t\t\t\t\t\t\t\t\t\t\t\t\t<img loading=\"lazy\" decoding=\"async\" width=\"680\" height=\"459\" src=\"https:\/\/entetedemo02.fr\/tid\/wp-content\/uploads\/2026\/01\/hotel-ibis-styles-budget-brest-centre-port-exterieur-16-.jpg\" class=\"attachment-full size-full wp-image-4923\" alt=\"\" srcset=\"https:\/\/entetedemo02.fr\/tid\/wp-content\/uploads\/2026\/01\/hotel-ibis-styles-budget-brest-centre-port-exterieur-16-.jpg 680w, https:\/\/entetedemo02.fr\/tid\/wp-content\/uploads\/2026\/01\/hotel-ibis-styles-budget-brest-centre-port-exterieur-16--300x203.jpg 300w\" sizes=\"(max-width: 680px) 100vw, 680px\" \/>\t\t\t\t\t\t\t\t\t\t\t\t\t\t\t<\/div>\n\t\t\t\t<\/div>\n\t\t\t\t<div class=\"elementor-element elementor-element-a37c6cb elementor-widget elementor-widget-wcf--button\" data-id=\"a37c6cb\" data-element_type=\"widget\" data-widget_type=\"wcf--button.default\">\n\t\t\t\t<div class=\"elementor-widget-container\">\n\t\t\t\t\t\t\t<div class=\"wcf__btn icon-position-after\">\r\n\t\t\t\t\t\t\t<a href=\"https:\/\/www.hotel-styles-brest.com\/\" target=\"_blank\" class=\"wcf-btn-underline\">\r\n\t\t\t\t\t\t\t\t\t\tIBIS Style\/Budget<br>(Brest Centre port)\t\t\t\t<\/a>\r\n\t\t\t\t\t\t<\/div>\r\n\t\t\t\t\t\t<\/div>\n\t\t\t\t<\/div>\n\t\t\t\t<div class=\"elementor-element elementor-element-cad5d70 elementor-widget elementor-widget-text-editor\" data-id=\"cad5d70\" data-element_type=\"widget\" data-widget_type=\"text-editor.default\">\n\t\t\t\t<div class=\"elementor-widget-container\">\n\t\t\t\t\t\t\t\t\t<p>Style*** : -15% sur le tarif affich\u00e9<\/p><p>Budget** : -10% sur le tarif affich\u00e9<\/p>\t\t\t\t\t\t\t\t<\/div>\n\t\t\t\t<\/div>\n\t\t\t\t<div class=\"elementor-element elementor-element-7e1d573 directiondn elementor-widget elementor-widget-text-editor\" data-id=\"7e1d573\" data-element_type=\"widget\" data-widget_type=\"text-editor.default\">\n\t\t\t\t<div class=\"elementor-widget-container\">\n\t\t\t\t\t\t\t\t\tL&rsquo;h\u00f4tel ibis budget et ibis style Brest Centre Port propose diff\u00e9rents types de chambres. Que vous veniez en famille, en couple ou en solo, notre h\u00f4tel r\u00e9pond \u00e0 tous les besoins. Pour vous r\u00e9veiller en douceur, notre buffet satisfait toutes vos envies. Un petit creux ? Nous proposons une gamme d&rsquo;encas disponibles 24 h\/24. Enfin, le bar de l&rsquo;h\u00f4tel vous offre un large choix de boissons pour petits et grands. L&rsquo;h\u00f4tel est situ\u00e9 \u00e0 quelques minutes \u00e0 pied de la salle de spectacle La Car\u00e8ne et du Quartz.\t\t\t\t\t\t\t\t<\/div>\n\t\t\t\t<\/div>\n\t\t\t\t<\/div>\n\t\t\t\t<\/div>\n\t\t\t\t<\/div>\n\t\t\t\t\t<\/div>\n\t\t\t\t<\/div>\n\t\t<div class=\"elementor-element elementor-element-13aad1d e-flex e-con-boxed e-con e-parent\" data-id=\"13aad1d\" data-element_type=\"container\" data-settings=\"{&quot;background_background&quot;:&quot;classic&quot;}\">\n\t\t\t\t\t<div class=\"e-con-inner\">\n\t\t\t\t<div class=\"elementor-element elementor-element-cf5fce5 elementor-widget elementor-widget-menu-anchor\" data-id=\"cf5fce5\" data-element_type=\"widget\" data-widget_type=\"menu-anchor.default\">\n\t\t\t\t<div class=\"elementor-widget-container\">\n\t\t\t\t\t\t\t<div class=\"elementor-menu-anchor\" id=\"complexe\"><\/div>\n\t\t\t\t\t\t<\/div>\n\t\t\t\t<\/div>\n\t\t\t\t<div class=\"elementor-element elementor-element-d70c904 elementor-widget elementor-widget-wcf--title\" data-id=\"d70c904\" data-element_type=\"widget\" data-widget_type=\"wcf--title.default\">\n\t\t\t\t<div class=\"elementor-widget-container\">\n\t\t\t\t\t<h3 class=\"prefix_on_normal wcf--title\">Le complexe sportif<\/h3>\t\t\t\t<\/div>\n\t\t\t\t<\/div>\n\t\t\t\t<div class=\"elementor-element elementor-element-ece8825 elementor-widget__width-initial elementor-widget-mobile_extra__width-initial elementor-widget elementor-widget-text-editor\" data-id=\"ece8825\" data-element_type=\"widget\" data-widget_type=\"text-editor.default\">\n\t\t\t\t<div class=\"elementor-widget-container\">\n\t\t\t\t\t\t\t\t\tLe complexe sportif Olivier Kerdraon se situe dans un \u00e9crin verdoyant et arbor\u00e9, ce qui lui donne un cadre champ\u00eatre et tr\u00e8s appr\u00e9ci\u00e9 par les nombreuses personnes le fr\u00e9quentant chaque ann\u00e9e.\t\t\t\t\t\t\t\t<\/div>\n\t\t\t\t<\/div>\n\t\t\t\t<div class=\"elementor-element elementor-element-c2c4512 elementor-widget-mobile__width-initial elementor-widget elementor-widget-image-carousel\" data-id=\"c2c4512\" data-element_type=\"widget\" data-settings=\"{&quot;navigation&quot;:&quot;none&quot;,&quot;autoplay&quot;:&quot;yes&quot;,&quot;pause_on_hover&quot;:&quot;yes&quot;,&quot;pause_on_interaction&quot;:&quot;yes&quot;,&quot;autoplay_speed&quot;:5000,&quot;infinite&quot;:&quot;yes&quot;,&quot;speed&quot;:500,&quot;image_spacing_custom&quot;:{&quot;unit&quot;:&quot;px&quot;,&quot;size&quot;:20,&quot;sizes&quot;:[]},&quot;image_spacing_custom_widescreen&quot;:{&quot;unit&quot;:&quot;px&quot;,&quot;size&quot;:&quot;&quot;,&quot;sizes&quot;:[]},&quot;image_spacing_custom_laptop&quot;:{&quot;unit&quot;:&quot;px&quot;,&quot;size&quot;:&quot;&quot;,&quot;sizes&quot;:[]},&quot;image_spacing_custom_tablet_extra&quot;:{&quot;unit&quot;:&quot;px&quot;,&quot;size&quot;:&quot;&quot;,&quot;sizes&quot;:[]},&quot;image_spacing_custom_tablet&quot;:{&quot;unit&quot;:&quot;px&quot;,&quot;size&quot;:&quot;&quot;,&quot;sizes&quot;:[]},&quot;image_spacing_custom_mobile_extra&quot;:{&quot;unit&quot;:&quot;px&quot;,&quot;size&quot;:&quot;&quot;,&quot;sizes&quot;:[]},&quot;image_spacing_custom_mobile&quot;:{&quot;unit&quot;:&quot;px&quot;,&quot;size&quot;:&quot;&quot;,&quot;sizes&quot;:[]}}\" data-widget_type=\"image-carousel.default\">\n\t\t\t\t<div class=\"elementor-widget-container\">\n\t\t\t\t\t\t\t<div class=\"elementor-image-carousel-wrapper swiper\" role=\"region\" aria-roledescription=\"carousel\" aria-label=\"Carrousel d\u2019images\" dir=\"ltr\">\n\t\t\t<div class=\"elementor-image-carousel swiper-wrapper\" aria-live=\"off\">\n\t\t\t\t\t\t\t\t<div class=\"swiper-slide\" role=\"group\" aria-roledescription=\"slide\" aria-label=\"1 sur 4\"><figure class=\"swiper-slide-inner\"><img decoding=\"async\" class=\"swiper-slide-image\" src=\"https:\/\/entetedemo02.fr\/tid\/wp-content\/uploads\/2026\/01\/complexe-1-1.webp\" alt=\"complexe-1-1\" \/><\/figure><\/div><div class=\"swiper-slide\" role=\"group\" aria-roledescription=\"slide\" aria-label=\"2 sur 4\"><figure class=\"swiper-slide-inner\"><img decoding=\"async\" class=\"swiper-slide-image\" src=\"https:\/\/entetedemo02.fr\/tid\/wp-content\/uploads\/2026\/01\/complexe-2.webp\" alt=\"complexe-2\" \/><\/figure><\/div><div class=\"swiper-slide\" role=\"group\" aria-roledescription=\"slide\" aria-label=\"3 sur 4\"><figure class=\"swiper-slide-inner\"><img decoding=\"async\" class=\"swiper-slide-image\" src=\"https:\/\/entetedemo02.fr\/tid\/wp-content\/uploads\/2026\/01\/complexe-4.webp\" alt=\"complexe-4\" \/><\/figure><\/div><div class=\"swiper-slide\" role=\"group\" aria-roledescription=\"slide\" aria-label=\"4 sur 4\"><figure class=\"swiper-slide-inner\"><img decoding=\"async\" class=\"swiper-slide-image\" src=\"https:\/\/entetedemo02.fr\/tid\/wp-content\/uploads\/2026\/01\/vue-complexe-3.webp\" alt=\"vue-complexe-3\" \/><\/figure><\/div>\t\t\t<\/div>\n\t\t\t\t\t\t\t\n\t\t\t\t\t\t\t\t\t<\/div>\n\t\t\t\t\t\t<\/div>\n\t\t\t\t<\/div>\n\t\t<div class=\"elementor-element elementor-element-6e5f8b9 e-con-full e-flex e-con e-child\" data-id=\"6e5f8b9\" data-element_type=\"container\" data-settings=\"{&quot;background_background&quot;:&quot;classic&quot;}\">\n\t\t<div class=\"elementor-element elementor-element-a871789 e-con-full e-flex e-con e-child\" data-id=\"a871789\" data-element_type=\"container\">\n\t\t<div class=\"elementor-element elementor-element-8f9f4e9 e-con-full cardteam e-flex e-con e-child\" data-id=\"8f9f4e9\" data-element_type=\"container\" data-settings=\"{&quot;background_background&quot;:&quot;classic&quot;}\">\n\t\t\t\t<div class=\"elementor-element elementor-element-a545cb0 elementor-widget elementor-widget-heading\" data-id=\"a545cb0\" data-element_type=\"widget\" data-widget_type=\"heading.default\">\n\t\t\t\t<div class=\"elementor-widget-container\">\n\t\t\t\t\t<p class=\"elementor-heading-title elementor-size-default\">Terrains<\/p>\t\t\t\t<\/div>\n\t\t\t\t<\/div>\n\t\t\t\t<div class=\"elementor-element elementor-element-8b6bad4 directiondn elementor-widget elementor-widget-text-editor\" data-id=\"8b6bad4\" data-element_type=\"widget\" data-widget_type=\"text-editor.default\">\n\t\t\t\t<div class=\"elementor-widget-container\">\n\t\t\t\t\t\t\t\t\t9 terrains en herbe et 1 petit terrain synth\u00e9tique.\t\t\t\t\t\t\t\t<\/div>\n\t\t\t\t<\/div>\n\t\t\t\t<\/div>\n\t\t<div class=\"elementor-element elementor-element-9b5bcb6 e-con-full cardteam e-flex e-con e-child\" data-id=\"9b5bcb6\" data-element_type=\"container\" data-settings=\"{&quot;background_background&quot;:&quot;classic&quot;}\">\n\t\t\t\t<div class=\"elementor-element elementor-element-840d952 elementor-widget elementor-widget-heading\" data-id=\"840d952\" data-element_type=\"widget\" data-widget_type=\"heading.default\">\n\t\t\t\t<div class=\"elementor-widget-container\">\n\t\t\t\t\t<p class=\"elementor-heading-title elementor-size-default\">Salle<\/p>\t\t\t\t<\/div>\n\t\t\t\t<\/div>\n\t\t\t\t<div class=\"elementor-element elementor-element-2dfbd06 directiondn elementor-widget elementor-widget-text-editor\" data-id=\"2dfbd06\" data-element_type=\"widget\" data-widget_type=\"text-editor.default\">\n\t\t\t\t<div class=\"elementor-widget-container\">\n\t\t\t\t\t\t\t\t\t2 grandes salles: une salle omnisport (qui sert de vestiaire durant le tournoi) &#038; une salle polyvalente (restauration et r\u00e9ception )\t\t\t\t\t\t\t\t<\/div>\n\t\t\t\t<\/div>\n\t\t\t\t<\/div>\n\t\t<div class=\"elementor-element elementor-element-f6ee7c7 e-con-full cardteam e-flex e-con e-child\" data-id=\"f6ee7c7\" data-element_type=\"container\" data-settings=\"{&quot;background_background&quot;:&quot;classic&quot;}\">\n\t\t\t\t<div class=\"elementor-element elementor-element-c00d38d elementor-widget elementor-widget-heading\" data-id=\"c00d38d\" data-element_type=\"widget\" data-widget_type=\"heading.default\">\n\t\t\t\t<div class=\"elementor-widget-container\">\n\t\t\t\t\t<p class=\"elementor-heading-title elementor-size-default\">Vestiaires<\/p>\t\t\t\t<\/div>\n\t\t\t\t<\/div>\n\t\t\t\t<div class=\"elementor-element elementor-element-82b8f56 directiondn elementor-widget elementor-widget-text-editor\" data-id=\"82b8f56\" data-element_type=\"widget\" data-widget_type=\"text-editor.default\">\n\t\t\t\t<div class=\"elementor-widget-container\">\n\t\t\t\t\t\t\t\t\t<p>En plus de la salle omnisports, 10 autres vestiaires sont \u00e0 la disposition des 96 \u00e9quipes.<\/p>\t\t\t\t\t\t\t\t<\/div>\n\t\t\t\t<\/div>\n\t\t\t\t<\/div>\n\t\t<div class=\"elementor-element elementor-element-6069d04 e-con-full cardteam e-flex e-con e-child\" data-id=\"6069d04\" data-element_type=\"container\" data-settings=\"{&quot;background_background&quot;:&quot;classic&quot;}\">\n\t\t\t\t<div class=\"elementor-element elementor-element-90c1de6 elementor-widget elementor-widget-heading\" data-id=\"90c1de6\" data-element_type=\"widget\" data-widget_type=\"heading.default\">\n\t\t\t\t<div class=\"elementor-widget-container\">\n\t\t\t\t\t<p class=\"elementor-heading-title elementor-size-default\">Tribunes<\/p>\t\t\t\t<\/div>\n\t\t\t\t<\/div>\n\t\t\t\t<div class=\"elementor-element elementor-element-875342e directiondn elementor-widget elementor-widget-text-editor\" data-id=\"875342e\" data-element_type=\"widget\" data-widget_type=\"text-editor.default\">\n\t\t\t\t<div class=\"elementor-widget-container\">\n\t\t\t\t\t\t\t\t\t2 tribunes d\u2019une capacit\u00e9 de 850 places (lors du tournoi la tribune principale est mont\u00e9e et d\u00e9mont\u00e9e par nos b\u00e9n\u00e9voles)\t\t\t\t\t\t\t\t<\/div>\n\t\t\t\t<\/div>\n\t\t\t\t<\/div>\n\t\t<div class=\"elementor-element elementor-element-93ae005 e-con-full cardteam e-flex e-con e-child\" data-id=\"93ae005\" data-element_type=\"container\" data-settings=\"{&quot;background_background&quot;:&quot;classic&quot;}\">\n\t\t\t\t<div class=\"elementor-element elementor-element-439c127 elementor-widget elementor-widget-heading\" data-id=\"439c127\" data-element_type=\"widget\" data-widget_type=\"heading.default\">\n\t\t\t\t<div class=\"elementor-widget-container\">\n\t\t\t\t\t<p class=\"elementor-heading-title elementor-size-default\">Parking<\/p>\t\t\t\t<\/div>\n\t\t\t\t<\/div>\n\t\t\t\t<div class=\"elementor-element elementor-element-7025034 directiondn elementor-widget elementor-widget-text-editor\" data-id=\"7025034\" data-element_type=\"widget\" data-widget_type=\"text-editor.default\">\n\t\t\t\t<div class=\"elementor-widget-container\">\n\t\t\t\t\t\t\t\t\t2 tribunes d\u2019une capacit\u00e9 de 850 places (lors du tournoi la tribune principale est mont\u00e9e et d\u00e9mont\u00e9e par nos b\u00e9n\u00e9voles)\t\t\t\t\t\t\t\t<\/div>\n\t\t\t\t<\/div>\n\t\t\t\t<\/div>\n\t\t\t\t<\/div>\n\t\t<div class=\"elementor-element elementor-element-99d3d65 e-con-full e-flex e-con e-child\" data-id=\"99d3d65\" data-element_type=\"container\">\n\t\t\t\t<div class=\"elementor-element elementor-element-bd8e7bb elementor-widget elementor-widget-image\" data-id=\"bd8e7bb\" data-element_type=\"widget\" data-widget_type=\"image.default\">\n\t\t\t\t<div class=\"elementor-widget-container\">\n\t\t\t\t\t\t\t\t\t\t\t\t\t\t\t<img loading=\"lazy\" decoding=\"async\" width=\"595\" height=\"842\" src=\"https:\/\/entetedemo02.fr\/tid\/wp-content\/uploads\/2026\/01\/Complexe-O-Kerdraon-tournoi.png\" class=\"attachment-large size-large wp-image-4927\" alt=\"\" srcset=\"https:\/\/entetedemo02.fr\/tid\/wp-content\/uploads\/2026\/01\/Complexe-O-Kerdraon-tournoi.png 595w, https:\/\/entetedemo02.fr\/tid\/wp-content\/uploads\/2026\/01\/Complexe-O-Kerdraon-tournoi-212x300.png 212w, https:\/\/entetedemo02.fr\/tid\/wp-content\/uploads\/2026\/01\/Complexe-O-Kerdraon-tournoi-300x425.png 300w\" sizes=\"(max-width: 595px) 100vw, 595px\" \/>\t\t\t\t\t\t\t\t\t\t\t\t\t\t\t<\/div>\n\t\t\t\t<\/div>\n\t\t\t\t<\/div>\n\t\t\t\t<\/div>\n\t\t\t\t\t<\/div>\n\t\t\t\t<\/div>\n\t\t\t\t<\/div>\n\t\t","protected":false},"excerpt":{"rendered":"<p>INFOS PRATIQUES Le bus du TID Venir \u00e0 Dirinon Se loger pr\u00e8s de Dirinon Le complexe sportif Le bus du TID Et si on faisait plus pour la plan\u00e8te ?\u00a0Le Tournoi International de Dirinon s\u2019engage depuis des ann\u00e9es pour un \u00e9v\u00e9nement plus responsable !Cette ann\u00e9e encore, des navettes GRATUITES desservent les communes voisines pour vous [&hellip;]<\/p>\n","protected":false},"author":1,"featured_media":0,"parent":0,"menu_order":0,"comment_status":"closed","ping_status":"closed","template":"elementor_header_footer","meta":{"footnotes":""},"class_list":["post-4898","page","type-page","status-publish","hentry"],"_links":{"self":[{"href":"https:\/\/entetedemo02.fr\/tid\/wp-json\/wp\/v2\/pages\/4898","targetHints":{"allow":["GET"]}}],"collection":[{"href":"https:\/\/entetedemo02.fr\/tid\/wp-json\/wp\/v2\/pages"}],"about":[{"href":"https:\/\/entetedemo02.fr\/tid\/wp-json\/wp\/v2\/types\/page"}],"author":[{"embeddable":true,"href":"https:\/\/entetedemo02.fr\/tid\/wp-json\/wp\/v2\/users\/1"}],"replies":[{"embeddable":true,"href":"https:\/\/entetedemo02.fr\/tid\/wp-json\/wp\/v2\/comments?post=4898"}],"version-history":[{"count":0,"href":"https:\/\/entetedemo02.fr\/tid\/wp-json\/wp\/v2\/pages\/4898\/revisions"}],"wp:attachment":[{"href":"https:\/\/entetedemo02.fr\/tid\/wp-json\/wp\/v2\/media?parent=4898"}],"curies":[{"name":"wp","href":"https:\/\/api.w.org\/{rel}","templated":true}]}}