{"id":41254,"date":"2025-09-01T09:04:16","date_gmt":"2025-09-01T07:04:16","guid":{"rendered":"https:\/\/entetedemo02.fr\/godin\/?post_type=services&#038;p=41254"},"modified":"2025-09-01T09:10:54","modified_gmt":"2025-09-01T07:10:54","slug":"lussac","status":"publish","type":"services","link":"https:\/\/entetedemo02.fr\/godin\/services\/lussac\/","title":{"rendered":"LUSSAC"},"content":{"rendered":"\t\t<div data-elementor-type=\"wp-post\" data-elementor-id=\"41254\" class=\"elementor elementor-41254\">\n\t\t\t\t<div class=\"elementor-element elementor-element-7f1cf535 e-flex e-con-boxed e-con e-parent\" data-id=\"7f1cf535\" data-element_type=\"container\">\n\t\t\t\t\t<div class=\"e-con-inner\">\n\t\t\t\t<div class=\"elementor-element elementor-element-021427d elementor-widget__width-initial lte-animation-speed-slow elementor-invisible elementor-widget elementor-widget-image\" data-id=\"021427d\" data-element_type=\"widget\" data-settings=\"{&quot;_animation&quot;:&quot;fadeInUp&quot;}\" data-widget_type=\"image.default\">\n\t\t\t\t<div class=\"elementor-widget-container\">\n\t\t\t\t\t\t\t\t\t\t\t\t\t\t\t<img fetchpriority=\"high\" decoding=\"async\" width=\"1068\" height=\"720\" src=\"https:\/\/entetedemo02.fr\/godin\/wp-content\/uploads\/2025\/09\/lussac-1068x720.webp\" class=\"attachment-ecoheat-blog-full size-ecoheat-blog-full wp-image-41244\" alt=\"\" \/>\t\t\t\t\t\t\t\t\t\t\t\t\t\t\t<\/div>\n\t\t\t\t<\/div>\n\t\t\t\t\t<\/div>\n\t\t\t\t<\/div>\n\t\t<div class=\"elementor-element elementor-element-79e28ee e-flex e-con-boxed e-con e-parent\" data-id=\"79e28ee\" data-element_type=\"container\">\n\t\t\t\t\t<div class=\"e-con-inner\">\n\t\t<div class=\"elementor-element elementor-element-e319ee9 e-con-full e-flex e-con e-child\" data-id=\"e319ee9\" data-element_type=\"container\">\n\t\t\t\t<div class=\"elementor-element elementor-element-c794ef5 elementor-widget elementor-widget-text-editor\" data-id=\"c794ef5\" data-element_type=\"widget\" data-widget_type=\"text-editor.default\">\n\t\t\t\t<div class=\"elementor-widget-container\">\n\t\t\t\t\t\t\t\t\t<p><strong>Description :<\/strong><br \/>Chemin\u00e9e encastr\u00e9e dans<br \/>un coffrage \u00e0 r\u00e9aliser \u00e0 la pose. Fourreau en m\u00e9tal peint noir.<\/p><p><strong>Dimensions du fourreau:<\/strong><br \/>123 x 55 cm<\/p>\t\t\t\t\t\t\t\t<\/div>\n\t\t\t\t<\/div>\n\t\t\t\t<div class=\"elementor-element elementor-element-041eb82 elementor-widget elementor-widget-text-editor\" data-id=\"041eb82\" data-element_type=\"widget\" data-widget_type=\"text-editor.default\">\n\t\t\t\t<div class=\"elementor-widget-container\">\n\t\t\t\t\t\t\t\t\t<p><strong>Foyer pr\u00e9sent\u00e9 :<\/strong><br \/>&#8211; 120<\/p><p>Habillage adaptable \u00e0 tous les foyers 1 vitre de la gamme, renseignez-vous aupr\u00e8s de votre revendeur.<\/p>\t\t\t\t\t\t\t\t<\/div>\n\t\t\t\t<\/div>\n\t\t\t\t<\/div>\n\t\t<div class=\"elementor-element elementor-element-ff95bba e-con-full e-flex e-con e-child\" data-id=\"ff95bba\" data-element_type=\"container\">\n\t\t\t\t<div class=\"elementor-element elementor-element-815978b elementor-widget elementor-widget-text-editor\" data-id=\"815978b\" data-element_type=\"widget\" data-widget_type=\"text-editor.default\">\n\t\t\t\t<div class=\"elementor-widget-container\">\n\t\t\t\t\t\t\t\t\t<p><strong>Mat\u00e9riaux et coloris :<\/strong><\/p><p><strong><img decoding=\"async\" class=\"alignnone size-full wp-image-41087\" src=\"https:\/\/entetedemo02.fr\/godin\/wp-content\/uploads\/2025\/08\/coloris.png\" alt=\"\" width=\"65\" height=\"71\" \/> <\/strong>Acier peint noir haute temp\u00e9rature<\/p>\t\t\t\t\t\t\t\t<\/div>\n\t\t\t\t<\/div>\n\t\t\t\t<\/div>\n\t\t\t\t\t<\/div>\n\t\t\t\t<\/div>\n\t\t\t\t<\/div>\n\t\t","protected":false},"featured_media":41244,"template":"elementor_header_footer","class_list":["post-41254","services","type-services","status-publish","has-post-thumbnail","hentry","services-category-cheminees-inserts"],"_links":{"self":[{"href":"https:\/\/entetedemo02.fr\/godin\/wp-json\/wp\/v2\/services\/41254","targetHints":{"allow":["GET"]}}],"collection":[{"href":"https:\/\/entetedemo02.fr\/godin\/wp-json\/wp\/v2\/services"}],"about":[{"href":"https:\/\/entetedemo02.fr\/godin\/wp-json\/wp\/v2\/types\/services"}],"version-history":[{"count":7,"href":"https:\/\/entetedemo02.fr\/godin\/wp-json\/wp\/v2\/services\/41254\/revisions"}],"predecessor-version":[{"id":41264,"href":"https:\/\/entetedemo02.fr\/godin\/wp-json\/wp\/v2\/services\/41254\/revisions\/41264"}],"wp:featuredmedia":[{"embeddable":true,"href":"https:\/\/entetedemo02.fr\/godin\/wp-json\/wp\/v2\/media\/41244"}],"wp:attachment":[{"href":"https:\/\/entetedemo02.fr\/godin\/wp-json\/wp\/v2\/media?parent=41254"}],"curies":[{"name":"wp","href":"https:\/\/api.w.org\/{rel}","templated":true}]}}