{"id":41223,"date":"2025-08-29T11:14:57","date_gmt":"2025-08-29T09:14:57","guid":{"rendered":"https:\/\/entetedemo02.fr\/godin\/?post_type=services&#038;p=41223"},"modified":"2025-08-29T11:20:03","modified_gmt":"2025-08-29T09:20:03","slug":"vanel","status":"publish","type":"services","link":"https:\/\/entetedemo02.fr\/godin\/services\/vanel\/","title":{"rendered":"VANEL"},"content":{"rendered":"\t\t<div data-elementor-type=\"wp-post\" data-elementor-id=\"41223\" class=\"elementor elementor-41223\">\n\t\t\t\t<div class=\"elementor-element elementor-element-7f1cf535 e-flex e-con-boxed e-con e-parent\" data-id=\"7f1cf535\" data-element_type=\"container\">\n\t\t\t\t\t<div class=\"e-con-inner\">\n\t\t\t\t<div class=\"elementor-element elementor-element-021427d elementor-widget__width-initial lte-animation-speed-slow elementor-invisible elementor-widget elementor-widget-image\" data-id=\"021427d\" data-element_type=\"widget\" data-settings=\"{&quot;_animation&quot;:&quot;fadeInUp&quot;}\" data-widget_type=\"image.default\">\n\t\t\t\t<div class=\"elementor-widget-container\">\n\t\t\t\t\t\t\t\t\t\t\t\t\t\t\t<img fetchpriority=\"high\" decoding=\"async\" width=\"1302\" height=\"1380\" src=\"https:\/\/entetedemo02.fr\/godin\/wp-content\/uploads\/2025\/08\/vanel.webp\" class=\"attachment-full size-full wp-image-41077\" alt=\"\" srcset=\"https:\/\/entetedemo02.fr\/godin\/wp-content\/uploads\/2025\/08\/vanel.webp 1302w, https:\/\/entetedemo02.fr\/godin\/wp-content\/uploads\/2025\/08\/vanel-283x300.webp 283w, https:\/\/entetedemo02.fr\/godin\/wp-content\/uploads\/2025\/08\/vanel-966x1024.webp 966w, https:\/\/entetedemo02.fr\/godin\/wp-content\/uploads\/2025\/08\/vanel-768x814.webp 768w, https:\/\/entetedemo02.fr\/godin\/wp-content\/uploads\/2025\/08\/vanel-500x530.webp 500w, https:\/\/entetedemo02.fr\/godin\/wp-content\/uploads\/2025\/08\/vanel-94x100.webp 94w, https:\/\/entetedemo02.fr\/godin\/wp-content\/uploads\/2025\/08\/vanel-1179x1250.webp 1179w\" sizes=\"(max-width: 1302px) 100vw, 1302px\" \/>\t\t\t\t\t\t\t\t\t\t\t\t\t\t\t<\/div>\n\t\t\t\t<\/div>\n\t\t<div class=\"elementor-element elementor-element-e319ee9 e-con-full e-flex e-con e-child\" data-id=\"e319ee9\" data-element_type=\"container\">\n\t\t\t\t<div class=\"elementor-element elementor-element-c794ef5 elementor-widget elementor-widget-text-editor\" data-id=\"c794ef5\" data-element_type=\"widget\" data-widget_type=\"text-editor.default\">\n\t\t\t\t<div class=\"elementor-widget-container\">\n\t\t\t\t\t\t\t\t\t<p><strong>Description :<\/strong><br \/>Chemin\u00e9e en pierre bleue du Hainaut adoucie. Coffrage \u00e0 r\u00e9aliser \u00e0 la pose.<\/p><p><strong>Dimensions :<\/strong><br \/>L. 110 x H. 86 x P. 70 cm<\/p>\t\t\t\t\t\t\t\t<\/div>\n\t\t\t\t<\/div>\n\t\t\t\t<div class=\"elementor-element elementor-element-2182fc0 elementor-widget elementor-widget-text-editor\" data-id=\"2182fc0\" data-element_type=\"widget\" data-widget_type=\"text-editor.default\">\n\t\t\t\t<div class=\"elementor-widget-container\">\n\t\t\t\t\t\t\t\t\t<p><strong>En option :<\/strong><br \/>Niche lat\u00e9rale en m\u00e9tal peint noir.\u00a0<\/p>\t\t\t\t\t\t\t\t<\/div>\n\t\t\t\t<\/div>\n\t\t\t\t<div class=\"elementor-element elementor-element-041eb82 elementor-widget elementor-widget-text-editor\" data-id=\"041eb82\" data-element_type=\"widget\" data-widget_type=\"text-editor.default\">\n\t\t\t\t<div class=\"elementor-widget-container\">\n\t\t\t\t\t\t\t\t\t<p><strong>Foyer pr\u00e9sent\u00e9 :<\/strong><br \/>&#8211; 70 2V<\/p>\t\t\t\t\t\t\t\t<\/div>\n\t\t\t\t<\/div>\n\t\t\t\t<div class=\"elementor-element elementor-element-815978b elementor-widget elementor-widget-text-editor\" data-id=\"815978b\" data-element_type=\"widget\" data-widget_type=\"text-editor.default\">\n\t\t\t\t<div class=\"elementor-widget-container\">\n\t\t\t\t\t\t\t\t\t<p><strong>Mat\u00e9riaux et coloris :<\/strong><\/p><p><strong><img decoding=\"async\" class=\"alignnone wp-image-41140 size-full\" src=\"https:\/\/entetedemo02.fr\/godin\/wp-content\/uploads\/2025\/08\/pierre-adoucie.png\" alt=\"\" width=\"62\" height=\"66\" \/> <\/strong>Pierre beleue du Hainaut adoucie<\/p>\t\t\t\t\t\t\t\t<\/div>\n\t\t\t\t<\/div>\n\t\t\t\t<\/div>\n\t\t\t\t\t<\/div>\n\t\t\t\t<\/div>\n\t\t\t\t<\/div>\n\t\t","protected":false},"featured_media":41077,"template":"elementor_header_footer","class_list":["post-41223","services","type-services","status-publish","has-post-thumbnail","hentry","services-category-cheminees-inserts"],"_links":{"self":[{"href":"https:\/\/entetedemo02.fr\/godin\/wp-json\/wp\/v2\/services\/41223","targetHints":{"allow":["GET"]}}],"collection":[{"href":"https:\/\/entetedemo02.fr\/godin\/wp-json\/wp\/v2\/services"}],"about":[{"href":"https:\/\/entetedemo02.fr\/godin\/wp-json\/wp\/v2\/types\/services"}],"version-history":[{"count":6,"href":"https:\/\/entetedemo02.fr\/godin\/wp-json\/wp\/v2\/services\/41223\/revisions"}],"predecessor-version":[{"id":41234,"href":"https:\/\/entetedemo02.fr\/godin\/wp-json\/wp\/v2\/services\/41223\/revisions\/41234"}],"wp:featuredmedia":[{"embeddable":true,"href":"https:\/\/entetedemo02.fr\/godin\/wp-json\/wp\/v2\/media\/41077"}],"wp:attachment":[{"href":"https:\/\/entetedemo02.fr\/godin\/wp-json\/wp\/v2\/media?parent=41223"}],"curies":[{"name":"wp","href":"https:\/\/api.w.org\/{rel}","templated":true}]}}