{"id":41222,"date":"2025-08-29T11:12:05","date_gmt":"2025-08-29T09:12:05","guid":{"rendered":"https:\/\/entetedemo02.fr\/godin\/?post_type=services&#038;p=41222"},"modified":"2025-08-29T11:14:39","modified_gmt":"2025-08-29T09:14:39","slug":"daignac","status":"publish","type":"services","link":"https:\/\/entetedemo02.fr\/godin\/services\/daignac\/","title":{"rendered":"DAIGNAC"},"content":{"rendered":"\t\t<div data-elementor-type=\"wp-post\" data-elementor-id=\"41222\" class=\"elementor elementor-41222\">\n\t\t\t\t<div class=\"elementor-element elementor-element-7f1cf535 e-flex e-con-boxed e-con e-parent\" data-id=\"7f1cf535\" data-element_type=\"container\">\n\t\t\t\t\t<div class=\"e-con-inner\">\n\t\t\t\t<div class=\"elementor-element elementor-element-021427d elementor-widget__width-initial lte-animation-speed-slow elementor-invisible elementor-widget elementor-widget-image\" data-id=\"021427d\" data-element_type=\"widget\" data-settings=\"{&quot;_animation&quot;:&quot;fadeInUp&quot;}\" data-widget_type=\"image.default\">\n\t\t\t\t<div class=\"elementor-widget-container\">\n\t\t\t\t\t\t\t\t\t\t\t\t\t\t\t<img fetchpriority=\"high\" decoding=\"async\" width=\"1938\" height=\"1340\" src=\"https:\/\/entetedemo02.fr\/godin\/wp-content\/uploads\/2025\/08\/daignac.webp\" class=\"attachment-full size-full wp-image-41062\" alt=\"\" srcset=\"https:\/\/entetedemo02.fr\/godin\/wp-content\/uploads\/2025\/08\/daignac.webp 1938w, https:\/\/entetedemo02.fr\/godin\/wp-content\/uploads\/2025\/08\/daignac-300x207.webp 300w, https:\/\/entetedemo02.fr\/godin\/wp-content\/uploads\/2025\/08\/daignac-1024x708.webp 1024w, https:\/\/entetedemo02.fr\/godin\/wp-content\/uploads\/2025\/08\/daignac-768x531.webp 768w, https:\/\/entetedemo02.fr\/godin\/wp-content\/uploads\/2025\/08\/daignac-1536x1062.webp 1536w, https:\/\/entetedemo02.fr\/godin\/wp-content\/uploads\/2025\/08\/daignac-500x346.webp 500w, https:\/\/entetedemo02.fr\/godin\/wp-content\/uploads\/2025\/08\/daignac-100x69.webp 100w, https:\/\/entetedemo02.fr\/godin\/wp-content\/uploads\/2025\/08\/daignac-1250x864.webp 1250w\" sizes=\"(max-width: 1938px) 100vw, 1938px\" \/>\t\t\t\t\t\t\t\t\t\t\t\t\t\t\t<\/div>\n\t\t\t\t<\/div>\n\t\t\t\t\t<\/div>\n\t\t\t\t<\/div>\n\t\t<div class=\"elementor-element elementor-element-79e28ee e-flex e-con-boxed e-con e-parent\" data-id=\"79e28ee\" data-element_type=\"container\">\n\t\t\t\t\t<div class=\"e-con-inner\">\n\t\t<div class=\"elementor-element elementor-element-e319ee9 e-con-full e-flex e-con e-child\" data-id=\"e319ee9\" data-element_type=\"container\">\n\t\t\t\t<div class=\"elementor-element elementor-element-c794ef5 elementor-widget elementor-widget-text-editor\" data-id=\"c794ef5\" data-element_type=\"widget\" data-widget_type=\"text-editor.default\">\n\t\t\t\t<div class=\"elementor-widget-container\">\n\t\t\t\t\t\t\t\t\t<p><strong>Description :<\/strong><br \/>Sur coffrage \u00e0 r\u00e9aliser \u00e0 la pose, cette chemin\u00e9e est faite d\u2019un cadre, d\u2019une sole foy\u00e8re et d\u2019un plateau en granit blacki anciento, \u00e9galement r\u00e9alisable en granit steel grey l\u00e9tano.<\/p><p><strong>Dimensions :<\/strong><br \/>135 x 70 cm (mod\u00e8le seul sans banquette)<\/p>\t\t\t\t\t\t\t\t<\/div>\n\t\t\t\t<\/div>\n\t\t\t\t<div class=\"elementor-element elementor-element-041eb82 elementor-widget elementor-widget-text-editor\" data-id=\"041eb82\" data-element_type=\"widget\" data-widget_type=\"text-editor.default\">\n\t\t\t\t<div class=\"elementor-widget-container\">\n\t\t\t\t\t\t\t\t\t<p><strong>Foyer pr\u00e9sent\u00e9 :<\/strong><br \/>&#8211; 887 2V<\/p>\t\t\t\t\t\t\t\t<\/div>\n\t\t\t\t<\/div>\n\t\t\t\t<\/div>\n\t\t<div class=\"elementor-element elementor-element-ff95bba e-con-full e-flex e-con e-child\" data-id=\"ff95bba\" data-element_type=\"container\">\n\t\t\t\t<div class=\"elementor-element elementor-element-2182fc0 elementor-widget elementor-widget-text-editor\" data-id=\"2182fc0\" data-element_type=\"widget\" data-widget_type=\"text-editor.default\">\n\t\t\t\t<div class=\"elementor-widget-container\">\n\t\t\t\t\t\t\t\t\t<strong>Conseils d\u00e9co :<\/strong>\n\u00c0 gauche de la chemin\u00e9e, cette banquette avec cellule en m\u00e9lamin\u00e9 blanc et fa\u00e7ade en sense blanc brillant, est r\u00e9alisable sur mesure dans nos ateliers.\nMod\u00e8le pr\u00e9sent\u00e9, dimensions : 187 x 45 cm.\t\t\t\t\t\t\t\t<\/div>\n\t\t\t\t<\/div>\n\t\t\t\t<div class=\"elementor-element elementor-element-815978b elementor-widget elementor-widget-text-editor\" data-id=\"815978b\" data-element_type=\"widget\" data-widget_type=\"text-editor.default\">\n\t\t\t\t<div class=\"elementor-widget-container\">\n\t\t\t\t\t\t\t\t\t<p><strong>Mat\u00e9riaux et coloris :<\/strong><\/p><p><strong><img decoding=\"async\" class=\"alignnone wp-image-41145 size-full\" src=\"https:\/\/entetedemo02.fr\/godin\/wp-content\/uploads\/2025\/08\/granit-grey.png\" alt=\"\" width=\"65\" height=\"64\" \/> <\/strong>Granit steel grey l\u00e9tano<\/p><p><strong><img decoding=\"async\" class=\"alignnone size-full wp-image-41087\" src=\"https:\/\/entetedemo02.fr\/godin\/wp-content\/uploads\/2025\/08\/coloris.png\" alt=\"\" width=\"65\" height=\"71\" \/> <\/strong>Granit blacky anciento<\/p>\t\t\t\t\t\t\t\t<\/div>\n\t\t\t\t<\/div>\n\t\t\t\t<\/div>\n\t\t\t\t\t<\/div>\n\t\t\t\t<\/div>\n\t\t\t\t<\/div>\n\t\t","protected":false},"featured_media":41062,"template":"elementor_header_footer","class_list":["post-41222","services","type-services","status-publish","has-post-thumbnail","hentry","services-category-cheminees-inserts"],"_links":{"self":[{"href":"https:\/\/entetedemo02.fr\/godin\/wp-json\/wp\/v2\/services\/41222","targetHints":{"allow":["GET"]}}],"collection":[{"href":"https:\/\/entetedemo02.fr\/godin\/wp-json\/wp\/v2\/services"}],"about":[{"href":"https:\/\/entetedemo02.fr\/godin\/wp-json\/wp\/v2\/types\/services"}],"version-history":[{"count":4,"href":"https:\/\/entetedemo02.fr\/godin\/wp-json\/wp\/v2\/services\/41222\/revisions"}],"predecessor-version":[{"id":41228,"href":"https:\/\/entetedemo02.fr\/godin\/wp-json\/wp\/v2\/services\/41222\/revisions\/41228"}],"wp:featuredmedia":[{"embeddable":true,"href":"https:\/\/entetedemo02.fr\/godin\/wp-json\/wp\/v2\/media\/41062"}],"wp:attachment":[{"href":"https:\/\/entetedemo02.fr\/godin\/wp-json\/wp\/v2\/media?parent=41222"}],"curies":[{"name":"wp","href":"https:\/\/api.w.org\/{rel}","templated":true}]}}