{"id":41192,"date":"2025-08-29T10:43:31","date_gmt":"2025-08-29T08:43:31","guid":{"rendered":"https:\/\/entetedemo02.fr\/godin\/?post_type=services&#038;p=41192"},"modified":"2025-08-29T10:45:50","modified_gmt":"2025-08-29T08:45:50","slug":"bourges","status":"publish","type":"services","link":"https:\/\/entetedemo02.fr\/godin\/services\/bourges\/","title":{"rendered":"BOURGES"},"content":{"rendered":"\t\t<div data-elementor-type=\"wp-post\" data-elementor-id=\"41192\" class=\"elementor elementor-41192\">\n\t\t\t\t<div class=\"elementor-element elementor-element-dbd6ea9 e-flex e-con-boxed e-con e-parent\" data-id=\"dbd6ea9\" data-element_type=\"container\">\n\t\t\t\t\t<div class=\"e-con-inner\">\n\t\t\t\t<div class=\"elementor-element elementor-element-ff023e6 elementor-widget elementor-widget-heading\" data-id=\"ff023e6\" data-element_type=\"widget\" data-widget_type=\"heading.default\">\n\t\t\t\t<div class=\"elementor-widget-container\">\n\t\t\t\t\t<h2 class=\"elementor-heading-title elementor-size-default\">BOURGES<\/h2>\t\t\t\t<\/div>\n\t\t\t\t<\/div>\n\t\t\t\t\t<\/div>\n\t\t\t\t<\/div>\n\t\t<div class=\"elementor-element elementor-element-7f1cf535 e-flex e-con-boxed e-con e-parent\" data-id=\"7f1cf535\" data-element_type=\"container\">\n\t\t\t\t\t<div class=\"e-con-inner\">\n\t\t\t\t<div class=\"elementor-element elementor-element-021427d elementor-widget__width-initial lte-animation-speed-slow elementor-invisible elementor-widget elementor-widget-image\" data-id=\"021427d\" data-element_type=\"widget\" data-settings=\"{&quot;_animation&quot;:&quot;fadeInUp&quot;}\" data-widget_type=\"image.default\">\n\t\t\t\t<div class=\"elementor-widget-container\">\n\t\t\t\t\t\t\t\t\t\t\t\t\t\t\t<img fetchpriority=\"high\" decoding=\"async\" width=\"1939\" height=\"1345\" src=\"https:\/\/entetedemo02.fr\/godin\/wp-content\/uploads\/2025\/08\/bourges.webp\" class=\"attachment-full size-full wp-image-41060\" alt=\"\" srcset=\"https:\/\/entetedemo02.fr\/godin\/wp-content\/uploads\/2025\/08\/bourges.webp 1939w, https:\/\/entetedemo02.fr\/godin\/wp-content\/uploads\/2025\/08\/bourges-300x208.webp 300w, https:\/\/entetedemo02.fr\/godin\/wp-content\/uploads\/2025\/08\/bourges-1024x710.webp 1024w, https:\/\/entetedemo02.fr\/godin\/wp-content\/uploads\/2025\/08\/bourges-768x533.webp 768w, https:\/\/entetedemo02.fr\/godin\/wp-content\/uploads\/2025\/08\/bourges-1536x1065.webp 1536w, https:\/\/entetedemo02.fr\/godin\/wp-content\/uploads\/2025\/08\/bourges-500x347.webp 500w, https:\/\/entetedemo02.fr\/godin\/wp-content\/uploads\/2025\/08\/bourges-100x69.webp 100w, https:\/\/entetedemo02.fr\/godin\/wp-content\/uploads\/2025\/08\/bourges-1250x867.webp 1250w\" sizes=\"(max-width: 1939px) 100vw, 1939px\" \/>\t\t\t\t\t\t\t\t\t\t\t\t\t\t\t<\/div>\n\t\t\t\t<\/div>\n\t\t\t\t\t<\/div>\n\t\t\t\t<\/div>\n\t\t<div class=\"elementor-element elementor-element-79e28ee e-flex e-con-boxed e-con e-parent\" data-id=\"79e28ee\" data-element_type=\"container\">\n\t\t\t\t\t<div class=\"e-con-inner\">\n\t\t<div class=\"elementor-element elementor-element-e319ee9 e-con-full e-flex e-con e-child\" data-id=\"e319ee9\" data-element_type=\"container\">\n\t\t\t\t<div class=\"elementor-element elementor-element-c794ef5 elementor-widget elementor-widget-text-editor\" data-id=\"c794ef5\" data-element_type=\"widget\" data-widget_type=\"text-editor.default\">\n\t\t\t\t<div class=\"elementor-widget-container\">\n\t\t\t\t\t\t\t\t\t<p><strong>Description :<\/strong><br \/>Chemin\u00e9e avec foyer 2 vitres, habill\u00e9 en acier peint noir et sole foy\u00e8re en granit.<\/p><p><strong>Dimensions du cadre :<\/strong><br \/>108,5 x 52,5 cm &#8211; Profondeur coffrage : 67 cm<\/p>\t\t\t\t\t\t\t\t<\/div>\n\t\t\t\t<\/div>\n\t\t\t\t<div class=\"elementor-element elementor-element-041eb82 elementor-widget elementor-widget-text-editor\" data-id=\"041eb82\" data-element_type=\"widget\" data-widget_type=\"text-editor.default\">\n\t\t\t\t<div class=\"elementor-widget-container\">\n\t\t\t\t\t\t\t\t\t<p><strong>Foyer pr\u00e9sent\u00e9 :<\/strong><br \/>&#8211; 887 2V<\/p>\t\t\t\t\t\t\t\t<\/div>\n\t\t\t\t<\/div>\n\t\t\t\t<\/div>\n\t\t<div class=\"elementor-element elementor-element-ff95bba e-con-full e-flex e-con e-child\" data-id=\"ff95bba\" data-element_type=\"container\">\n\t\t\t\t<div class=\"elementor-element elementor-element-2182fc0 elementor-widget elementor-widget-text-editor\" data-id=\"2182fc0\" data-element_type=\"widget\" data-widget_type=\"text-editor.default\">\n\t\t\t\t<div class=\"elementor-widget-container\">\n\t\t\t\t\t\t\t\t\t<p><strong>Conseils d\u00e9co :<\/strong><br \/>Compl\u00e9tez votre chemin\u00e9e avec un am\u00e9nagement bas en m\u00e9lamin\u00e9 b\u00e9ton noir mat et m\u00e9lamin\u00e9 ch\u00eane de Lucombe.<\/p>\t\t\t\t\t\t\t\t<\/div>\n\t\t\t\t<\/div>\n\t\t\t\t<div class=\"elementor-element elementor-element-815978b elementor-widget elementor-widget-text-editor\" data-id=\"815978b\" data-element_type=\"widget\" data-widget_type=\"text-editor.default\">\n\t\t\t\t<div class=\"elementor-widget-container\">\n\t\t\t\t\t\t\t\t\t<p><strong>Mat\u00e9riaux et coloris :<\/strong><\/p><p><strong><img decoding=\"async\" class=\"alignnone size-full wp-image-41087\" src=\"https:\/\/entetedemo02.fr\/godin\/wp-content\/uploads\/2025\/08\/coloris.png\" alt=\"\" width=\"65\" height=\"71\" \/> <\/strong>Acier peint noir haute temp\u00e9rature<\/p><p><strong><img decoding=\"async\" class=\"alignnone size-full wp-image-41087\" src=\"https:\/\/entetedemo02.fr\/godin\/wp-content\/uploads\/2025\/08\/coloris.png\" alt=\"\" width=\"65\" height=\"71\" \/> <\/strong>Granit noir anciento<\/p>\t\t\t\t\t\t\t\t<\/div>\n\t\t\t\t<\/div>\n\t\t\t\t<\/div>\n\t\t\t\t\t<\/div>\n\t\t\t\t<\/div>\n\t\t\t\t<\/div>\n\t\t","protected":false},"featured_media":41060,"template":"elementor_header_footer","class_list":["post-41192","services","type-services","status-publish","has-post-thumbnail","hentry","services-category-cheminees-inserts"],"_links":{"self":[{"href":"https:\/\/entetedemo02.fr\/godin\/wp-json\/wp\/v2\/services\/41192","targetHints":{"allow":["GET"]}}],"collection":[{"href":"https:\/\/entetedemo02.fr\/godin\/wp-json\/wp\/v2\/services"}],"about":[{"href":"https:\/\/entetedemo02.fr\/godin\/wp-json\/wp\/v2\/types\/services"}],"version-history":[{"count":4,"href":"https:\/\/entetedemo02.fr\/godin\/wp-json\/wp\/v2\/services\/41192\/revisions"}],"predecessor-version":[{"id":41196,"href":"https:\/\/entetedemo02.fr\/godin\/wp-json\/wp\/v2\/services\/41192\/revisions\/41196"}],"wp:featuredmedia":[{"embeddable":true,"href":"https:\/\/entetedemo02.fr\/godin\/wp-json\/wp\/v2\/media\/41060"}],"wp:attachment":[{"href":"https:\/\/entetedemo02.fr\/godin\/wp-json\/wp\/v2\/media?parent=41192"}],"curies":[{"name":"wp","href":"https:\/\/api.w.org\/{rel}","templated":true}]}}