{"id":41191,"date":"2025-08-29T11:01:03","date_gmt":"2025-08-29T09:01:03","guid":{"rendered":"https:\/\/entetedemo02.fr\/godin\/?post_type=services&#038;p=41191"},"modified":"2025-08-29T11:03:00","modified_gmt":"2025-08-29T09:03:00","slug":"valieres","status":"publish","type":"services","link":"https:\/\/entetedemo02.fr\/godin\/services\/valieres\/","title":{"rendered":"VALI\u00c8RES"},"content":{"rendered":"\t\t<div data-elementor-type=\"wp-post\" data-elementor-id=\"41191\" class=\"elementor elementor-41191\">\n\t\t\t\t<div class=\"elementor-element elementor-element-7f1cf535 e-flex e-con-boxed e-con e-parent\" data-id=\"7f1cf535\" data-element_type=\"container\">\n\t\t\t\t\t<div class=\"e-con-inner\">\n\t\t\t\t<div class=\"elementor-element elementor-element-021427d elementor-widget__width-initial lte-animation-speed-slow elementor-invisible elementor-widget elementor-widget-image\" data-id=\"021427d\" data-element_type=\"widget\" data-settings=\"{&quot;_animation&quot;:&quot;fadeInUp&quot;}\" data-widget_type=\"image.default\">\n\t\t\t\t<div class=\"elementor-widget-container\">\n\t\t\t\t\t\t\t\t\t\t\t\t\t\t\t<img fetchpriority=\"high\" decoding=\"async\" width=\"1570\" height=\"935\" src=\"https:\/\/entetedemo02.fr\/godin\/wp-content\/uploads\/2025\/08\/valiere.webp\" class=\"attachment-full size-full wp-image-41076\" alt=\"\" srcset=\"https:\/\/entetedemo02.fr\/godin\/wp-content\/uploads\/2025\/08\/valiere.webp 1570w, https:\/\/entetedemo02.fr\/godin\/wp-content\/uploads\/2025\/08\/valiere-300x179.webp 300w, https:\/\/entetedemo02.fr\/godin\/wp-content\/uploads\/2025\/08\/valiere-1024x610.webp 1024w, https:\/\/entetedemo02.fr\/godin\/wp-content\/uploads\/2025\/08\/valiere-768x457.webp 768w, https:\/\/entetedemo02.fr\/godin\/wp-content\/uploads\/2025\/08\/valiere-1536x915.webp 1536w, https:\/\/entetedemo02.fr\/godin\/wp-content\/uploads\/2025\/08\/valiere-500x298.webp 500w, https:\/\/entetedemo02.fr\/godin\/wp-content\/uploads\/2025\/08\/valiere-100x60.webp 100w, https:\/\/entetedemo02.fr\/godin\/wp-content\/uploads\/2025\/08\/valiere-1250x744.webp 1250w\" sizes=\"(max-width: 1570px) 100vw, 1570px\" \/>\t\t\t\t\t\t\t\t\t\t\t\t\t\t\t<\/div>\n\t\t\t\t<\/div>\n\t\t\t\t\t<\/div>\n\t\t\t\t<\/div>\n\t\t<div class=\"elementor-element elementor-element-79e28ee e-flex e-con-boxed e-con e-parent\" data-id=\"79e28ee\" data-element_type=\"container\">\n\t\t\t\t\t<div class=\"e-con-inner\">\n\t\t<div class=\"elementor-element elementor-element-e319ee9 e-con-full e-flex e-con e-child\" data-id=\"e319ee9\" data-element_type=\"container\">\n\t\t\t\t<div class=\"elementor-element elementor-element-c794ef5 elementor-widget elementor-widget-text-editor\" data-id=\"c794ef5\" data-element_type=\"widget\" data-widget_type=\"text-editor.default\">\n\t\t\t\t<div class=\"elementor-widget-container\">\n\t\t\t\t\t\t\t\t\t<p><strong>Description :<\/strong><br \/>Chemin\u00e9e en pierre bleue du Hainaut sabl\u00e9e. Pilier et bandeau en m\u00e9tal peint noir. Vous remarquerez la r\u00e9serve \u00e0 b\u00fbches lat\u00e9rale, en harmonie avec votre chemin\u00e9e design et contemporaine.<\/p><p><strong>Dimensions :<\/strong><br \/>180 x 75 x 88 cm<\/p>\t\t\t\t\t\t\t\t<\/div>\n\t\t\t\t<\/div>\n\t\t\t\t<div class=\"elementor-element elementor-element-041eb82 elementor-widget elementor-widget-text-editor\" data-id=\"041eb82\" data-element_type=\"widget\" data-widget_type=\"text-editor.default\">\n\t\t\t\t<div class=\"elementor-widget-container\">\n\t\t\t\t\t\t\t\t\t<p><strong>Foyer pr\u00e9sent\u00e9 :<\/strong><br \/>&#8211; 101 2V<\/p>\t\t\t\t\t\t\t\t<\/div>\n\t\t\t\t<\/div>\n\t\t\t\t<\/div>\n\t\t<div class=\"elementor-element elementor-element-ff95bba e-con-full e-flex e-con e-child\" data-id=\"ff95bba\" data-element_type=\"container\">\n\t\t\t\t<div class=\"elementor-element elementor-element-2182fc0 elementor-widget elementor-widget-text-editor\" data-id=\"2182fc0\" data-element_type=\"widget\" data-widget_type=\"text-editor.default\">\n\t\t\t\t<div class=\"elementor-widget-container\">\n\t\t\t\t\t\t\t\t\t<strong>Conseils d\u00e9co :<\/strong>\nBiblioth\u00e8que sur mesure r\u00e9alisable dans nos ateliers. Consultez votre distributeur.\t\t\t\t\t\t\t\t<\/div>\n\t\t\t\t<\/div>\n\t\t\t\t<div class=\"elementor-element elementor-element-815978b elementor-widget elementor-widget-text-editor\" data-id=\"815978b\" data-element_type=\"widget\" data-widget_type=\"text-editor.default\">\n\t\t\t\t<div class=\"elementor-widget-container\">\n\t\t\t\t\t\t\t\t\t<p><strong>Mat\u00e9riaux et coloris :<\/strong><\/p><p><strong><img decoding=\"async\" class=\"alignnone size-full wp-image-41087\" src=\"https:\/\/entetedemo02.fr\/godin\/wp-content\/uploads\/2025\/08\/coloris.png\" alt=\"\" width=\"65\" height=\"71\" \/> <\/strong>Acier peint noir haute temp\u00e9rature<\/p><p><strong><img decoding=\"async\" class=\"alignnone wp-image-41140 size-full\" src=\"https:\/\/entetedemo02.fr\/godin\/wp-content\/uploads\/2025\/08\/pierre-adoucie.png\" alt=\"\" width=\"62\" height=\"66\" \/> <\/strong>Pierre bleue du Hainaut sabl\u00e9e<\/p>\t\t\t\t\t\t\t\t<\/div>\n\t\t\t\t<\/div>\n\t\t\t\t<\/div>\n\t\t\t\t\t<\/div>\n\t\t\t\t<\/div>\n\t\t\t\t<\/div>\n\t\t","protected":false},"featured_media":41076,"template":"elementor_header_footer","class_list":["post-41191","services","type-services","status-publish","has-post-thumbnail","hentry","services-category-cheminees-inserts"],"_links":{"self":[{"href":"https:\/\/entetedemo02.fr\/godin\/wp-json\/wp\/v2\/services\/41191","targetHints":{"allow":["GET"]}}],"collection":[{"href":"https:\/\/entetedemo02.fr\/godin\/wp-json\/wp\/v2\/services"}],"about":[{"href":"https:\/\/entetedemo02.fr\/godin\/wp-json\/wp\/v2\/types\/services"}],"version-history":[{"count":4,"href":"https:\/\/entetedemo02.fr\/godin\/wp-json\/wp\/v2\/services\/41191\/revisions"}],"predecessor-version":[{"id":41215,"href":"https:\/\/entetedemo02.fr\/godin\/wp-json\/wp\/v2\/services\/41191\/revisions\/41215"}],"wp:featuredmedia":[{"embeddable":true,"href":"https:\/\/entetedemo02.fr\/godin\/wp-json\/wp\/v2\/media\/41076"}],"wp:attachment":[{"href":"https:\/\/entetedemo02.fr\/godin\/wp-json\/wp\/v2\/media?parent=41191"}],"curies":[{"name":"wp","href":"https:\/\/api.w.org\/{rel}","templated":true}]}}