{"id":41119,"date":"2025-08-28T14:46:30","date_gmt":"2025-08-28T12:46:30","guid":{"rendered":"https:\/\/entetedemo02.fr\/godin\/?post_type=services&#038;p=41119"},"modified":"2025-08-28T14:53:53","modified_gmt":"2025-08-28T12:53:53","slug":"ambrines","status":"publish","type":"services","link":"https:\/\/entetedemo02.fr\/godin\/services\/ambrines\/","title":{"rendered":"AMBRINES"},"content":{"rendered":"\t\t<div data-elementor-type=\"wp-post\" data-elementor-id=\"41119\" class=\"elementor elementor-41119\">\n\t\t\t\t<div class=\"elementor-element elementor-element-dbd6ea9 e-flex e-con-boxed e-con e-parent\" data-id=\"dbd6ea9\" data-element_type=\"container\">\n\t\t\t\t\t<div class=\"e-con-inner\">\n\t\t\t\t<div class=\"elementor-element elementor-element-ff023e6 elementor-widget elementor-widget-heading\" data-id=\"ff023e6\" data-element_type=\"widget\" data-widget_type=\"heading.default\">\n\t\t\t\t<div class=\"elementor-widget-container\">\n\t\t\t\t\t<h2 class=\"elementor-heading-title elementor-size-default\">AMBRINES<\/h2>\t\t\t\t<\/div>\n\t\t\t\t<\/div>\n\t\t\t\t\t<\/div>\n\t\t\t\t<\/div>\n\t\t<div class=\"elementor-element elementor-element-7f1cf535 e-flex e-con-boxed e-con e-parent\" data-id=\"7f1cf535\" data-element_type=\"container\">\n\t\t\t\t\t<div class=\"e-con-inner\">\n\t\t\t\t<div class=\"elementor-element elementor-element-021427d elementor-widget__width-initial lte-animation-speed-slow elementor-invisible elementor-widget elementor-widget-image\" data-id=\"021427d\" data-element_type=\"widget\" data-settings=\"{&quot;_animation&quot;:&quot;fadeInUp&quot;}\" data-widget_type=\"image.default\">\n\t\t\t\t<div class=\"elementor-widget-container\">\n\t\t\t\t\t\t\t\t\t\t\t\t\t\t\t<img fetchpriority=\"high\" decoding=\"async\" width=\"1024\" height=\"732\" src=\"https:\/\/entetedemo02.fr\/godin\/wp-content\/uploads\/2025\/08\/ambrines-1024x732.webp\" class=\"attachment-large size-large wp-image-41057\" alt=\"\" srcset=\"https:\/\/entetedemo02.fr\/godin\/wp-content\/uploads\/2025\/08\/ambrines-1024x732.webp 1024w, https:\/\/entetedemo02.fr\/godin\/wp-content\/uploads\/2025\/08\/ambrines-300x214.webp 300w, https:\/\/entetedemo02.fr\/godin\/wp-content\/uploads\/2025\/08\/ambrines-768x549.webp 768w, https:\/\/entetedemo02.fr\/godin\/wp-content\/uploads\/2025\/08\/ambrines-1536x1097.webp 1536w, https:\/\/entetedemo02.fr\/godin\/wp-content\/uploads\/2025\/08\/ambrines-500x357.webp 500w, https:\/\/entetedemo02.fr\/godin\/wp-content\/uploads\/2025\/08\/ambrines-110x80.webp 110w, https:\/\/entetedemo02.fr\/godin\/wp-content\/uploads\/2025\/08\/ambrines-100x71.webp 100w, https:\/\/entetedemo02.fr\/godin\/wp-content\/uploads\/2025\/08\/ambrines-1250x893.webp 1250w, https:\/\/entetedemo02.fr\/godin\/wp-content\/uploads\/2025\/08\/ambrines.webp 2041w\" sizes=\"(max-width: 1024px) 100vw, 1024px\" \/>\t\t\t\t\t\t\t\t\t\t\t\t\t\t\t<\/div>\n\t\t\t\t<\/div>\n\t\t<div class=\"elementor-element elementor-element-e319ee9 e-con-full e-flex e-con e-child\" data-id=\"e319ee9\" data-element_type=\"container\">\n\t\t\t\t<div class=\"elementor-element elementor-element-c794ef5 elementor-widget elementor-widget-text-editor\" data-id=\"c794ef5\" data-element_type=\"widget\" data-widget_type=\"text-editor.default\">\n\t\t\t\t<div class=\"elementor-widget-container\">\n\t\t\t\t\t\t\t\t\t<p><strong>Description :<\/strong><br \/>Pr\u00e9cadre 3 c\u00f4t\u00e9s acier peint noir, panneau en m\u00e9lamin\u00e9 ch\u00eane Halifax tabac et n\u00e9olith\u00ae strata argentum.<\/p><p><strong>Dimensions :<\/strong><br \/>&#8211; sans banquette : 126,4 x 75 cm<br \/>&#8211; avec banquette (photo pr\u00e9sent\u00e9e) : 246,4 x 75 cm<\/p>\t\t\t\t\t\t\t\t<\/div>\n\t\t\t\t<\/div>\n\t\t\t\t<div class=\"elementor-element elementor-element-9817b62 elementor-widget elementor-widget-text-editor\" data-id=\"9817b62\" data-element_type=\"widget\" data-widget_type=\"text-editor.default\">\n\t\t\t\t<div class=\"elementor-widget-container\">\n\t\t\t\t\t\t\t\t\t<p><strong>Mat\u00e9riaux et coloris :<\/strong><\/p><p><strong><img decoding=\"async\" class=\"alignnone size-full wp-image-41087\" src=\"https:\/\/entetedemo02.fr\/godin\/wp-content\/uploads\/2025\/08\/coloris.png\" alt=\"\" width=\"65\" height=\"71\" \/><\/strong>Acier peint noir haute temp\u00e9rature<\/p><p><strong><img decoding=\"async\" class=\"alignnone wp-image-41123 size-full\" src=\"https:\/\/entetedemo02.fr\/godin\/wp-content\/uploads\/2025\/08\/tabac.png\" alt=\"\" width=\"65\" height=\"67\" \/> <\/strong>M\u00e9lamin\u00e9 Ch\u00eane Halifax tabac<\/p><p><strong><img loading=\"lazy\" decoding=\"async\" class=\"alignnone wp-image-41122 size-full\" src=\"https:\/\/entetedemo02.fr\/godin\/wp-content\/uploads\/2025\/08\/argentum.png\" alt=\"\" width=\"62\" height=\"65\" \/> <\/strong>N\u00e9olith<strong>\u00ae<\/strong>\u00a0Ch\u00eane Halifax naturel<\/p>\t\t\t\t\t\t\t\t<\/div>\n\t\t\t\t<\/div>\n\t\t\t\t<div class=\"elementor-element elementor-element-041eb82 elementor-widget elementor-widget-text-editor\" data-id=\"041eb82\" data-element_type=\"widget\" data-widget_type=\"text-editor.default\">\n\t\t\t\t<div class=\"elementor-widget-container\">\n\t\t\t\t\t\t\t\t\t<p><strong>Foyer pr\u00e9sent\u00e9 :<\/strong><br \/>&#8211; 796 3V<\/p>\t\t\t\t\t\t\t\t<\/div>\n\t\t\t\t<\/div>\n\t\t\t\t<\/div>\n\t\t\t\t\t<\/div>\n\t\t\t\t<\/div>\n\t\t\t\t<\/div>\n\t\t","protected":false},"featured_media":41057,"template":"elementor_header_footer","class_list":["post-41119","services","type-services","status-publish","has-post-thumbnail","hentry","services-category-cheminees-inserts"],"_links":{"self":[{"href":"https:\/\/entetedemo02.fr\/godin\/wp-json\/wp\/v2\/services\/41119","targetHints":{"allow":["GET"]}}],"collection":[{"href":"https:\/\/entetedemo02.fr\/godin\/wp-json\/wp\/v2\/services"}],"about":[{"href":"https:\/\/entetedemo02.fr\/godin\/wp-json\/wp\/v2\/types\/services"}],"version-history":[{"count":4,"href":"https:\/\/entetedemo02.fr\/godin\/wp-json\/wp\/v2\/services\/41119\/revisions"}],"predecessor-version":[{"id":41127,"href":"https:\/\/entetedemo02.fr\/godin\/wp-json\/wp\/v2\/services\/41119\/revisions\/41127"}],"wp:featuredmedia":[{"embeddable":true,"href":"https:\/\/entetedemo02.fr\/godin\/wp-json\/wp\/v2\/media\/41057"}],"wp:attachment":[{"href":"https:\/\/entetedemo02.fr\/godin\/wp-json\/wp\/v2\/media?parent=41119"}],"curies":[{"name":"wp","href":"https:\/\/api.w.org\/{rel}","templated":true}]}}