{"id":41051,"date":"2025-08-28T11:19:01","date_gmt":"2025-08-28T09:19:01","guid":{"rendered":"https:\/\/entetedemo02.fr\/godin\/?post_type=services&#038;p=41051"},"modified":"2025-08-28T11:22:16","modified_gmt":"2025-08-28T09:22:16","slug":"moncel","status":"publish","type":"services","link":"https:\/\/entetedemo02.fr\/godin\/services\/moncel\/","title":{"rendered":"MONCEL"},"content":{"rendered":"\t\t<div data-elementor-type=\"wp-post\" data-elementor-id=\"41051\" class=\"elementor elementor-41051\">\n\t\t\t\t<div class=\"elementor-element elementor-element-dbd6ea9 e-flex e-con-boxed e-con e-parent\" data-id=\"dbd6ea9\" data-element_type=\"container\">\n\t\t\t\t\t<div class=\"e-con-inner\">\n\t\t\t\t<div class=\"elementor-element elementor-element-ff023e6 elementor-widget elementor-widget-heading\" data-id=\"ff023e6\" data-element_type=\"widget\" data-widget_type=\"heading.default\">\n\t\t\t\t<div class=\"elementor-widget-container\">\n\t\t\t\t\t<h2 class=\"elementor-heading-title elementor-size-default\">MONCEL<\/h2>\t\t\t\t<\/div>\n\t\t\t\t<\/div>\n\t\t\t\t\t<\/div>\n\t\t\t\t<\/div>\n\t\t<div class=\"elementor-element elementor-element-7f1cf535 e-flex e-con-boxed e-con e-parent\" data-id=\"7f1cf535\" data-element_type=\"container\">\n\t\t\t\t\t<div class=\"e-con-inner\">\n\t\t\t\t<div class=\"elementor-element elementor-element-021427d elementor-widget__width-initial lte-animation-speed-slow elementor-invisible elementor-widget elementor-widget-image\" data-id=\"021427d\" data-element_type=\"widget\" data-settings=\"{&quot;_animation&quot;:&quot;fadeInUp&quot;}\" data-widget_type=\"image.default\">\n\t\t\t\t<div class=\"elementor-widget-container\">\n\t\t\t\t\t\t\t\t\t\t\t\t\t\t\t<img fetchpriority=\"high\" decoding=\"async\" width=\"599\" height=\"414\" src=\"https:\/\/entetedemo02.fr\/godin\/wp-content\/uploads\/2025\/08\/moncel.webp\" class=\"attachment-large size-large wp-image-40961\" alt=\"\" srcset=\"https:\/\/entetedemo02.fr\/godin\/wp-content\/uploads\/2025\/08\/moncel.webp 599w, https:\/\/entetedemo02.fr\/godin\/wp-content\/uploads\/2025\/08\/moncel-300x207.webp 300w, https:\/\/entetedemo02.fr\/godin\/wp-content\/uploads\/2025\/08\/moncel-500x346.webp 500w, https:\/\/entetedemo02.fr\/godin\/wp-content\/uploads\/2025\/08\/moncel-100x69.webp 100w\" sizes=\"(max-width: 599px) 100vw, 599px\" \/>\t\t\t\t\t\t\t\t\t\t\t\t\t\t\t<\/div>\n\t\t\t\t<\/div>\n\t\t\t\t<div class=\"elementor-element elementor-element-e7c4a49 elementor-widget__width-initial elementor-invisible elementor-widget elementor-widget-text-editor\" data-id=\"e7c4a49\" data-element_type=\"widget\" data-settings=\"{&quot;_animation&quot;:&quot;fadeInRight&quot;}\" data-widget_type=\"text-editor.default\">\n\t\t\t\t<div class=\"elementor-widget-container\">\n\t\t\t\t\t\t\t\t\t<p><strong>R\u00e9f.492005 &#8211; version sortie arri\u00e8re<br \/>R\u00e9f.492006 &#8211; version sortie dessus concentrique<\/strong><\/p><p>12kW<\/p><ul><li>Classe \u00e9nerg\u00e9tique : A+<\/li><li>Dimensions : L55 x P59 x P123 cm<\/li><li>Coloris : Habillage acier, porte vitr\u00e9e standard\u00a0<\/li><li>Rendement : 93 %<\/li><li>D\u00e9bit massique des fum\u00e9es : 4,7\/6,5 g\/s<\/li><li>Puissance nominale min\/max : 4 \/ 12 kW<\/li><li>Taux de CO \u00e0 13% O2 : 0,01%<\/li><li>Temp\u00e9rature des fum\u00e9es : 65,3\/123,2 \u00b0C<\/li><li>Diam\u00e8tre d&#8217;\u00e9vacuation des fum\u00e9es :\u00a0 \u00d8 80 ou 80\/130 mm<\/li><li>Capacite\u0301 du re\u0301servoir : 22 kg<\/li><li>\u00c9vacuation : dessus\/arri\u00e8re<\/li><li>Consommation de combustible min\/max : 0,85\/2,78 kg\/h<\/li><li>Autonomie : 7,8 \u00e0 18,7 h ca<\/li><li>Puissance \u00e9lectrique pour le fonctionnement : 130 W<\/li><li>Puissance \u00e9lectrique pour l&#8217;allumage : 355 W<\/li><li>Poids : 165 kg<\/li><li>\u00c9tanche : oui<\/li><li>T\u00e9l\u00e9commande (MONOLITE) : oui<\/li><li>Compatibilit\u00e9 thermostat d\u00e9port\u00e9 (TRIKEY): oui (en option)<\/li><li>Double ventilation (x2) motoris\u00e9es ind\u00e9pendantes : oui<\/li><li>Wifi : oui\u00a0<\/li><\/ul>\t\t\t\t\t\t\t\t<\/div>\n\t\t\t\t<\/div>\n\t\t\t\t\t<\/div>\n\t\t\t\t<\/div>\n\t\t\t\t<\/div>\n\t\t","protected":false},"featured_media":40961,"template":"elementor_header_footer","class_list":["post-41051","services","type-services","status-publish","has-post-thumbnail","hentry","services-category-poeles-a-granules"],"_links":{"self":[{"href":"https:\/\/entetedemo02.fr\/godin\/wp-json\/wp\/v2\/services\/41051","targetHints":{"allow":["GET"]}}],"collection":[{"href":"https:\/\/entetedemo02.fr\/godin\/wp-json\/wp\/v2\/services"}],"about":[{"href":"https:\/\/entetedemo02.fr\/godin\/wp-json\/wp\/v2\/types\/services"}],"version-history":[{"count":4,"href":"https:\/\/entetedemo02.fr\/godin\/wp-json\/wp\/v2\/services\/41051\/revisions"}],"predecessor-version":[{"id":41055,"href":"https:\/\/entetedemo02.fr\/godin\/wp-json\/wp\/v2\/services\/41051\/revisions\/41055"}],"wp:featuredmedia":[{"embeddable":true,"href":"https:\/\/entetedemo02.fr\/godin\/wp-json\/wp\/v2\/media\/40961"}],"wp:attachment":[{"href":"https:\/\/entetedemo02.fr\/godin\/wp-json\/wp\/v2\/media?parent=41051"}],"curies":[{"name":"wp","href":"https:\/\/api.w.org\/{rel}","templated":true}]}}