{"id":41021,"date":"2025-08-28T10:48:51","date_gmt":"2025-08-28T08:48:51","guid":{"rendered":"https:\/\/entetedemo02.fr\/godin\/?post_type=services&#038;p=41021"},"modified":"2025-08-28T11:01:04","modified_gmt":"2025-08-28T09:01:04","slug":"estray","status":"publish","type":"services","link":"https:\/\/entetedemo02.fr\/godin\/services\/estray\/","title":{"rendered":"ESTRAY"},"content":{"rendered":"\t\t<div data-elementor-type=\"wp-post\" data-elementor-id=\"41021\" class=\"elementor elementor-41021\">\n\t\t\t\t<div class=\"elementor-element elementor-element-dbd6ea9 e-flex e-con-boxed e-con e-parent\" data-id=\"dbd6ea9\" data-element_type=\"container\">\n\t\t\t\t\t<div class=\"e-con-inner\">\n\t\t\t\t<div class=\"elementor-element elementor-element-ff023e6 elementor-widget elementor-widget-heading\" data-id=\"ff023e6\" data-element_type=\"widget\" data-widget_type=\"heading.default\">\n\t\t\t\t<div class=\"elementor-widget-container\">\n\t\t\t\t\t<h2 class=\"elementor-heading-title elementor-size-default\">ESTRAY<\/h2>\t\t\t\t<\/div>\n\t\t\t\t<\/div>\n\t\t\t\t\t<\/div>\n\t\t\t\t<\/div>\n\t\t<div class=\"elementor-element elementor-element-7f1cf535 e-flex e-con-boxed e-con e-parent\" data-id=\"7f1cf535\" data-element_type=\"container\">\n\t\t\t\t\t<div class=\"e-con-inner\">\n\t\t\t\t<div class=\"elementor-element elementor-element-021427d elementor-widget__width-initial lte-animation-speed-slow elementor-invisible elementor-widget elementor-widget-image\" data-id=\"021427d\" data-element_type=\"widget\" data-settings=\"{&quot;_animation&quot;:&quot;fadeInUp&quot;}\" data-widget_type=\"image.default\">\n\t\t\t\t<div class=\"elementor-widget-container\">\n\t\t\t\t\t\t\t\t\t\t\t\t\t\t\t<img fetchpriority=\"high\" decoding=\"async\" width=\"850\" height=\"680\" src=\"https:\/\/entetedemo02.fr\/godin\/wp-content\/uploads\/2025\/08\/estray.webp\" class=\"attachment-large size-large wp-image-40960\" alt=\"\" srcset=\"https:\/\/entetedemo02.fr\/godin\/wp-content\/uploads\/2025\/08\/estray.webp 850w, https:\/\/entetedemo02.fr\/godin\/wp-content\/uploads\/2025\/08\/estray-300x240.webp 300w, https:\/\/entetedemo02.fr\/godin\/wp-content\/uploads\/2025\/08\/estray-768x614.webp 768w, https:\/\/entetedemo02.fr\/godin\/wp-content\/uploads\/2025\/08\/estray-500x400.webp 500w, https:\/\/entetedemo02.fr\/godin\/wp-content\/uploads\/2025\/08\/estray-100x80.webp 100w\" sizes=\"(max-width: 850px) 100vw, 850px\" \/>\t\t\t\t\t\t\t\t\t\t\t\t\t\t\t<\/div>\n\t\t\t\t<\/div>\n\t\t\t\t<div class=\"elementor-element elementor-element-e7c4a49 elementor-widget__width-initial elementor-invisible elementor-widget elementor-widget-text-editor\" data-id=\"e7c4a49\" data-element_type=\"widget\" data-settings=\"{&quot;_animation&quot;:&quot;fadeInRight&quot;}\" data-widget_type=\"text-editor.default\">\n\t\t\t\t<div class=\"elementor-widget-container\">\n\t\t\t\t\t\t\t\t\t<p><strong>R\u00e9f. 6 kW 490328<\/strong><\/p><p>6kW<\/p><ul><li>Classe \u00e9nerg\u00e9tique : A++<\/li><li>Dimensions : L58 x P55 x P113 cm<\/li><li>Coloris : habillage acier &#8211; porte vitr\u00e9e<\/li><li>Rendement : 94,3\/93,3 %<\/li><li>D\u00e9bit massique des fum\u00e9es : 2,7\/4,2 g\/s<\/li><li>Puissance nominale min\/max : 2,2 \/ 9,1 kW<\/li><li>Taux de CO \u00e0 13% O2 : 0,032\/0,003%<\/li><li>Temp\u00e9rature des fum\u00e9es : 65,1\/115,5 \u00b0C<\/li><li>Diam\u00e8tre d&#8217;\u00e9vacuation des fum\u00e9es :\u00a0 \u00d8 80 mm<\/li><li>Capacite\u0301 du re\u0301servoir : 19 kg<\/li><li>\u00c9vacuation : dessus<\/li><li>Consommation de combustible min\/max : 0,45\/1,33 kg\/h<\/li><li>Autonomie : 14 \u00e0 42 h ca<\/li><li>Puissance \u00e9lectrique pour le fonctionnement : 85 W<\/li><li>Puissance \u00e9lectrique pour l&#8217;allumage : 440 W<\/li><li>Poids (variable en fonction des habillages) : 116 kg<\/li><li>\u00c9tanche : oui<\/li><li>T\u00e9l\u00e9commande : Option<\/li><li>Compatibilit\u00e9 thermostat d\u00e9port\u00e9 &#8211; Wifi : option<\/li><li>Double ventilation : non<\/li><\/ul>\t\t\t\t\t\t\t\t<\/div>\n\t\t\t\t<\/div>\n\t\t\t\t<div class=\"elementor-element elementor-element-4f5ac53 elementor-widget__width-initial elementor-invisible elementor-widget elementor-widget-text-editor\" data-id=\"4f5ac53\" data-element_type=\"widget\" data-settings=\"{&quot;_animation&quot;:&quot;fadeInRight&quot;}\" data-widget_type=\"text-editor.default\">\n\t\t\t\t<div class=\"elementor-widget-container\">\n\t\t\t\t\t\t\t\t\t<p><strong>R\u00e9f. 9 kW 490329<\/strong><\/p><p>9kW<\/p><ul><li>Classe \u00e9nerg\u00e9tique : A+<\/li><li>Dimensions : L58 x P55 x P113 cm<\/li><li>Coloris : habillage acier &#8211; porte vitr\u00e9e<\/li><li>Rendement : 94,3\/91,8 %<\/li><li>D\u00e9bit massique des fum\u00e9es : 2,7\/5,3 g\/s<\/li><li>Puissance nominale min\/max : 2,2 \/ 9,1 kW<\/li><li>Taux de CO \u00e0 13% O2 : 0,032\/0,004%<\/li><li>Temp\u00e9rature des fum\u00e9es : 65,1\/159,5 \u00b0C<\/li><li>Diam\u00e8tre d&#8217;\u00e9vacuation des fum\u00e9es :\u00a0 \u00d8 80 mm<\/li><li>Capacite\u0301 du re\u0301servoir : 19 kg<\/li><li>\u00c9vacuation : dessus<\/li><li>Consommation de combustible min\/max : 0,55\/2,02 kg\/h<\/li><li>Autonomie : 9 \u00e0 34 h ca<\/li><li>Puissance \u00e9lectrique pour le fonctionnement : 85 W<\/li><li>Puissance \u00e9lectrique pour l&#8217;allumage : 440 W<\/li><li>Poids (variable en fonction des habillages) : 116 kg<\/li><li>\u00c9tanche : oui<\/li><li>T\u00e9l\u00e9commande : Option<\/li><li>Compatibilit\u00e9 thermostat d\u00e9port\u00e9 &#8211; Wifi : option<\/li><li>Double ventilation : non<\/li><\/ul>\t\t\t\t\t\t\t\t<\/div>\n\t\t\t\t<\/div>\n\t\t\t\t\t<\/div>\n\t\t\t\t<\/div>\n\t\t\t\t<\/div>\n\t\t","protected":false},"featured_media":40960,"template":"elementor_header_footer","class_list":["post-41021","services","type-services","status-publish","has-post-thumbnail","hentry","services-category-poeles-a-granules"],"_links":{"self":[{"href":"https:\/\/entetedemo02.fr\/godin\/wp-json\/wp\/v2\/services\/41021","targetHints":{"allow":["GET"]}}],"collection":[{"href":"https:\/\/entetedemo02.fr\/godin\/wp-json\/wp\/v2\/services"}],"about":[{"href":"https:\/\/entetedemo02.fr\/godin\/wp-json\/wp\/v2\/types\/services"}],"version-history":[{"count":7,"href":"https:\/\/entetedemo02.fr\/godin\/wp-json\/wp\/v2\/services\/41021\/revisions"}],"predecessor-version":[{"id":41028,"href":"https:\/\/entetedemo02.fr\/godin\/wp-json\/wp\/v2\/services\/41021\/revisions\/41028"}],"wp:featuredmedia":[{"embeddable":true,"href":"https:\/\/entetedemo02.fr\/godin\/wp-json\/wp\/v2\/media\/40960"}],"wp:attachment":[{"href":"https:\/\/entetedemo02.fr\/godin\/wp-json\/wp\/v2\/media?parent=41021"}],"curies":[{"name":"wp","href":"https:\/\/api.w.org\/{rel}","templated":true}]}}