{"id":40744,"date":"2025-08-27T14:05:05","date_gmt":"2025-08-27T12:05:05","guid":{"rendered":"https:\/\/entetedemo02.fr\/godin\/?post_type=services&#038;p=40744"},"modified":"2025-08-27T14:14:40","modified_gmt":"2025-08-27T12:14:40","slug":"chamonix-xxl","status":"publish","type":"services","link":"https:\/\/entetedemo02.fr\/godin\/services\/chamonix-xxl\/","title":{"rendered":"CHAMONIX XXL"},"content":{"rendered":"\t\t<div data-elementor-type=\"wp-post\" data-elementor-id=\"40744\" class=\"elementor elementor-40744\">\n\t\t\t\t<div class=\"elementor-element elementor-element-dbd6ea9 e-flex e-con-boxed e-con e-parent\" data-id=\"dbd6ea9\" data-element_type=\"container\">\n\t\t\t\t\t<div class=\"e-con-inner\">\n\t\t\t\t<div class=\"elementor-element elementor-element-ff023e6 elementor-widget elementor-widget-heading\" data-id=\"ff023e6\" data-element_type=\"widget\" data-widget_type=\"heading.default\">\n\t\t\t\t<div class=\"elementor-widget-container\">\n\t\t\t\t\t<h2 class=\"elementor-heading-title elementor-size-default\">CHAMONIX XXL<\/h2>\t\t\t\t<\/div>\n\t\t\t\t<\/div>\n\t\t\t\t\t<\/div>\n\t\t\t\t<\/div>\n\t\t<div class=\"elementor-element elementor-element-7f1cf535 e-flex e-con-boxed e-con e-parent\" data-id=\"7f1cf535\" data-element_type=\"container\">\n\t\t\t\t\t<div class=\"e-con-inner\">\n\t\t\t\t<div class=\"elementor-element elementor-element-021427d elementor-widget__width-initial lte-animation-speed-slow elementor-invisible elementor-widget elementor-widget-image\" data-id=\"021427d\" data-element_type=\"widget\" data-settings=\"{&quot;_animation&quot;:&quot;fadeInUp&quot;}\" data-widget_type=\"image.default\">\n\t\t\t\t<div class=\"elementor-widget-container\">\n\t\t\t\t\t\t\t\t\t\t\t\t\t\t\t<img fetchpriority=\"high\" decoding=\"async\" width=\"696\" height=\"735\" src=\"https:\/\/entetedemo02.fr\/godin\/wp-content\/uploads\/2025\/08\/chamonixxxl.webp\" class=\"attachment-large size-large wp-image-40706\" alt=\"\" srcset=\"https:\/\/entetedemo02.fr\/godin\/wp-content\/uploads\/2025\/08\/chamonixxxl.webp 696w, https:\/\/entetedemo02.fr\/godin\/wp-content\/uploads\/2025\/08\/chamonixxxl-284x300.webp 284w, https:\/\/entetedemo02.fr\/godin\/wp-content\/uploads\/2025\/08\/chamonixxxl-500x528.webp 500w, https:\/\/entetedemo02.fr\/godin\/wp-content\/uploads\/2025\/08\/chamonixxxl-95x100.webp 95w\" sizes=\"(max-width: 696px) 100vw, 696px\" \/>\t\t\t\t\t\t\t\t\t\t\t\t\t\t\t<\/div>\n\t\t\t\t<\/div>\n\t\t\t\t<div class=\"elementor-element elementor-element-e7c4a49 elementor-widget__width-initial elementor-invisible elementor-widget elementor-widget-text-editor\" data-id=\"e7c4a49\" data-element_type=\"widget\" data-settings=\"{&quot;_animation&quot;:&quot;fadeInRight&quot;}\" data-widget_type=\"text-editor.default\">\n\t\t\t\t<div class=\"elementor-widget-container\">\n\t\t\t\t\t\t\t\t\t<p><strong>R\u00e9f.350104 &#8211; version acier \u00e9maill\u00e9<\/strong><\/p><p>12kW<\/p><ul><li>Classe \u00e9nerg\u00e9tique : A<\/li><li>Rendement : 77,90 %<\/li><li>Dimensions : H121 x L84 x P50 cm<\/li><li>combustible : b\u00fbches jusqu\u2019\u00e0 60 cm<\/li><li>Corps de chauffe : int\u00e9rieur fonte<\/li><li>Habillage : c\u00f4t\u00e9s en acier peint noir ou en acier \u00e9maill\u00e9<\/li><li>Coloris : anthracite, sahara, bleu bor\u00e9al ou vert atoll<\/li><li>Buse de d\u00e9part : \u00d8 150\/153 mm<\/li><li>D\u00e9part des fum\u00e9es : dessus et arri\u00e8re<\/li><li>Distance du sol \u00e0 l&#8217;axe de la buse de d\u00e9part arri\u00e8re : 104 cm<\/li><\/ul><p><strong>Existe aussi R\u00e9f.350104 &#8211; version acier c\u00e9ramique<\/strong><\/p><ul><li>Habillage : c\u00f4t\u00e9s en c\u00e9ramique<\/li><li>Coloris : bordeaux, biscuit ou vert flamant<\/li><\/ul><p>Options :\u00a0<\/p><ul><li>Porte verre four &#8211; R\u00e9f.965005 pour utilisation en four \u00e0 pizza (livr\u00e9 s\u00e9par\u00e9ment: \u00e0 monter). Four : H27 x L 53 x P 28 cm<\/li><li>C\u00f4t\u00e9s \u00e9maill\u00e9s &#8211; R\u00e9f.0148<\/li><li>Couvercle \u00e9maill\u00e9 &#8211; R\u00e9f.965006<\/li><\/ul>\t\t\t\t\t\t\t\t<\/div>\n\t\t\t\t<\/div>\n\t\t\t\t\t<\/div>\n\t\t\t\t<\/div>\n\t\t<div class=\"elementor-element elementor-element-ef3bfd3 e-flex e-con-boxed e-con e-parent\" data-id=\"ef3bfd3\" data-element_type=\"container\">\n\t\t\t\t\t<div class=\"e-con-inner\">\n\t\t<div class=\"elementor-element elementor-element-602c5a4 e-con-full logos e-flex e-con e-child\" data-id=\"602c5a4\" data-element_type=\"container\">\n\t\t\t\t<div class=\"elementor-element elementor-element-68b598e lte-animation-speed-slow elementor-widget elementor-widget-image\" data-id=\"68b598e\" data-element_type=\"widget\" data-widget_type=\"image.default\">\n\t\t\t\t<div class=\"elementor-widget-container\">\n\t\t\t\t\t\t\t\t\t\t\t\t\t\t\t<img decoding=\"async\" width=\"132\" height=\"129\" src=\"https:\/\/entetedemo02.fr\/godin\/wp-content\/uploads\/2025\/08\/FabFrance-1.png\" class=\"attachment-full size-full wp-image-40337\" alt=\"\" srcset=\"https:\/\/entetedemo02.fr\/godin\/wp-content\/uploads\/2025\/08\/FabFrance-1.png 132w, https:\/\/entetedemo02.fr\/godin\/wp-content\/uploads\/2025\/08\/FabFrance-1-100x98.png 100w\" sizes=\"(max-width: 132px) 100vw, 132px\" \/>\t\t\t\t\t\t\t\t\t\t\t\t\t\t\t<\/div>\n\t\t\t\t<\/div>\n\t\t\t\t<div class=\"elementor-element elementor-element-dd6f02d lte-animation-speed-slow elementor-widget elementor-widget-image\" data-id=\"dd6f02d\" data-element_type=\"widget\" data-widget_type=\"image.default\">\n\t\t\t\t<div class=\"elementor-widget-container\">\n\t\t\t\t\t\t\t\t\t\t\t\t\t\t\t<img decoding=\"async\" width=\"250\" height=\"124\" src=\"https:\/\/entetedemo02.fr\/godin\/wp-content\/uploads\/2025\/08\/FlammeVerte-1.png\" class=\"attachment-large size-large wp-image-40338\" alt=\"\" srcset=\"https:\/\/entetedemo02.fr\/godin\/wp-content\/uploads\/2025\/08\/FlammeVerte-1.png 250w, https:\/\/entetedemo02.fr\/godin\/wp-content\/uploads\/2025\/08\/FlammeVerte-1-100x50.png 100w\" sizes=\"(max-width: 250px) 100vw, 250px\" \/>\t\t\t\t\t\t\t\t\t\t\t\t\t\t\t<\/div>\n\t\t\t\t<\/div>\n\t\t\t\t<div class=\"elementor-element elementor-element-6a313da lte-animation-speed-slow elementor-widget elementor-widget-image\" data-id=\"6a313da\" data-element_type=\"widget\" data-widget_type=\"image.default\">\n\t\t\t\t<div class=\"elementor-widget-container\">\n\t\t\t\t\t\t\t\t\t\t\t\t\t\t\t<img loading=\"lazy\" decoding=\"async\" width=\"265\" height=\"263\" src=\"https:\/\/entetedemo02.fr\/godin\/wp-content\/uploads\/2025\/08\/doublecombustion.png\" class=\"attachment-large size-large wp-image-40330\" alt=\"\" srcset=\"https:\/\/entetedemo02.fr\/godin\/wp-content\/uploads\/2025\/08\/doublecombustion.png 265w, https:\/\/entetedemo02.fr\/godin\/wp-content\/uploads\/2025\/08\/doublecombustion-150x150.png 150w, https:\/\/entetedemo02.fr\/godin\/wp-content\/uploads\/2025\/08\/doublecombustion-140x140.png 140w, https:\/\/entetedemo02.fr\/godin\/wp-content\/uploads\/2025\/08\/doublecombustion-80x80.png 80w, https:\/\/entetedemo02.fr\/godin\/wp-content\/uploads\/2025\/08\/doublecombustion-100x100.png 100w\" sizes=\"(max-width: 265px) 100vw, 265px\" \/>\t\t\t\t\t\t\t\t\t\t\t\t\t\t\t<\/div>\n\t\t\t\t<\/div>\n\t\t\t\t<\/div>\n\t\t\t\t\t<\/div>\n\t\t\t\t<\/div>\n\t\t\t\t<\/div>\n\t\t","protected":false},"featured_media":40706,"template":"elementor_header_footer","class_list":["post-40744","services","type-services","status-publish","has-post-thumbnail","hentry","services-category-poeles-a-bois"],"_links":{"self":[{"href":"https:\/\/entetedemo02.fr\/godin\/wp-json\/wp\/v2\/services\/40744","targetHints":{"allow":["GET"]}}],"collection":[{"href":"https:\/\/entetedemo02.fr\/godin\/wp-json\/wp\/v2\/services"}],"about":[{"href":"https:\/\/entetedemo02.fr\/godin\/wp-json\/wp\/v2\/types\/services"}],"version-history":[{"count":4,"href":"https:\/\/entetedemo02.fr\/godin\/wp-json\/wp\/v2\/services\/40744\/revisions"}],"predecessor-version":[{"id":40887,"href":"https:\/\/entetedemo02.fr\/godin\/wp-json\/wp\/v2\/services\/40744\/revisions\/40887"}],"wp:featuredmedia":[{"embeddable":true,"href":"https:\/\/entetedemo02.fr\/godin\/wp-json\/wp\/v2\/media\/40706"}],"wp:attachment":[{"href":"https:\/\/entetedemo02.fr\/godin\/wp-json\/wp\/v2\/media?parent=40744"}],"curies":[{"name":"wp","href":"https:\/\/api.w.org\/{rel}","templated":true}]}}