{"id":40572,"date":"2025-08-26T10:33:37","date_gmt":"2025-08-26T08:33:37","guid":{"rendered":"https:\/\/entetedemo02.fr\/godin\/?post_type=services&#038;p=40572"},"modified":"2025-08-26T10:54:08","modified_gmt":"2025-08-26T08:54:08","slug":"huriel-sur-pied","status":"publish","type":"services","link":"https:\/\/entetedemo02.fr\/godin\/services\/huriel-sur-pied\/","title":{"rendered":"HURIEL SUR PIED"},"content":{"rendered":"\t\t<div data-elementor-type=\"wp-post\" data-elementor-id=\"40572\" class=\"elementor elementor-40572\">\n\t\t\t\t<div class=\"elementor-element elementor-element-dbd6ea9 e-flex e-con-boxed e-con e-parent\" data-id=\"dbd6ea9\" data-element_type=\"container\">\n\t\t\t\t\t<div class=\"e-con-inner\">\n\t\t\t\t<div class=\"elementor-element elementor-element-ff023e6 elementor-widget elementor-widget-heading\" data-id=\"ff023e6\" data-element_type=\"widget\" data-widget_type=\"heading.default\">\n\t\t\t\t<div class=\"elementor-widget-container\">\n\t\t\t\t\t<h2 class=\"elementor-heading-title elementor-size-default\">HURIEL SUR PIED<\/h2>\t\t\t\t<\/div>\n\t\t\t\t<\/div>\n\t\t\t\t\t<\/div>\n\t\t\t\t<\/div>\n\t\t<div class=\"elementor-element elementor-element-7f1cf535 e-flex e-con-boxed e-con e-parent\" data-id=\"7f1cf535\" data-element_type=\"container\">\n\t\t\t\t\t<div class=\"e-con-inner\">\n\t\t\t\t<div class=\"elementor-element elementor-element-021427d elementor-widget__width-initial lte-animation-speed-slow elementor-invisible elementor-widget elementor-widget-image\" data-id=\"021427d\" data-element_type=\"widget\" data-settings=\"{&quot;_animation&quot;:&quot;fadeInUp&quot;}\" data-widget_type=\"image.default\">\n\t\t\t\t<div class=\"elementor-widget-container\">\n\t\t\t\t\t\t\t\t\t\t\t\t\t\t\t<img fetchpriority=\"high\" decoding=\"async\" width=\"696\" height=\"735\" src=\"https:\/\/entetedemo02.fr\/godin\/wp-content\/uploads\/2025\/08\/huriel-pieds.webp\" class=\"attachment-large size-large wp-image-40567\" alt=\"\" srcset=\"https:\/\/entetedemo02.fr\/godin\/wp-content\/uploads\/2025\/08\/huriel-pieds.webp 696w, https:\/\/entetedemo02.fr\/godin\/wp-content\/uploads\/2025\/08\/huriel-pieds-284x300.webp 284w, https:\/\/entetedemo02.fr\/godin\/wp-content\/uploads\/2025\/08\/huriel-pieds-500x528.webp 500w, https:\/\/entetedemo02.fr\/godin\/wp-content\/uploads\/2025\/08\/huriel-pieds-95x100.webp 95w\" sizes=\"(max-width: 696px) 100vw, 696px\" \/>\t\t\t\t\t\t\t\t\t\t\t\t\t\t\t<\/div>\n\t\t\t\t<\/div>\n\t\t\t\t<div class=\"elementor-element elementor-element-e7c4a49 elementor-widget__width-initial elementor-invisible elementor-widget elementor-widget-text-editor\" data-id=\"e7c4a49\" data-element_type=\"widget\" data-settings=\"{&quot;_animation&quot;:&quot;fadeInRight&quot;}\" data-widget_type=\"text-editor.default\">\n\t\t\t\t<div class=\"elementor-widget-container\">\n\t\t\t\t\t\t\t\t\t<p><strong>HURIEL 80 SUR PIED<br \/>R\u00e9f.411202<\/strong><br \/><strong>5,5\/10kW<\/strong><\/p><p><strong>HURIEL 100 SUSPENDU<br \/>R\u00e9f.411207<\/strong><br \/><strong>5,5\/10kW<\/strong><\/p><ul><li>Classe \u00e9nerg\u00e9tique : A<\/li><li>Rendement : 76,80 %<\/li><li>Dimensions 80 :H102 x L80 x P52 cm<\/li><li>Dimensions 100 :H102 x L100 x P52 CM<\/li><li>Combustible : b\u00fbches jusqu\u2019\u00e0 50 cm<\/li><li>Corps de chauffe : int\u00e9rieur fonte<\/li><li>Habillage : acier<\/li><li>Coloris : noir<\/li><li>Buse de d\u00e9part : \u00d8 180 mm<\/li><li>D\u00e9part des fum\u00e9es : dessus<\/li><li>Porte vitr\u00e9e s\u00e9rigraphi\u00e9e<\/li><\/ul>\t\t\t\t\t\t\t\t<\/div>\n\t\t\t\t<\/div>\n\t\t\t\t\t<\/div>\n\t\t\t\t<\/div>\n\t\t<div class=\"elementor-element elementor-element-ef3bfd3 e-flex e-con-boxed e-con e-parent\" data-id=\"ef3bfd3\" data-element_type=\"container\">\n\t\t\t\t\t<div class=\"e-con-inner\">\n\t\t<div class=\"elementor-element elementor-element-602c5a4 e-con-full logos e-flex e-con e-child\" data-id=\"602c5a4\" data-element_type=\"container\">\n\t\t\t\t<div class=\"elementor-element elementor-element-68b598e lte-animation-speed-slow elementor-widget elementor-widget-image\" data-id=\"68b598e\" data-element_type=\"widget\" data-widget_type=\"image.default\">\n\t\t\t\t<div class=\"elementor-widget-container\">\n\t\t\t\t\t\t\t\t\t\t\t\t\t\t\t<img decoding=\"async\" width=\"132\" height=\"129\" src=\"https:\/\/entetedemo02.fr\/godin\/wp-content\/uploads\/2025\/08\/FabFrance-1.png\" class=\"attachment-full size-full wp-image-40337\" alt=\"\" srcset=\"https:\/\/entetedemo02.fr\/godin\/wp-content\/uploads\/2025\/08\/FabFrance-1.png 132w, https:\/\/entetedemo02.fr\/godin\/wp-content\/uploads\/2025\/08\/FabFrance-1-100x98.png 100w\" sizes=\"(max-width: 132px) 100vw, 132px\" \/>\t\t\t\t\t\t\t\t\t\t\t\t\t\t\t<\/div>\n\t\t\t\t<\/div>\n\t\t\t\t<div class=\"elementor-element elementor-element-dd6f02d lte-animation-speed-slow elementor-widget elementor-widget-image\" data-id=\"dd6f02d\" data-element_type=\"widget\" data-widget_type=\"image.default\">\n\t\t\t\t<div class=\"elementor-widget-container\">\n\t\t\t\t\t\t\t\t\t\t\t\t\t\t\t<img decoding=\"async\" width=\"250\" height=\"124\" src=\"https:\/\/entetedemo02.fr\/godin\/wp-content\/uploads\/2025\/08\/FlammeVerte-1.png\" class=\"attachment-large size-large wp-image-40338\" alt=\"\" srcset=\"https:\/\/entetedemo02.fr\/godin\/wp-content\/uploads\/2025\/08\/FlammeVerte-1.png 250w, https:\/\/entetedemo02.fr\/godin\/wp-content\/uploads\/2025\/08\/FlammeVerte-1-100x50.png 100w\" sizes=\"(max-width: 250px) 100vw, 250px\" \/>\t\t\t\t\t\t\t\t\t\t\t\t\t\t\t<\/div>\n\t\t\t\t<\/div>\n\t\t\t\t<div class=\"elementor-element elementor-element-6a313da lte-animation-speed-slow elementor-widget elementor-widget-image\" data-id=\"6a313da\" data-element_type=\"widget\" data-widget_type=\"image.default\">\n\t\t\t\t<div class=\"elementor-widget-container\">\n\t\t\t\t\t\t\t\t\t\t\t\t\t\t\t<img loading=\"lazy\" decoding=\"async\" width=\"265\" height=\"263\" src=\"https:\/\/entetedemo02.fr\/godin\/wp-content\/uploads\/2025\/08\/doublecombustion.png\" class=\"attachment-large size-large wp-image-40330\" alt=\"\" srcset=\"https:\/\/entetedemo02.fr\/godin\/wp-content\/uploads\/2025\/08\/doublecombustion.png 265w, https:\/\/entetedemo02.fr\/godin\/wp-content\/uploads\/2025\/08\/doublecombustion-150x150.png 150w, https:\/\/entetedemo02.fr\/godin\/wp-content\/uploads\/2025\/08\/doublecombustion-140x140.png 140w, https:\/\/entetedemo02.fr\/godin\/wp-content\/uploads\/2025\/08\/doublecombustion-80x80.png 80w, https:\/\/entetedemo02.fr\/godin\/wp-content\/uploads\/2025\/08\/doublecombustion-100x100.png 100w\" sizes=\"(max-width: 265px) 100vw, 265px\" \/>\t\t\t\t\t\t\t\t\t\t\t\t\t\t\t<\/div>\n\t\t\t\t<\/div>\n\t\t\t\t<div class=\"elementor-element elementor-element-588e3f0 lte-animation-speed-slow elementor-widget elementor-widget-image\" data-id=\"588e3f0\" data-element_type=\"widget\" data-widget_type=\"image.default\">\n\t\t\t\t<div class=\"elementor-widget-container\">\n\t\t\t\t\t\t\t\t\t\t\t\t\t\t\t<img loading=\"lazy\" decoding=\"async\" width=\"232\" height=\"286\" src=\"https:\/\/entetedemo02.fr\/godin\/wp-content\/uploads\/2025\/08\/modeleetanche.png\" class=\"attachment-large size-large wp-image-40334\" alt=\"\" srcset=\"https:\/\/entetedemo02.fr\/godin\/wp-content\/uploads\/2025\/08\/modeleetanche.png 232w, https:\/\/entetedemo02.fr\/godin\/wp-content\/uploads\/2025\/08\/modeleetanche-81x100.png 81w\" sizes=\"(max-width: 232px) 100vw, 232px\" \/>\t\t\t\t\t\t\t\t\t\t\t\t\t\t\t<\/div>\n\t\t\t\t<\/div>\n\t\t\t\t<\/div>\n\t\t\t\t\t<\/div>\n\t\t\t\t<\/div>\n\t\t\t\t<\/div>\n\t\t","protected":false},"featured_media":40567,"template":"elementor_header_footer","class_list":["post-40572","services","type-services","status-publish","has-post-thumbnail","hentry","services-category-poeles-a-bois"],"_links":{"self":[{"href":"https:\/\/entetedemo02.fr\/godin\/wp-json\/wp\/v2\/services\/40572","targetHints":{"allow":["GET"]}}],"collection":[{"href":"https:\/\/entetedemo02.fr\/godin\/wp-json\/wp\/v2\/services"}],"about":[{"href":"https:\/\/entetedemo02.fr\/godin\/wp-json\/wp\/v2\/types\/services"}],"version-history":[{"count":7,"href":"https:\/\/entetedemo02.fr\/godin\/wp-json\/wp\/v2\/services\/40572\/revisions"}],"predecessor-version":[{"id":40583,"href":"https:\/\/entetedemo02.fr\/godin\/wp-json\/wp\/v2\/services\/40572\/revisions\/40583"}],"wp:featuredmedia":[{"embeddable":true,"href":"https:\/\/entetedemo02.fr\/godin\/wp-json\/wp\/v2\/media\/40567"}],"wp:attachment":[{"href":"https:\/\/entetedemo02.fr\/godin\/wp-json\/wp\/v2\/media?parent=40572"}],"curies":[{"name":"wp","href":"https:\/\/api.w.org\/{rel}","templated":true}]}}