{"id":3185,"date":"2025-07-07T16:18:47","date_gmt":"2025-07-07T16:18:47","guid":{"rendered":"https:\/\/wgl-dsites.net\/vireon\/?page_id=3185"},"modified":"2026-03-09T15:58:41","modified_gmt":"2026-03-09T14:58:41","slug":"dui-cytogenetique","status":"publish","type":"page","link":"https:\/\/entetedemo02.fr\/chec\/dui-cytogenetique\/","title":{"rendered":"DIU Cytog\u00e9n\u00e9tique"},"content":{"rendered":"\t\t<div data-elementor-type=\"wp-page\" data-elementor-id=\"3185\" class=\"elementor elementor-3185\">\n\t\t\t\t<div class=\"elementor-element elementor-element-63ae9d0 e-flex e-con-boxed e-con e-parent\" data-id=\"63ae9d0\" data-element_type=\"container\">\n\t\t\t\t\t<div class=\"e-con-inner\">\n\t\t<div class=\"elementor-element elementor-element-8cfb448 e-con-full e-flex e-con e-child\" data-id=\"8cfb448\" data-element_type=\"container\" data-settings=\"{&quot;background_background&quot;:&quot;classic&quot;}\">\n\t\t\t\t<div class=\"elementor-element elementor-element-feb1ae7 elementor-icon-list--layout-traditional elementor-list-item-link-full_width elementor-widget elementor-widget-icon-list\" data-id=\"feb1ae7\" data-element_type=\"widget\" data-widget_type=\"icon-list.default\">\n\t\t\t\t\t\t\t<ul class=\"elementor-icon-list-items\">\n\t\t\t\t\t\t\t<li class=\"elementor-icon-list-item\">\n\t\t\t\t\t\t\t\t\t\t\t<span class=\"elementor-icon-list-icon\">\n\t\t\t\t\t\t\t<svg aria-hidden=\"true\" class=\"e-font-icon-svg e-far-clock\" viewBox=\"0 0 512 512\" xmlns=\"http:\/\/www.w3.org\/2000\/svg\"><path d=\"M256 8C119 8 8 119 8 256s111 248 248 248 248-111 248-248S393 8 256 8zm0 448c-110.5 0-200-89.5-200-200S145.5 56 256 56s200 89.5 200 200-89.5 200-200 200zm61.8-104.4l-84.9-61.7c-3.1-2.3-4.9-5.9-4.9-9.7V116c0-6.6 5.4-12 12-12h32c6.6 0 12 5.4 12 12v141.7l66.8 48.6c5.4 3.9 6.5 11.4 2.6 16.8L334.6 349c-3.9 5.3-11.4 6.5-16.8 2.6z\"><\/path><\/svg>\t\t\t\t\t\t<\/span>\n\t\t\t\t\t\t\t\t\t\t<span class=\"elementor-icon-list-text\"><b>Dur\u00e9e : <\/b> 135,5 heures<\/span>\n\t\t\t\t\t\t\t\t\t<\/li>\n\t\t\t\t\t\t\t\t<li class=\"elementor-icon-list-item\">\n\t\t\t\t\t\t\t\t\t\t\t<span class=\"elementor-icon-list-icon\">\n\t\t\t\t\t\t\t<svg aria-hidden=\"true\" class=\"e-font-icon-svg e-fas-university\" viewBox=\"0 0 512 512\" xmlns=\"http:\/\/www.w3.org\/2000\/svg\"><path d=\"M496 128v16a8 8 0 0 1-8 8h-24v12c0 6.627-5.373 12-12 12H60c-6.627 0-12-5.373-12-12v-12H24a8 8 0 0 1-8-8v-16a8 8 0 0 1 4.941-7.392l232-88a7.996 7.996 0 0 1 6.118 0l232 88A8 8 0 0 1 496 128zm-24 304H40c-13.255 0-24 10.745-24 24v16a8 8 0 0 0 8 8h464a8 8 0 0 0 8-8v-16c0-13.255-10.745-24-24-24zM96 192v192H60c-6.627 0-12 5.373-12 12v20h416v-20c0-6.627-5.373-12-12-12h-36V192h-64v192h-64V192h-64v192h-64V192H96z\"><\/path><\/svg>\t\t\t\t\t\t<\/span>\n\t\t\t\t\t\t\t\t\t\t<span class=\"elementor-icon-list-text\"><b> Facult\u00e9 : <\/b> Facult\u00e9 de Sant\u00e9<\/span>\n\t\t\t\t\t\t\t\t\t<\/li>\n\t\t\t\t\t\t<\/ul>\n\t\t\t\t\t\t<\/div>\n\t\t\t\t<div class=\"elementor-element elementor-element-c30aae4 elementor-widget elementor-widget-heading\" data-id=\"c30aae4\" data-element_type=\"widget\" data-widget_type=\"heading.default\">\n\t\t\t\t\t<h2 class=\"elementor-heading-title elementor-size-default\">Pr\u00e9sentation<\/h2>\t\t\t\t<\/div>\n\t\t\t\t<div class=\"elementor-element elementor-element-b04daa4 elementor-widget elementor-widget-wgl-toggle-accordion\" data-id=\"b04daa4\" data-element_type=\"widget\" data-widget_type=\"wgl-toggle-accordion.default\">\n\t\t\t\t<div class=\"elementor-widget-container\">\n\t\t\t\t\t<div class=\"wgl-accordion icon-custom\" id=\"wgl-accordion-b04daa4\" data-type=\"accordion\" data-trigger=\"\"><div class=\"wgl-accordion_panel elementor-repeater-item-9f79409\" id=\"wgl-accordion_panel-1841\"><div class=\"wgl-accordion_panel-inner\"><h4 class=\"wgl-accordion_header\"><span class=\"wgl-accordion_title\">R\u00e9f\u00e9rence formation (\u00e0 rappeler dans toute correspondance) : DIM581<\/span><span class=\"wgl-accordion_icon elementor-icon\"><svg aria-hidden=\"true\" class=\"e-font-icon-svg e-fas-arrow-right\" viewBox=\"0 0 448 512\" xmlns=\"http:\/\/www.w3.org\/2000\/svg\"><path d=\"M190.5 66.9l22.2-22.2c9.4-9.4 24.6-9.4 33.9 0L441 239c9.4 9.4 9.4 24.6 0 33.9L246.6 467.3c-9.4 9.4-24.6 9.4-33.9 0l-22.2-22.2c-9.5-9.5-9.3-25 .4-34.3L311.4 296H24c-13.3 0-24-10.7-24-24v-32c0-13.3 10.7-24 24-24h287.4L190.9 101.2c-9.8-9.3-10-24.8-.4-34.3z\"><\/path><\/svg><\/span><\/h4><div class=\"wgl-accordion_content\"><p><strong>Responsable(s) p\u00e9dagogique :\u00a0<\/strong>Prs Val\u00e9rie Malan et Anne-Claude Tabet<\/p><p><strong>Forme de l'enseignement :\u00a0<\/strong>hybride<\/p><p><strong>Universit\u00e9s partenaires<\/strong><span>\u00a0<\/span>:\u00a0Sorbonne Universit\u00e9, Universit\u00e9 Clermont-Auvergne, Universit\u00e9 Lyon I<\/p><p><a href=\"https:\/\/appt.parisdescartes.fr\/cgi-bin\/WebObjects\/CanditOnline.woa\" class=\"simple\" target=\"_blank\" rel=\"noopener\">Pour vous inscrire, d\u00e9posez votre candidature sur C@nditOnLine<\/a><\/p><\/div><\/div><\/div><div class=\"wgl-accordion_panel elementor-repeater-item-9e6748f\" id=\"wgl-accordion_panel-1842\"><div class=\"wgl-accordion_panel-inner\"><h4 class=\"wgl-accordion_header\"><span class=\"wgl-accordion_title\">Objectifs<\/span><span class=\"wgl-accordion_icon elementor-icon\"><svg aria-hidden=\"true\" class=\"e-font-icon-svg e-fas-arrow-right\" viewBox=\"0 0 448 512\" xmlns=\"http:\/\/www.w3.org\/2000\/svg\"><path d=\"M190.5 66.9l22.2-22.2c9.4-9.4 24.6-9.4 33.9 0L441 239c9.4 9.4 9.4 24.6 0 33.9L246.6 467.3c-9.4 9.4-24.6 9.4-33.9 0l-22.2-22.2c-9.5-9.5-9.3-25 .4-34.3L311.4 296H24c-13.3 0-24-10.7-24-24v-32c0-13.3 10.7-24 24-24h287.4L190.9 101.2c-9.8-9.3-10-24.8-.4-34.3z\"><\/path><\/svg><\/span><\/h4><div class=\"wgl-accordion_content\"><ul><li><p>La r\u00e9forme du 3e cycle des \u00e9tudes m\u00e9dicales a fait disparaitre le DESC de cytog\u00e9n\u00e9tique m\u00e9dicale, seul dipl\u00f4me sup\u00e9rieur de cette sursp\u00e9cialit\u00e9.<\/p><p>Le<span>\u00a0<\/span><strong>DIU de cytog\u00e9n\u00e9tique m\u00e9dicale<\/strong><span>\u00a0<\/span>est un enseignement national des comp\u00e9tences \u00e0 acqu\u00e9rir pour exercer en cytog\u00e9n\u00e9tique tenant compte de l\u2019\u00e9volution de la discipline. Ce dipl\u00f4me s\u2019inscrit dans le cadre des formations du plan France M\u00e9decine G\u00e9nomique 2025<\/p><p>Le programme int\u00e8gre l\u2019enseignement de la cytog\u00e9n\u00e9tique conventionnelle et de la cytog\u00e9nomique constitutionnelle et acquise.<\/p><\/li><\/ul><\/div><\/div><\/div><div class=\"wgl-accordion_panel elementor-repeater-item-1ca7851\" id=\"wgl-accordion_panel-1843\"><div class=\"wgl-accordion_panel-inner\"><h4 class=\"wgl-accordion_header\"><span class=\"wgl-accordion_title\">Comp\u00e9tences vis\u00e9es\n<\/span><span class=\"wgl-accordion_icon elementor-icon\"><svg aria-hidden=\"true\" class=\"e-font-icon-svg e-fas-arrow-right\" viewBox=\"0 0 448 512\" xmlns=\"http:\/\/www.w3.org\/2000\/svg\"><path d=\"M190.5 66.9l22.2-22.2c9.4-9.4 24.6-9.4 33.9 0L441 239c9.4 9.4 9.4 24.6 0 33.9L246.6 467.3c-9.4 9.4-24.6 9.4-33.9 0l-22.2-22.2c-9.5-9.5-9.3-25 .4-34.3L311.4 296H24c-13.3 0-24-10.7-24-24v-32c0-13.3 10.7-24 24-24h287.4L190.9 101.2c-9.8-9.3-10-24.8-.4-34.3z\"><\/path><\/svg><\/span><\/h4><div class=\"wgl-accordion_content\"><ul><li><div class=\"ametys-courses-single-two-columns-content__body\"><section class=\"g-mb-35\"><div id=\"limited-content-N1083F\" class=\"ametys-limited-content\" data-max-height=\"220\"><div class=\"ametys-richtext ametys-limited-content__body g-font-size-16 ametys-limited-content__body--destoryed\"><p>Le DIU constitue un des \u00e9l\u00e9ments pris en compte pour l'obtention de l'agr\u00e9ment minist\u00e9riel pour la pratique de la cytog\u00e9n\u00e9tique.<\/p><\/div><\/div><\/section><\/div><aside class=\"ametys-courses-single-two-columns-content__sidebar\"><section class=\"g-mb-55\"><\/section><\/aside><\/li><\/ul><\/div><\/div><\/div><\/div>\t\t\t\t<\/div>\n\t\t\t\t<\/div>\n\t\t\t\t<div class=\"elementor-element elementor-element-62d8810 elementor-widget elementor-widget-heading\" data-id=\"62d8810\" data-element_type=\"widget\" data-widget_type=\"heading.default\">\n\t\t\t\t\t<h2 class=\"elementor-heading-title elementor-size-default\">Programme<\/h2>\t\t\t\t<\/div>\n\t\t\t\t<div class=\"elementor-element elementor-element-898b61a elementor-widget elementor-widget-wgl-toggle-accordion\" data-id=\"898b61a\" data-element_type=\"widget\" data-widget_type=\"wgl-toggle-accordion.default\">\n\t\t\t\t<div class=\"elementor-widget-container\">\n\t\t\t\t\t<div class=\"wgl-accordion icon-custom\" id=\"wgl-accordion-898b61a\" data-type=\"accordion\" data-trigger=\"\"><div class=\"wgl-accordion_panel elementor-repeater-item-9f79409\" id=\"wgl-accordion_panel-1441\"><div class=\"wgl-accordion_panel-inner\"><h4 class=\"wgl-accordion_header\"><span class=\"wgl-accordion_title\">R\u00e9f\u00e9rence formation : DIM581<\/span><span class=\"wgl-accordion_icon elementor-icon\"><svg aria-hidden=\"true\" class=\"e-font-icon-svg e-fas-arrow-right\" viewBox=\"0 0 448 512\" xmlns=\"http:\/\/www.w3.org\/2000\/svg\"><path d=\"M190.5 66.9l22.2-22.2c9.4-9.4 24.6-9.4 33.9 0L441 239c9.4 9.4 9.4 24.6 0 33.9L246.6 467.3c-9.4 9.4-24.6 9.4-33.9 0l-22.2-22.2c-9.5-9.5-9.3-25 .4-34.3L311.4 296H24c-13.3 0-24-10.7-24-24v-32c0-13.3 10.7-24 24-24h287.4L190.9 101.2c-9.8-9.3-10-24.8-.4-34.3z\"><\/path><\/svg><\/span><\/h4><div class=\"wgl-accordion_content\"><p><strong>Volume horaire<\/strong><span>\u00a0<\/span>: 135,5 heures, dont 78,75 heures de cours magistraux en distanciel synchrone, 54,75 heures d\u2019enseignements dirig\u00e9s et 2 heures de QCM<\/p><p><strong>Calendrier<\/strong><span>\u00a0<\/span>: d\u00e9but de formation : 02\/02\/2026 - fin de formation : 25\/06\/2026<\/p><p><strong>Rythme<\/strong><span>\u00a0<\/span>: 4 jours par mois soit, 5 modules de formations \u00e0 temps plein, 4 \u00e0 distance synchrone et 1 en pr\u00e9sentiel \u00e0 Paris.<\/p><p><strong>PLANNING 2024-2025<span>\u00a0<\/span><\/strong>:<\/p><ul class=\"disc\"><li>UE1 - du 2 au 5 f\u00e9vrier 2026<\/li><li>UE2 \u2013 du 9 mars au 12 mars 2026<\/li><li>UE3 \u2013 du 30 mars au 2 avril 2026<\/li><li>UE4 - du 4 au 6 mai 2026<\/li><li>UE5 \u2013 du 22 au 25 juin 2026\u00a0<span>\u00a0<\/span><strong>&gt;&gt;PR\u00c9SENTIEL<\/strong><span>\u00a0<\/span><strong>OBLIGATOIRE&lt;&lt;<\/strong><\/li><li><strong>Examen : jeudi 25 juin 2026<\/strong><\/li><\/ul><p><strong>Lieu<\/strong><span>\u00a0<\/span>: Universit\u00e9 de Paris<\/p><p><strong>CONTENUS P\u00c9DAGOGIQUES<\/strong><\/p><ul class=\"disc\"><li>Module 1 : Cytog\u00e9n\u00e9tique fondamentale et approches techniques<\/li><li>Module 2 : Anomalies chromosomiques et m\u00e9canismes de survenue<\/li><\/ul><ul class=\"disc\"><li>Module 3 : Application de la cytog\u00e9n\u00e9tique au diagnostic pr\u00e9natal et aux pathologies du d\u00e9veloppement<\/li><\/ul><ul class=\"disc\"><li>Module 4 : Cytog\u00e9n\u00e9tique en oncoh\u00e9matologie<\/li><\/ul><ul class=\"disc\"><li>Module 5 : Enseignements Dirig\u00e9s, cas clinique et nomenclature<\/li><\/ul><p><strong>MOYENS P\u00c9DAGOGIQUES ET TECHNIQUES D\u2019ENCADREMENT<\/strong><\/p><p><strong>\u00c9quipe p\u00e9dagogique<\/strong><\/p><p><strong>Responsables p\u00e9dagogiques<\/strong><span>\u00a0<\/span>:<\/p><p>Pr Val\u00e9rie Malan - PU-PH en biologie m\u00e9dicale - histologie-embryologie-cytog\u00e9n\u00e9tique - H\u00f4pital Necker-Enfants Malades<\/p><p>Anne-Claude Tabet, Professeur Associ\u00e9-PH, UF de cytog\u00e9n\u00e9tique H\u00f4pital Robert-Debr\u00e9<\/p><p><strong>Membres de la commission p\u00e9dagogique<\/strong><span>\u00a0<\/span><strong>:<\/strong><\/p><ul class=\"disc\"><li>Pr Jean-Michel Dupont, UPCit\u00e9<\/li><li>Pr Val\u00e9rie Malan, UPCit\u00e9<\/li><li>Pr Florence Nguyen-Khac, Sorbonne Universit\u00e9<\/li><li>Pr Serge Romana, UPCit\u00e9<\/li><li>Pr Damien Sanlaville, Universit\u00e9 Lyon I<\/li><li>Pr Anne-Claude Tabet, UPCit\u00e9<\/li><li>Pr Philippe Vago, Universit\u00e9 de Clermont-Auvergne<\/li><\/ul><p><strong>Autres membres de l'\u00e9quipe p\u00e9dagogique :<br \/><\/strong>Pr Tania Attie \/ Dr Nathalie Auger \/ Dr Zsofia Balogh \/ Pr Marc-Antoine Belaud-Rotureau \/ Dr Elise Chapiro \/ Dr Nicolas Chatron \/ Pr Henri copin \/ Pr Charles Coutton \/ Pr Fran\u00e7ois Delhommeau \/ Pr Martine Doco Fenzy \/ dr c\u00e9line Dupont \/ Dr Laila El Khattabi \/ Dr Pierre Hirsch \/ Dr Sylvie Jaillard \/ Dr Jonathan Levy \/ Dr Marie-Laure Maurin \/ Pr Jean-Philippe Merlio \/ Dr Franck Pellestor \/ Dr Eva Pipiras \/ Dr Myriam Rachid \/ Dr Caroline Schluth-Bolard \/ Pr Jean-Pierre Siffroi \/ Pr Andre\u00ef Tchirkov \/ Dr J\u00e9r\u00f4me Toutain<\/p><p><strong>Ressources mat\u00e9rielles :<br \/><\/strong>Afin de favoriser une d\u00e9marche interactive et collaborative, diff\u00e9rents outils informatiques seront propos\u00e9s pour permettre :<\/p><ul class=\"disc\"><li>d'\u00e9changer des fichiers, des donn\u00e9es<\/li><li>de partager des ressources, des informations<\/li><li>de communiquer simplement en dehors de la salle de cours et des temps d\u00e9di\u00e9s \u00e0 la formation.<\/li><\/ul><p><strong>MOYENS PERMETTANT DE SUIVRE L\u2019EX\u00c9CUTION DE LA FORMATION ET D\u2019EN APPR\u00c9CIER LES R\u00c9SULTATS<\/strong><\/p><p>Au cours de la formation, le stagiaire \u00e9marge une feuille de pr\u00e9sence par demi-journ\u00e9e de formation en pr\u00e9sentiel et le Responsable de la Formation \u00e9met une attestation d\u2019assiduit\u00e9 pour la formation en distanciel.<\/p><p>\u00c0 l\u2019issue de la formation, le stagiaire remplit un questionnaire de satisfaction en ligne, \u00e0 chaud. Celui-ci est analys\u00e9 et le bilan est remont\u00e9 au conseil p\u00e9dagogique de la formation.<\/p><\/div><\/div><\/div><div class=\"wgl-accordion_panel elementor-repeater-item-4d7212a\" id=\"wgl-accordion_panel-1442\"><div class=\"wgl-accordion_panel-inner\"><h4 class=\"wgl-accordion_header\"><span class=\"wgl-accordion_title\">Contr\u00f4le des connaissances<\/span><span class=\"wgl-accordion_icon elementor-icon\"><svg aria-hidden=\"true\" class=\"e-font-icon-svg e-fas-arrow-right\" viewBox=\"0 0 448 512\" xmlns=\"http:\/\/www.w3.org\/2000\/svg\"><path d=\"M190.5 66.9l22.2-22.2c9.4-9.4 24.6-9.4 33.9 0L441 239c9.4 9.4 9.4 24.6 0 33.9L246.6 467.3c-9.4 9.4-24.6 9.4-33.9 0l-22.2-22.2c-9.5-9.5-9.3-25 .4-34.3L311.4 296H24c-13.3 0-24-10.7-24-24v-32c0-13.3 10.7-24 24-24h287.4L190.9 101.2c-9.8-9.3-10-24.8-.4-34.3z\"><\/path><\/svg><\/span><\/h4><div class=\"wgl-accordion_content\"><ul class=\"disc\"><li>Modalit\u00e9s de contr\u00f4le de connaissances et comp\u00e9tences<ul class=\"disc\"><li>4 QCM<\/li><li>\u00c9preuve pratique en situation<\/li><\/ul><\/li><li>Modalit\u00e9s de validation de dipl\u00f4me<ul class=\"disc\"><li>Satisfaire aux conditions d'assiduit\u00e9,<\/li><li>Obtenir au moins 12\/20 \u00e0 l'ensemble des \u00e9preuves<\/li><\/ul><\/li><\/ul><\/div><\/div><\/div><div class=\"wgl-accordion_panel elementor-repeater-item-7598b22\" id=\"wgl-accordion_panel-1443\"><div class=\"wgl-accordion_panel-inner\"><h4 class=\"wgl-accordion_header\"><span class=\"wgl-accordion_title\">Am\u00e9nagements particuliers<\/span><span class=\"wgl-accordion_icon elementor-icon\"><svg aria-hidden=\"true\" class=\"e-font-icon-svg e-fas-arrow-right\" viewBox=\"0 0 448 512\" xmlns=\"http:\/\/www.w3.org\/2000\/svg\"><path d=\"M190.5 66.9l22.2-22.2c9.4-9.4 24.6-9.4 33.9 0L441 239c9.4 9.4 9.4 24.6 0 33.9L246.6 467.3c-9.4 9.4-24.6 9.4-33.9 0l-22.2-22.2c-9.5-9.5-9.3-25 .4-34.3L311.4 296H24c-13.3 0-24-10.7-24-24v-32c0-13.3 10.7-24 24-24h287.4L190.9 101.2c-9.8-9.3-10-24.8-.4-34.3z\"><\/path><\/svg><\/span><\/h4><div class=\"wgl-accordion_content\"><p>Universit\u00e9 Paris Cit\u00e9 s\u2019engage pour un accueil et un accompagnement personnalis\u00e9 des personnes en situation de handicap, tout au long de leur parcours de formation.<\/p><p>Pour plus d\u2019informations sur les modalit\u00e9s et pour avoir le contact de votre interlocuteur, veuillez cliquer<a href=\"https:\/\/u-paris.fr\/etudes-et-handicap\/\" class=\"simple\" target=\"_blank\" rel=\"noopener\"><span>\u00a0<\/span>ici<\/a>.\u00a0<\/p><\/div><\/div><\/div><div class=\"wgl-accordion_panel elementor-repeater-item-1821cba\" id=\"wgl-accordion_panel-1444\"><div class=\"wgl-accordion_panel-inner\"><h4 class=\"wgl-accordion_header\"><span class=\"wgl-accordion_title\">Morphogen\u00e8se<\/span><span class=\"wgl-accordion_icon elementor-icon\"><svg aria-hidden=\"true\" class=\"e-font-icon-svg e-fas-arrow-right\" viewBox=\"0 0 448 512\" xmlns=\"http:\/\/www.w3.org\/2000\/svg\"><path d=\"M190.5 66.9l22.2-22.2c9.4-9.4 24.6-9.4 33.9 0L441 239c9.4 9.4 9.4 24.6 0 33.9L246.6 467.3c-9.4 9.4-24.6 9.4-33.9 0l-22.2-22.2c-9.5-9.5-9.3-25 .4-34.3L311.4 296H24c-13.3 0-24-10.7-24-24v-32c0-13.3 10.7-24 24-24h287.4L190.9 101.2c-9.8-9.3-10-24.8-.4-34.3z\"><\/path><\/svg><\/span><\/h4><div class=\"wgl-accordion_content\"><p><a href=\"https:\/\/unice-my.sharepoint.com\/:v:\/g\/personal\/damien_ambrosetti_unice_fr\/ET2zBrFaWXZMowDRadzDU4wBQlMg5F-7VAF_NzxyFxCMWw?e=sl3Pgg\" target=\"_blank\" rel=\"noopener\">D\u00e9limitation<\/a> - Pr Philippe VAGO (Clermont) - Relectrice: Dr Sylvie Jaillard (Rennes)<\/p><p><a href=\"https:\/\/unice-my.sharepoint.com\/:v:\/g\/personal\/damien_ambrosetti_unice_fr\/EUeotuyyt2NOmDwLeXtTHYQBY-_-r1TM48AptrKPnaUo8w?e=7WSJwR\" target=\"_blank\" rel=\"noopener\">2e mois<\/a> - Drs Sylvie JAILLARD, Laura MARY et Anne-Sophie NEYROUD (Rennes) - Relecteur : Pr Philippe VAGO (Clermont)<\/p><p><a href=\"https:\/\/unice-my.sharepoint.com\/:v:\/g\/personal\/damien_ambrosetti_unice_fr\/Ee94ipOwbKFOsmxRW-vTDgkBA08JO-7vJbTEXMfmlrpu7w?e=vYK4Ec\" target=\"_blank\" rel=\"noopener\">Du 3e mois \u00e0 la d\u00e9livrance<\/a> - Drs Sylvie JAILLARD, Laura MARY et Anne-Sophie NEYROUD (Rennes) - Relecteur : Pr Philippe VAGO (Clermont)<\/p><\/div><\/div><\/div><div class=\"wgl-accordion_panel elementor-repeater-item-499e881\" id=\"wgl-accordion_panel-1445\"><div class=\"wgl-accordion_panel-inner\"><h4 class=\"wgl-accordion_header\"><span class=\"wgl-accordion_title\">Placenta et annexes<\/span><span class=\"wgl-accordion_icon elementor-icon\"><svg aria-hidden=\"true\" class=\"e-font-icon-svg e-fas-arrow-right\" viewBox=\"0 0 448 512\" xmlns=\"http:\/\/www.w3.org\/2000\/svg\"><path d=\"M190.5 66.9l22.2-22.2c9.4-9.4 24.6-9.4 33.9 0L441 239c9.4 9.4 9.4 24.6 0 33.9L246.6 467.3c-9.4 9.4-24.6 9.4-33.9 0l-22.2-22.2c-9.5-9.5-9.3-25 .4-34.3L311.4 296H24c-13.3 0-24-10.7-24-24v-32c0-13.3 10.7-24 24-24h287.4L190.9 101.2c-9.8-9.3-10-24.8-.4-34.3z\"><\/path><\/svg><\/span><\/h4><div class=\"wgl-accordion_content\"><p><a href=\"https:\/\/unice-my.sharepoint.com\/:v:\/g\/personal\/damien_ambrosetti_unice_fr\/EWYhzWWvaotPky-f5Tr6As4BZpTnWTJLzp54n6WWWIk5-A?e=9qRYJp\" target=\"_blank\" rel=\"noopener\">Placenta<\/a> <a href=\"https:\/\/unice-my.sharepoint.com\/:v:\/g\/personal\/damien_ambrosetti_unice_fr\/Eck3P_gGOnFIrVhJNoEa6e8BnwpKOT0K6t7k__9U-bAq8Q?e=TyzpPk\" target=\"_blank\" rel=\"noopener\">QCM<\/a> - Drs Sylvie JAILLARD, Laura MARY et Anne-Sophie NEYROUD (Rennes) - Relecteur : Pr Philippe VAGO (Clermont)<\/p><p>Membranes - Drs Sylvie JAILLARD, Laura MARY et Anne-Sophie NEYROUD (Rennes) - Relecteur : Pr Philippe VAGO (Clermont)<\/p><\/div><\/div><\/div><\/div>\t\t\t\t<\/div>\n\t\t\t\t<\/div>\n\t\t\t\t<div class=\"elementor-element elementor-element-62367b7 elementor-widget elementor-widget-heading\" data-id=\"62367b7\" data-element_type=\"widget\" data-widget_type=\"heading.default\">\n\t\t\t\t\t<h2 class=\"elementor-heading-title elementor-size-default\">Admission<\/h2>\t\t\t\t<\/div>\n\t\t\t\t<div class=\"elementor-element elementor-element-e5a29fd elementor-widget elementor-widget-wgl-toggle-accordion\" data-id=\"e5a29fd\" data-element_type=\"widget\" data-widget_type=\"wgl-toggle-accordion.default\">\n\t\t\t\t<div class=\"elementor-widget-container\">\n\t\t\t\t\t<div class=\"wgl-accordion icon-custom\" id=\"wgl-accordion-e5a29fd\" data-type=\"accordion\" data-trigger=\"\"><div class=\"wgl-accordion_panel elementor-repeater-item-9f79409\" id=\"wgl-accordion_panel-2401\"><div class=\"wgl-accordion_panel-inner\"><h4 class=\"wgl-accordion_header\"><span class=\"wgl-accordion_title\">Public cible<\/span><span class=\"wgl-accordion_icon elementor-icon\"><svg aria-hidden=\"true\" class=\"e-font-icon-svg e-fas-arrow-right\" viewBox=\"0 0 448 512\" xmlns=\"http:\/\/www.w3.org\/2000\/svg\"><path d=\"M190.5 66.9l22.2-22.2c9.4-9.4 24.6-9.4 33.9 0L441 239c9.4 9.4 9.4 24.6 0 33.9L246.6 467.3c-9.4 9.4-24.6 9.4-33.9 0l-22.2-22.2c-9.5-9.5-9.3-25 .4-34.3L311.4 296H24c-13.3 0-24-10.7-24-24v-32c0-13.3 10.7-24 24-24h287.4L190.9 101.2c-9.8-9.3-10-24.8-.4-34.3z\"><\/path><\/svg><\/span><\/h4><div class=\"wgl-accordion_content\"><ul class=\"disc\"><li>Docteurs en M\u00e9decine, en Pharmacie et V\u00e9t\u00e9rinaire ;<\/li><li>Titulaires d\u2019un doctorat ou d'un master ;<\/li><li>Titulaires d\u2019une licence, d\u2019un DUT, d\u2019un BTS ou tout autre dipl\u00f4me \u00e9quivalent<\/li><li>Internes en m\u00e9decine, pharmacie ou \u00e9tudes v\u00e9t\u00e9rinaires ;<\/li><li>\u00c9tudiants en 2\u00e8me ann\u00e9e de master<\/li><li>\u00c9tudiants en doctorat<\/li><li>\u00c9tudiants salari\u00e9s des ENS<\/li><\/ul><\/div><\/div><\/div><div class=\"wgl-accordion_panel elementor-repeater-item-4d7212a\" id=\"wgl-accordion_panel-2402\"><div class=\"wgl-accordion_panel-inner\"><h4 class=\"wgl-accordion_header\"><span class=\"wgl-accordion_title\">Conditions d'admission<\/span><span class=\"wgl-accordion_icon elementor-icon\"><svg aria-hidden=\"true\" class=\"e-font-icon-svg e-fas-arrow-right\" viewBox=\"0 0 448 512\" xmlns=\"http:\/\/www.w3.org\/2000\/svg\"><path d=\"M190.5 66.9l22.2-22.2c9.4-9.4 24.6-9.4 33.9 0L441 239c9.4 9.4 9.4 24.6 0 33.9L246.6 467.3c-9.4 9.4-24.6 9.4-33.9 0l-22.2-22.2c-9.5-9.5-9.3-25 .4-34.3L311.4 296H24c-13.3 0-24-10.7-24-24v-32c0-13.3 10.7-24 24-24h287.4L190.9 101.2c-9.8-9.3-10-24.8-.4-34.3z\"><\/path><\/svg><\/span><\/h4><div class=\"wgl-accordion_content\"><p>L'entr\u00e9e en formation n\u00e9cessite un avis p\u00e9dagogique. Vous d\u00e9poserez dans<span>\u00a0<\/span><a href=\"https:\/\/appt.parisdescartes.fr\/cgi-bin\/WebObjects\/CanditOnline.woa\" class=\"simple\" target=\"_blank\" rel=\"noopener\">C@nditOnLine :<\/a><\/p><ul class=\"disc\"><li>votre Curriculum Vitae<\/li><li>votre lettre de motivation pour participer \u00e0 la formation<\/li><li>vos dipl\u00f4mes vous permettant de justifier l'acc\u00e8s \u00e0 la formation<\/li><\/ul><\/div><\/div><\/div><div class=\"wgl-accordion_panel elementor-repeater-item-7598b22\" id=\"wgl-accordion_panel-2403\"><div class=\"wgl-accordion_panel-inner\"><h4 class=\"wgl-accordion_header\"><span class=\"wgl-accordion_title\">Pr\u00e9-requis<\/span><span class=\"wgl-accordion_icon elementor-icon\"><svg aria-hidden=\"true\" class=\"e-font-icon-svg e-fas-arrow-right\" viewBox=\"0 0 448 512\" xmlns=\"http:\/\/www.w3.org\/2000\/svg\"><path d=\"M190.5 66.9l22.2-22.2c9.4-9.4 24.6-9.4 33.9 0L441 239c9.4 9.4 9.4 24.6 0 33.9L246.6 467.3c-9.4 9.4-24.6 9.4-33.9 0l-22.2-22.2c-9.5-9.5-9.3-25 .4-34.3L311.4 296H24c-13.3 0-24-10.7-24-24v-32c0-13.3 10.7-24 24-24h287.4L190.9 101.2c-9.8-9.3-10-24.8-.4-34.3z\"><\/path><\/svg><\/span><\/h4><div class=\"wgl-accordion_content\"><p><span>Exp\u00e9rience professionnelle : Pour les titulaires d\u2019un niveau inf\u00e9rieur \u00e0 Bac+5, le candidat devra justifier d\u2019au moins 3 ans d\u2019exp\u00e9rience en lien avec le dipl\u00f4me<\/span><\/p><\/div><\/div><\/div><div class=\"wgl-accordion_panel elementor-repeater-item-9e3dbf8\" id=\"wgl-accordion_panel-2404\"><div class=\"wgl-accordion_panel-inner\"><h4 class=\"wgl-accordion_header\"><span class=\"wgl-accordion_title\">Les clefs de la r\u00e9ussite<\/span><span class=\"wgl-accordion_icon elementor-icon\"><svg aria-hidden=\"true\" class=\"e-font-icon-svg e-fas-arrow-right\" viewBox=\"0 0 448 512\" xmlns=\"http:\/\/www.w3.org\/2000\/svg\"><path d=\"M190.5 66.9l22.2-22.2c9.4-9.4 24.6-9.4 33.9 0L441 239c9.4 9.4 9.4 24.6 0 33.9L246.6 467.3c-9.4 9.4-24.6 9.4-33.9 0l-22.2-22.2c-9.5-9.5-9.3-25 .4-34.3L311.4 296H24c-13.3 0-24-10.7-24-24v-32c0-13.3 10.7-24 24-24h287.4L190.9 101.2c-9.8-9.3-10-24.8-.4-34.3z\"><\/path><\/svg><\/span><\/h4><div class=\"wgl-accordion_content\"><section class=\"g-mb-35\"><div id=\"limited-content-N109ED\" class=\"ametys-limited-content\" data-max-height=\"220\"><div class=\"ametys-richtext ametys-limited-content__body g-font-size-16 ametys-limited-content__body--destoryed\"><p>Des fiches pratiques sont \u00e0 votre disposition sur la page<span>\u00a0<\/span><a href=\"http:\/\/www.reussir-en-universite.fr\/index.html\" class=\"simple\" target=\"_blank\" rel=\"noopener\">http:\/\/www.reussir-en-universite.fr\/index.html<\/a>.<\/p><\/div><\/div><\/section><section class=\"g-mb-35\"><\/section><\/div><\/div><\/div><div class=\"wgl-accordion_panel elementor-repeater-item-1821cba\" id=\"wgl-accordion_panel-2405\"><div class=\"wgl-accordion_panel-inner\"><h4 class=\"wgl-accordion_header\"><span class=\"wgl-accordion_title\">Modalit\u00e9s de candidature<\/span><span class=\"wgl-accordion_icon elementor-icon\"><svg aria-hidden=\"true\" class=\"e-font-icon-svg e-fas-arrow-right\" viewBox=\"0 0 448 512\" xmlns=\"http:\/\/www.w3.org\/2000\/svg\"><path d=\"M190.5 66.9l22.2-22.2c9.4-9.4 24.6-9.4 33.9 0L441 239c9.4 9.4 9.4 24.6 0 33.9L246.6 467.3c-9.4 9.4-24.6 9.4-33.9 0l-22.2-22.2c-9.5-9.5-9.3-25 .4-34.3L311.4 296H24c-13.3 0-24-10.7-24-24v-32c0-13.3 10.7-24 24-24h287.4L190.9 101.2c-9.8-9.3-10-24.8-.4-34.3z\"><\/path><\/svg><\/span><\/h4><div class=\"wgl-accordion_content\"><div class=\"ametys-richtext ametys-limited-content__body g-font-size-16\"><p><strong>R\u00e9f\u00e9rence formation : DIM581<\/strong><\/p><p><strong><a href=\"https:\/\/appt.parisdescartes.fr\/cgi-bin\/WebObjects\/CanditOnline.woa\" class=\"simple\" target=\"_blank\" rel=\"noopener\"><span class=\"image-wrapper simple\"><img decoding=\"async\" src=\"https:\/\/odf.u-paris.fr\/_richText-file\/ametys%253Aplugins\/odf\/ametys%253Acontents\/program-diu-cytogenetique-medicale\/_attribute\/additionalInformations\/_data\/Logo%20CanditOnline_40x208.png\" alt=\"\" width=\"208\" height=\"40\" \/><\/span><\/a><\/strong><\/p><p>1. Cr\u00e9er et activer votre compte utilisateur sur la plateforme\u00a0<a href=\"https:\/\/appt.parisdescartes.fr\/cgi-bin\/WebObjects\/CanditOnline.woa\" class=\"simple\" target=\"_blank\" rel=\"noopener\">C@nditOnLine<\/a><span>\u00a0<\/span>(accessible gr\u00e2ce aux navigateurs Chrome ou Mozilla)<\/p><p>2. Compl\u00e9ter attentivement vos informations personnelles et d\u00e9poser obligatoirement tous les documents justificatifs,\u00a0<strong>uniquement au format PDF<\/strong>, \u00e0 savoir :<\/p><ul class=\"disc\"><li>La copie recto-verso de votre pi\u00e8ce d'identit\u00e9 en cours de validit\u00e9 (carte nationale d'identit\u00e9 ou passeport)<\/li><li>Le dipl\u00f4me d'\u00c9tat justifiant le niveau d'acc\u00e8s \u00e0 la formation souhait\u00e9e<\/li><li>Pour les \u00e9trangers hors Union Europ\u00e9enne :\u00a0joindre en compl\u00e9ment la copie recto-verso du titre de s\u00e9jour ou r\u00e9c\u00e9piss\u00e9 ou visa en cours de validit\u00e9<\/li><\/ul><p>3. Cliquer sur \"Mes candidatures\" puis sur \"Nouvelle candidature\"<\/p><p>4. S\u00e9lectionner le domaine de rattachement (UFR\/Composante), le type et l'intitul\u00e9 de la formation souhait\u00e9e. Pr\u00e9ciser le mode de financement.<\/p><p>5. T\u00e9l\u00e9charger votre CV et votre lettre de motivation pour chaque formation souhait\u00e9e.<\/p><p><strong>A joindre en compl\u00e9ment dans C@nditOnLine :<\/strong><\/p><ul class=\"disc\"><li>si vous \u00eates \u00e9tudiant en LMD, interne, ou faisant fonction d'interne inscrit dans une universit\u00e9 : votre certificat de scolarit\u00e9 universitaire justifiant de votre inscription pour l'ann\u00e9e universitaire en cours \u00e0 un Dipl\u00f4me National ou un Dipl\u00f4me d'Etat (hors DU-DIU)<\/li><li>si vous b\u00e9n\u00e9ficiez d'une prise en charge : votre accord de prise en charge<\/li><\/ul><p><strong>TOUT DOSSIER INCOMPLET NE POURRA PAS \u00caTRE TRAIT\u00c9.<\/strong><\/p><p><strong>ATTENTION : POUR LES DEMANDEURS D'EMPLOI<\/strong>, pr\u00e9ciser dans votre dossier C@nditOnLine, votre num\u00e9ro de demandeur d'emploi, votre agence de rattachement et s\u00e9lectionner le mode de financement P\u00f4le emploi au moment de la candidature.<\/p><p><a href=\"https:\/\/appt.parisdescartes.fr\/cgi-bin\/WebObjects\/CanditOnline.woa\" class=\"simple\" target=\"_blank\" rel=\"noopener\">POSTULER A LA FORMATION en vous connectant \u00e0 la plateforme\u00a0C@nditOnLine<\/a><span>\u00a0<\/span>(lien cliquable)<\/p><\/div><p>\u00a0<\/p><\/div><\/div><\/div><div class=\"wgl-accordion_panel elementor-repeater-item-499e881\" id=\"wgl-accordion_panel-2406\"><div class=\"wgl-accordion_panel-inner\"><h4 class=\"wgl-accordion_header\"><span class=\"wgl-accordion_title\">Droits de scolarit\u00e9<\/span><span class=\"wgl-accordion_icon elementor-icon\"><svg aria-hidden=\"true\" class=\"e-font-icon-svg e-fas-arrow-right\" viewBox=\"0 0 448 512\" xmlns=\"http:\/\/www.w3.org\/2000\/svg\"><path d=\"M190.5 66.9l22.2-22.2c9.4-9.4 24.6-9.4 33.9 0L441 239c9.4 9.4 9.4 24.6 0 33.9L246.6 467.3c-9.4 9.4-24.6 9.4-33.9 0l-22.2-22.2c-9.5-9.5-9.3-25 .4-34.3L311.4 296H24c-13.3 0-24-10.7-24-24v-32c0-13.3 10.7-24 24-24h287.4L190.9 101.2c-9.8-9.3-10-24.8-.4-34.3z\"><\/path><\/svg><\/span><\/h4><div class=\"wgl-accordion_content\"><p><strong>FRAIS DE FORMATION* selon votre profil<\/strong><\/p><ul class=\"disc\"><li>Pour toute personne b\u00e9n\u00e9ficiant ou pas d\u2019une prise en charge totale ou partielle :<span>\u00a0<\/span><strong>2360 \u20ac<\/strong><\/li><li>Pour toute personne finan\u00e7ant seule sa formation (hors Pole Emploi) :<span>\u00a0<\/span><strong>2360 \u20ac<\/strong><\/li><\/ul><ul class=\"disc\"><li>Pour toute personne finan\u00e7ant seule sa formation et dipl\u00f4m\u00e9e de moins de 2 ans d\u2019un DN\/DE (hors DU-DIU) OU justifiant pour l\u2019ann\u00e9e en cours d\u2019un statut d\u2019AHU OU de CCA OU de FFI hospitalier OU de param\u00e9dicaux\u00a0:<span>\u00a0<\/span><strong>1720 \u20ac<\/strong><span>\u00a0<\/span>(justificatif \u00e0 d\u00e9poser dans CanditOnLine)<\/li><li>Pour toute personne finan\u00e7ant seule sa formation et \u00e9tant \u00e9tudiant, interne, ou Faisant Fonction d'Interne universitaire\u00a0:<span>\u00a0<\/span><strong>970 \u20ac<\/strong><span>\u00a0<\/span>(certificat de scolarit\u00e9 universitaire justifiant votre inscription en Formation Initiale pour l\u2019ann\u00e9e universitaire en cours \u00e0 un Dipl\u00f4me National ou un Dipl\u00f4me d\u2019\u00c9tat - hors DU-DIU - \u00e0 d\u00e9poser dans CanditOnLine)<\/li><\/ul><p><strong>+ FRAIS DE DOSSIER* : 300 \u20ac<span>\u00a0<\/span><\/strong>(\u00e0 noter : si vous \u00eates d\u00e9j\u00e0 inscrit(e) dans un Dipl\u00f4me National \u00e0 Universit\u00e9 de Paris sur la m\u00eame ann\u00e9e universitaire, vous \u00eates exon\u00e9r\u00e9(e) des frais de dossier \u2013 certificat de scolarit\u00e9 \u00e0 d\u00e9poser dans CanditOnLine).<\/p><p><a href=\"https:\/\/formationcontinue.u-paris.fr\/documentations\/\" class=\"simple\" target=\"_blank\" rel=\"noopener\"><strong>Cliquez ici pour lire les Conditions G\u00e9n\u00e9rales de vente<\/strong><\/a><strong><em>\u00a0<\/em><\/strong><strong><em>\/ Outils de l\u2019adulte en Formation Continue \/ Documents institutionnels \/ CGV hors VAE<\/em><\/strong><\/p><p><em>*Les tarifs des frais de formation et des frais de dossier sont sous r\u00e9serve de modification par les instances de l\u2019Universit\u00e9.<\/em><\/p><\/div><\/div><\/div><\/div>\t\t\t\t<\/div>\n\t\t\t\t<\/div>\n\t\t\t\t<div class=\"elementor-element elementor-element-d721b87 elementor-widget elementor-widget-heading\" data-id=\"d721b87\" data-element_type=\"widget\" data-widget_type=\"heading.default\">\n\t\t\t\t\t<h2 class=\"elementor-heading-title elementor-size-default\">Et apr\u00e8s ?<\/h2>\t\t\t\t<\/div>\n\t\t\t\t<div class=\"elementor-element elementor-element-80e7911 elementor-widget elementor-widget-wgl-toggle-accordion\" data-id=\"80e7911\" data-element_type=\"widget\" data-widget_type=\"wgl-toggle-accordion.default\">\n\t\t\t\t<div class=\"elementor-widget-container\">\n\t\t\t\t\t<div class=\"wgl-accordion icon-custom\" id=\"wgl-accordion-80e7911\" data-type=\"accordion\" data-trigger=\"\"><div class=\"wgl-accordion_panel elementor-repeater-item-9f79409\" id=\"wgl-accordion_panel-1351\"><div class=\"wgl-accordion_panel-inner\"><h4 class=\"wgl-accordion_header\"><span class=\"wgl-accordion_title\">Poursuites d'\u00e9tudes<\/span><span class=\"wgl-accordion_icon elementor-icon\"><svg aria-hidden=\"true\" class=\"e-font-icon-svg e-fas-arrow-right\" viewBox=\"0 0 448 512\" xmlns=\"http:\/\/www.w3.org\/2000\/svg\"><path d=\"M190.5 66.9l22.2-22.2c9.4-9.4 24.6-9.4 33.9 0L441 239c9.4 9.4 9.4 24.6 0 33.9L246.6 467.3c-9.4 9.4-24.6 9.4-33.9 0l-22.2-22.2c-9.5-9.5-9.3-25 .4-34.3L311.4 296H24c-13.3 0-24-10.7-24-24v-32c0-13.3 10.7-24 24-24h287.4L190.9 101.2c-9.8-9.3-10-24.8-.4-34.3z\"><\/path><\/svg><\/span><\/h4><div class=\"wgl-accordion_content\"><p><span>Vous pouvez toujours compl\u00e9ter ou acqu\u00e9rir de nouvelles comp\u00e9tences en vous inscrivant \u00e0 d'autres dipl\u00f4mes d'universit\u00e9, des formations qualifiantes ou des s\u00e9minaires.<\/span><\/p><\/div><\/div><\/div><div class=\"wgl-accordion_panel elementor-repeater-item-4d7212a\" id=\"wgl-accordion_panel-1352\"><div class=\"wgl-accordion_panel-inner\"><h4 class=\"wgl-accordion_header\"><span class=\"wgl-accordion_title\">D\u00e9bouch\u00e9s professionnels<\/span><span class=\"wgl-accordion_icon elementor-icon\"><svg aria-hidden=\"true\" class=\"e-font-icon-svg e-fas-arrow-right\" viewBox=\"0 0 448 512\" xmlns=\"http:\/\/www.w3.org\/2000\/svg\"><path d=\"M190.5 66.9l22.2-22.2c9.4-9.4 24.6-9.4 33.9 0L441 239c9.4 9.4 9.4 24.6 0 33.9L246.6 467.3c-9.4 9.4-24.6 9.4-33.9 0l-22.2-22.2c-9.5-9.5-9.3-25 .4-34.3L311.4 296H24c-13.3 0-24-10.7-24-24v-32c0-13.3 10.7-24 24-24h287.4L190.9 101.2c-9.8-9.3-10-24.8-.4-34.3z\"><\/path><\/svg><\/span><\/h4><div class=\"wgl-accordion_content\"><div id=\"tab-N10A2B\" class=\"ametys-tab\"><section class=\"ametys-tab-section g-py-55\"><div class=\"container\"><section class=\"g-mb-35\"><div id=\"limited-content-N10A59\" class=\"ametys-limited-content\" data-max-height=\"220\"><div class=\"ametys-richtext ametys-limited-content__body g-font-size-16 ametys-limited-content__body--destoryed\"><p>Le DIU constitue un des \u00e9l\u00e9ments pris en compte pour l'obtention de l'agr\u00e9ment minist\u00e9riel pour la pratique de la cytog\u00e9n\u00e9tique.<\/p><\/div><\/div><\/section><\/div><\/section><\/div><\/div><\/div><\/div><\/div>\t\t\t\t<\/div>\n\t\t\t\t<\/div>\n\t\t\t\t<div class=\"elementor-element elementor-element-c2209d5 elementor-widget elementor-widget-heading\" data-id=\"c2209d5\" data-element_type=\"widget\" data-widget_type=\"heading.default\">\n\t\t\t\t\t<h2 class=\"elementor-heading-title elementor-size-default\">Contacts<\/h2>\t\t\t\t<\/div>\n\t\t\t\t<div class=\"elementor-element elementor-element-155a786 elementor-widget elementor-widget-text-editor\" data-id=\"155a786\" data-element_type=\"widget\" data-widget_type=\"text-editor.default\">\n\t\t\t\t\t\t\t\t\t<p><strong>Val\u00e9rie Malan<\/strong><br \/>Responsable p\u00e9dagogique<\/p><p><strong>Anne-Claude Tabet<\/strong><br \/>Responsable p\u00e9dagogique<\/p><p><strong>Cohen-Solal<\/strong><br \/>Secr\u00e9tariat p\u00e9dagogique<\/p><p><strong>Isabela Augusto<\/strong><br \/>Gestionnaire de formation continue<\/p>\t\t\t\t\t\t\t\t<\/div>\n\t\t\t\t<\/div>\n\t\t<div class=\"elementor-element elementor-element-bb0f1b0 e-con-full e-flex e-con e-child\" data-id=\"bb0f1b0\" data-element_type=\"container\" data-settings=\"{&quot;background_background&quot;:&quot;classic&quot;}\">\n\t\t\t\t<div class=\"elementor-element elementor-element-223f3e7 elementor-widget elementor-widget-heading\" data-id=\"223f3e7\" data-element_type=\"widget\" data-widget_type=\"heading.default\">\n\t\t\t\t\t<h2 class=\"elementor-heading-title elementor-size-default\">R\u00e9sum\u00e9 de la formation\n<\/h2>\t\t\t\t<\/div>\n\t\t\t\t<div class=\"elementor-element elementor-element-01f6f31 elementor-widget elementor-widget-shortcode\" data-id=\"01f6f31\" data-element_type=\"widget\" data-widget_type=\"shortcode.default\">\n\t\t\t\t\t\t\t<div class=\"elementor-shortcode\">\n<table id=\"tablepress-1\" class=\"tablepress tablepress-id-1\">\n<tbody>\n<tr class=\"row-1\">\n\t<td class=\"column-1\">Capacit\u00e9 d'accueil<\/td><td class=\"column-2\">Minimum 7 \u2013 Maximum 30<\/td>\n<\/tr>\n<tr class=\"row-2\">\n\t<td class=\"column-1\">R\u00e9gime(s) d'\u00e9tude<\/td><td class=\"column-2\">Formation continue<\/td>\n<\/tr>\n<tr class=\"row-3\">\n\t<td class=\"column-1\">Possibilit\u00e9 de valider un ou plusieurs blocs de comp\u00e9tences<\/td><td class=\"column-2\">Non<\/td>\n<\/tr>\n<tr class=\"row-4\">\n\t<td class=\"column-1\">Date de d\u00e9but de candidature<\/td><td class=\"column-2\">20 sept. 2025<\/td>\n<\/tr>\n<tr class=\"row-5\">\n\t<td class=\"column-1\">Date de fin de candidature<\/td><td class=\"column-2\">5 janv. 2026<\/td>\n<\/tr>\n<tr class=\"row-6\">\n\t<td class=\"column-1\">Date de d\u00e9but de la formation<\/td><td class=\"column-2\">2 f\u00e9vr. 2026<\/td>\n<\/tr>\n<tr class=\"row-7\">\n\t<td class=\"column-1\">Pr\u00e9cision du rythme<\/td><td class=\"column-2\">4 jours par mois soit, 5 modules de formations \u00e0 temps plein, 4 \u00e0 distance synchrone et 1 en pr\u00e9sentiel \u00e0 Paris.<\/td>\n<\/tr>\n<tr class=\"row-8\">\n\t<td class=\"column-1\">Lieu(x) de formation<\/td><td class=\"column-2\">Site Necker<\/td>\n<\/tr>\n<tr class=\"row-9\">\n\t<td class=\"column-1\">Campus<\/td><td class=\"column-2\">Site Necker<\/td>\n<\/tr>\n<\/tbody>\n<\/table>\n<!-- #tablepress-1 from cache --><\/div>\n\t\t\t\t\t\t<\/div>\n\t\t\t\t<div class=\"elementor-element elementor-element-79ced9c elementor-widget elementor-widget-heading\" data-id=\"79ced9c\" data-element_type=\"widget\" data-widget_type=\"heading.default\">\n\t\t\t\t\t<h2 class=\"elementor-heading-title elementor-size-default\">Etablissement(s) partenaire(s)<\/h2>\t\t\t\t<\/div>\n\t\t\t\t<div class=\"elementor-element elementor-element-a92e897 elementor-widget elementor-widget-text-editor\" data-id=\"a92e897\" data-element_type=\"widget\" data-widget_type=\"text-editor.default\">\n\t\t\t\t\t\t\t\t\t<p><a href=\"https:\/\/www.uca.fr\/\" target=\"_blank\" rel=\"noopener\">Universit\u00e9 Clermont-Auvergne<\/a><\/p>\t\t\t\t\t\t\t\t<\/div>\n\t\t\t\t<div class=\"elementor-element elementor-element-9d2005e elementor-widget elementor-widget-heading\" data-id=\"9d2005e\" data-element_type=\"widget\" data-widget_type=\"heading.default\">\n\t\t\t\t\t<h2 class=\"elementor-heading-title elementor-size-default\">Laboratoire(s) partenaire(s)\n<\/h2>\t\t\t\t<\/div>\n\t\t\t\t<div class=\"elementor-element elementor-element-0c2ef51 elementor-widget elementor-widget-text-editor\" data-id=\"0c2ef51\" data-element_type=\"widget\" data-widget_type=\"text-editor.default\">\n\t\t\t\t\t\t\t\t\t<ul><li><a href=\"https:\/\/www.sorbonne-universite.fr\/\" target=\"_blank\" rel=\"noopener\">Sorbonne Universit\u00e9<\/a><\/li><li><a href=\"https:\/\/www.univ-lyon1.fr\/\" target=\"_blank\" rel=\"noopener\">Universit\u00e9 Lyon I<\/a><\/li><\/ul>\t\t\t\t\t\t\t\t<\/div>\n\t\t\t\t<\/div>\n\t\t\t\t\t<\/div>\n\t\t\t\t<\/div>\n\t\t\t\t<\/div>\n\t\t","protected":false},"excerpt":{"rendered":"<p>Dur\u00e9e : 135,5 heures Facult\u00e9 : Facult\u00e9 de Sant\u00e9 Pr\u00e9sentation R\u00e9f\u00e9rence formation (\u00e0 rappeler dans toute correspondance) : DIM581 Responsable(s) p\u00e9dagogique :\u00a0Prs Val\u00e9rie Malan et Anne-Claude Tabet Forme de l&#8217;enseignement :\u00a0hybride Universit\u00e9s partenaires\u00a0:\u00a0Sorbonne Universit\u00e9, Universit\u00e9 Clermont-Auvergne, Universit\u00e9 Lyon I Pour vous inscrire, d\u00e9posez votre candidature sur C@nditOnLine Objectifs La r\u00e9forme du 3e cycle des \u00e9tudes [&hellip;]<\/p>\n","protected":false},"author":1,"featured_media":0,"parent":0,"menu_order":0,"comment_status":"closed","ping_status":"closed","template":"","meta":{"pmpro_default_level":"","footnotes":""},"class_list":["post-3185","page","type-page","status-publish","hentry","pmpro-has-access"],"_links":{"self":[{"href":"https:\/\/entetedemo02.fr\/chec\/wp-json\/wp\/v2\/pages\/3185","targetHints":{"allow":["GET"]}}],"collection":[{"href":"https:\/\/entetedemo02.fr\/chec\/wp-json\/wp\/v2\/pages"}],"about":[{"href":"https:\/\/entetedemo02.fr\/chec\/wp-json\/wp\/v2\/types\/page"}],"author":[{"embeddable":true,"href":"https:\/\/entetedemo02.fr\/chec\/wp-json\/wp\/v2\/users\/1"}],"replies":[{"embeddable":true,"href":"https:\/\/entetedemo02.fr\/chec\/wp-json\/wp\/v2\/comments?post=3185"}],"version-history":[{"count":14,"href":"https:\/\/entetedemo02.fr\/chec\/wp-json\/wp\/v2\/pages\/3185\/revisions"}],"predecessor-version":[{"id":4650,"href":"https:\/\/entetedemo02.fr\/chec\/wp-json\/wp\/v2\/pages\/3185\/revisions\/4650"}],"wp:attachment":[{"href":"https:\/\/entetedemo02.fr\/chec\/wp-json\/wp\/v2\/media?parent=3185"}],"curies":[{"name":"wp","href":"https:\/\/api.w.org\/{rel}","templated":true}]}}